{"version":"1.0","provider_name":"Recrosses","provider_url":"https:\/\/recrosses.eu\/fr\/","author_name":"Chiara Bertolin","author_url":"https:\/\/recrosses.eu\/fr\/author\/chiara\/","title":"RECROSSES | \u00c9v\u00e9nement final du projet | L'energia in \u00e9nergie en mouvement - Recrosses","type":"rich","width":600,"height":338,"html":"<blockquote class=\"wp-embedded-content\" data-secret=\"uuWNCpHGXo\"><a href=\"https:\/\/recrosses.eu\/fr\/evenement-final-du-projet-recrosses-lenergie-en-mouvement\/\">\u00c9v\u00e9nement final du projet RECROSSES : L\u2019\u00e9nergie en mouvement<\/a><\/blockquote><iframe sandbox=\"allow-scripts\" security=\"restricted\" src=\"https:\/\/recrosses.eu\/fr\/evenement-final-du-projet-recrosses-lenergie-en-mouvement\/embed\/#?secret=uuWNCpHGXo\" width=\"600\" height=\"338\" title=\"\u00ab\u00a0\u00c9v\u00e9nement final du projet RECROSSES : L\u2019\u00e9nergie en mouvement\u00a0\u00bb &#8212; Recrosses\" data-secret=\"uuWNCpHGXo\" frameborder=\"0\" marginwidth=\"0\" marginheight=\"0\" scrolling=\"no\" class=\"wp-embedded-content\"><\/iframe><script>\n\/*! This file is auto-generated *\/\n!function(d,l){\"use strict\";l.querySelector&&d.addEventListener&&\"undefined\"!=typeof URL&&(d.wp=d.wp||{},d.wp.receiveEmbedMessage||(d.wp.receiveEmbedMessage=function(e){var t=e.data;if((t||t.secret||t.message||t.value)&&!\/[^a-zA-Z0-9]\/.test(t.secret)){for(var s,r,n,a=l.querySelectorAll('iframe[data-secret=\"'+t.secret+'\"]'),o=l.querySelectorAll('blockquote[data-secret=\"'+t.secret+'\"]'),c=new RegExp(\"^https?:$\",\"i\"),i=0;i<o.length;i++)o[i].style.display=\"none\";for(i=0;i<a.length;i++)s=a[i],e.source===s.contentWindow&&(s.removeAttribute(\"style\"),\"height\"===t.message?(1e3<(r=parseInt(t.value,10))?r=1e3:~~r<200&&(r=200),s.height=r):\"link\"===t.message&&(r=new URL(s.getAttribute(\"src\")),n=new URL(t.value),c.test(n.protocol))&&n.host===r.host&&l.activeElement===s&&(d.top.location.href=t.value))}},d.addEventListener(\"message\",d.wp.receiveEmbedMessage,!1),l.addEventListener(\"DOMContentLoaded\",function(){for(var e,t,s=l.querySelectorAll(\"iframe.wp-embedded-content\"),r=0;r<s.length;r++)(t=(e=s[r]).getAttribute(\"data-secret\"))||(t=Math.random().toString(36).substring(2,12),e.src+=\"#?secret=\"+t,e.setAttribute(\"data-secret\",t)),e.contentWindow.postMessage({message:\"ready\",secret:t},\"*\")},!1)))}(window,document);\n\/\/# sourceURL=https:\/\/recrosses.eu\/wp-includes\/js\/wp-embed.min.js\n<\/script>\n","thumbnail_url":"https:\/\/recrosses.eu\/wp-content\/uploads\/2026\/05\/Bandeau-evenement-860-x-280-px-copia.jpg","thumbnail_width":479,"thumbnail_height":479,"description":"Le lundi 15 juin 2026, de 11h00 \u00e0 17h00, se tiendra \u00e0 Le Bourget-du-Lac l\u2019\u00e9v\u00e9nement \u00ab\u202fL\u2019\u00e9nergie en mouvement\u202f\u00bb, organis\u00e9 dans le cadre du programme europ\u00e9en RECROSSES. L\u2019initiative r\u00e9unira des entreprises, des collectivit\u00e9s locales et des collectifs citoyens engag\u00e9s dans la transition \u00e9nerg\u00e9tique, avec un focus sp\u00e9cifique sur les Communaut\u00e9s \u00c9nerg\u00e9tiques Renouvelables, l\u2019autoconsommation collective et les formes innovantes de coop\u00e9ration territoriale.Un programme articul\u00e9 en deux tempsLa journ\u00e9e sera structur\u00e9e en deux parties principales :Matin\u00e9e : pr\u00e9sentation introductive suivie d\u2019une visite de terrain, afin d\u2019observer concr\u00e8tement des exemples et des applications de mod\u00e8les \u00e9nerg\u00e9tiques durables.Apr\u00e8s-midi : conf\u00e9rence consacr\u00e9e aux r\u00e9sultats du projet transfrontalier France\u2013Italie Alcotra RECROSSES, intitul\u00e9e \u00ab\u202fCommunaut\u00e9s transnationales de l\u2019\u00e9nergie renouvelable vers des services \u00e9nerg\u00e9tiques \u00e0 guichet unique\u202f\u00bb."}