{"version":"1.0","provider_name":"Recrosses","provider_url":"https:\/\/recrosses.eu\/fr\/","author_name":"Chiara Bertolin","author_url":"https:\/\/recrosses.eu\/fr\/author\/chiara\/","title":"EVENEMENT \"Rendez-vous d'automne des Centrales Villageoises\"- Recrosses","type":"rich","width":600,"height":338,"html":"<blockquote class=\"wp-embedded-content\" data-secret=\"6qulFIW64p\"><a href=\"https:\/\/recrosses.eu\/fr\/evenement-rendez-vous-dautomne-des-centrales-villageoises\/\">EVENEMENT \u00ab\u00a0Rendez-vous d&rsquo;automne des Centrales Villageoises\u00a0\u00bb<\/a><\/blockquote><iframe sandbox=\"allow-scripts\" security=\"restricted\" src=\"https:\/\/recrosses.eu\/fr\/evenement-rendez-vous-dautomne-des-centrales-villageoises\/embed\/#?secret=6qulFIW64p\" width=\"600\" height=\"338\" title=\"\u00ab\u00a0EVENEMENT \u00ab\u00a0Rendez-vous d&rsquo;automne des Centrales Villageoises\u00a0\u00bb\u00a0\u00bb &#8212; Recrosses\" data-secret=\"6qulFIW64p\" frameborder=\"0\" marginwidth=\"0\" marginheight=\"0\" scrolling=\"no\" class=\"wp-embedded-content\"><\/iframe><script>\n\/*! This file is auto-generated *\/\n!function(d,l){\"use strict\";l.querySelector&&d.addEventListener&&\"undefined\"!=typeof URL&&(d.wp=d.wp||{},d.wp.receiveEmbedMessage||(d.wp.receiveEmbedMessage=function(e){var t=e.data;if((t||t.secret||t.message||t.value)&&!\/[^a-zA-Z0-9]\/.test(t.secret)){for(var s,r,n,a=l.querySelectorAll('iframe[data-secret=\"'+t.secret+'\"]'),o=l.querySelectorAll('blockquote[data-secret=\"'+t.secret+'\"]'),c=new RegExp(\"^https?:$\",\"i\"),i=0;i<o.length;i++)o[i].style.display=\"none\";for(i=0;i<a.length;i++)s=a[i],e.source===s.contentWindow&&(s.removeAttribute(\"style\"),\"height\"===t.message?(1e3<(r=parseInt(t.value,10))?r=1e3:~~r<200&&(r=200),s.height=r):\"link\"===t.message&&(r=new URL(s.getAttribute(\"src\")),n=new URL(t.value),c.test(n.protocol))&&n.host===r.host&&l.activeElement===s&&(d.top.location.href=t.value))}},d.addEventListener(\"message\",d.wp.receiveEmbedMessage,!1),l.addEventListener(\"DOMContentLoaded\",function(){for(var e,t,s=l.querySelectorAll(\"iframe.wp-embedded-content\"),r=0;r<s.length;r++)(t=(e=s[r]).getAttribute(\"data-secret\"))||(t=Math.random().toString(36).substring(2,12),e.src+=\"#?secret=\"+t,e.setAttribute(\"data-secret\",t)),e.contentWindow.postMessage({message:\"ready\",secret:t},\"*\")},!1)))}(window,document);\n\/\/# sourceURL=https:\/\/recrosses.eu\/wp-includes\/js\/wp-embed.min.js\n<\/script>\n","thumbnail_url":"https:\/\/recrosses.eu\/wp-content\/uploads\/2025\/02\/Rendez-vous-automne-CER-ACV.png","thumbnail_width":1080,"thumbnail_height":1080,"description":"Dans le cadre du projet Alcotra RECROSSES, l\u2019Association des Centrales Villageoises a organis\u00e9 le 15 novembre 2024 le \u00abRendez-Vous d\u2019Automne des Centrales Villageoises\u00bb, un \u00e9v\u00e9nement en ligne consacr\u00e9 \u00e0 l'\u00e9change d'informations sur les th\u00e8mes les plus significatifs concernants les Centrales Villageoises.Plus d'une centaine de participants, membres des CER, des Centrales Villageoises et partenaires de l'Association ont travaill\u00e9 sur des sujets vari\u00e9s dans un moment important de dialogue, d'\u00e9change d'exp\u00e9riences et de contenus."}