{"id":1621,"date":"2025-12-15T11:53:43","date_gmt":"2025-12-15T10:53:43","guid":{"rendered":"https:\/\/recrosses.eu\/cer\/centrales-villageoises-region-du-condrieu\/"},"modified":"2026-01-15T14:59:45","modified_gmt":"2026-01-15T13:59:45","slug":"centrales-villageoises-region-du-condrieu","status":"publish","type":"cer","link":"https:\/\/recrosses.eu\/fr\/les-cer\/centrales-villageoises-region-du-condrieu\/","title":{"rendered":"Centrales Villageoises R\u00e9gion du Condrieu"},"content":{"rendered":"\n<p class=\"wp-block-paragraph\">La Centrales Villageoises R\u00e9gion du Condrieu (CVRC) est une soci\u00e9t\u00e9 fond\u00e9e, g\u00e9r\u00e9e et anim\u00e9e par des citoyens b\u00e9n\u00e9voles qui \u0153uvrent pour la transition \u00e9nerg\u00e9tique du territoire en collaboration avec les \u00e9lus et les partenaires locaux. Elle finance ses projets en mobilisant l\u2019\u00e9pargne citoyenne, avec pour objectif de d\u00e9velopper des installations collectives de production d\u2019\u00e9nergies renouvelables sur le territoire de la rive droite de Vienne Condrieu Agglom\u00e9ration et du Parc naturel r\u00e9gional du Pilat.<br\/>La CVRC soutient \u00e9galement des actions de \u00ab gestion de l\u2019\u00e9nergie \u00bb et de sobri\u00e9t\u00e9 \u00e9nerg\u00e9tique, visant \u00e0 am\u00e9liorer l\u2019efficacit\u00e9 \u00e9nerg\u00e9tique et \u00e0 r\u00e9duire les consommations. Enfin, elle favorise l\u2019installation de panneaux photovolta\u00efques chez les particuliers, en collaboration avec SolarCoop. <\/p>\n\n<p class=\"wp-block-paragraph\">La CVRC, premi\u00e8re \u00ab Centrale Villageoise \u00bb \u00e0 produire de l\u2019\u00e9lectricit\u00e9 photovolta\u00efque en France, a \u00e9t\u00e9 cr\u00e9\u00e9e en 2013 et a d\u00e9velopp\u00e9 ses 8 premiers installations photovolta\u00efques dans le village de Les Haies en 2014.<br\/>De nombreux projets sont en cours, avec de nouvelles installations sur les toits (notamment \u00e0 Tr\u00e8ves) et des projets d\u2019autoconsommation collective d\u2019\u00e9nergie dans le Pilat. <\/p>\n","protected":false},"featured_media":1904,"template":"","meta":{"_acf_changed":false},"regione-cer":[34],"class_list":["post-1621","cer","type-cer","status-publish","has-post-thumbnail","hentry","regione-cer-france"],"acf":[],"yoast_head":"<!-- This site is optimized with the Yoast SEO plugin v28.3 - https:\/\/yoast.com\/product\/yoast-seo-wordpress\/ -->\n<title>Centrales Villageoises R\u00e9gion du Condrieu - Recrosses<\/title>\n<meta name=\"robots\" content=\"index, follow, max-snippet:-1, max-image-preview:large, max-video-preview:-1\" \/>\n<link rel=\"canonical\" href=\"https:\/\/recrosses.eu\/fr\/les-cer\/centrales-villageoises-region-du-condrieu\/\" \/>\n<meta property=\"og:locale\" content=\"fr_FR\" \/>\n<meta property=\"og:type\" content=\"article\" \/>\n<meta property=\"og:title\" content=\"Centrales Villageoises R\u00e9gion du Condrieu - Recrosses\" \/>\n<meta property=\"og:description\" content=\"La Centrales Villageoises R\u00e9gion du Condrieu (CVRC) est une soci\u00e9t\u00e9 fond\u00e9e, g\u00e9r\u00e9e et anim\u00e9e par des citoyens b\u00e9n\u00e9voles qui \u0153uvrent pour la transition \u00e9nerg\u00e9tique du territoire en collaboration avec les \u00e9lus et les partenaires locaux. Elle finance ses projets en mobilisant l\u2019\u00e9pargne citoyenne, avec pour objectif de d\u00e9velopper des installations collectives de production d\u2019\u00e9nergies renouvelables [&hellip;]\" \/>\n<meta property=\"og:url\" content=\"https:\/\/recrosses.eu\/fr\/les-cer\/centrales-villageoises-region-du-condrieu\/\" \/>\n<meta property=\"og:site_name\" content=\"Recrosses\" \/>\n<meta property=\"article:modified_time\" content=\"2026-01-15T13:59:45+00:00\" \/>\n<meta property=\"og:image\" content=\"https:\/\/recrosses.eu\/wp-content\/uploads\/2025\/12\/condrieu.jpg\" \/>\n\t<meta property=\"og:image:width\" content=\"300\" \/>\n\t<meta property=\"og:image:height\" content=\"150\" \/>\n\t<meta property=\"og:image:type\" content=\"image\/jpeg\" \/>\n<meta name=\"twitter:card\" content=\"summary_large_image\" \/>\n<meta name=\"twitter:label1\" content=\"Dur\u00e9e de lecture estim\u00e9e\" \/>\n\t<meta name=\"twitter:data1\" content=\"1 minute\" \/>\n<script type=\"application\/ld+json\" class=\"yoast-schema-graph\">{\"@context\":\"https:\\\/\\\/schema.org\",\"@graph\":[{\"@type\":\"WebPage\",\"@id\":\"https:\\\/\\\/recrosses.eu\\\/fr\\\/les-cer\\\/centrales-villageoises-region-du-condrieu\\\/\",\"url\":\"https:\\\/\\\/recrosses.eu\\\/fr\\\/les-cer\\\/centrales-villageoises-region-du-condrieu\\\/\",\"name\":\"Centrales Villageoises R\u00e9gion du Condrieu - Recrosses\",\"isPartOf\":{\"@id\":\"https:\\\/\\\/recrosses.eu\\\/fr\\\/#website\"},\"primaryImageOfPage\":{\"@id\":\"https:\\\/\\\/recrosses.eu\\\/fr\\\/les-cer\\\/centrales-villageoises-region-du-condrieu\\\/#primaryimage\"},\"image\":{\"@id\":\"https:\\\/\\\/recrosses.eu\\\/fr\\\/les-cer\\\/centrales-villageoises-region-du-condrieu\\\/#primaryimage\"},\"thumbnailUrl\":\"https:\\\/\\\/recrosses.eu\\\/wp-content\\\/uploads\\\/2026\\\/01\\\/Region-du-Condrieu.jpeg\",\"datePublished\":\"2025-12-15T10:53:43+00:00\",\"dateModified\":\"2026-01-15T13:59:45+00:00\",\"breadcrumb\":{\"@id\":\"https:\\\/\\\/recrosses.eu\\\/fr\\\/les-cer\\\/centrales-villageoises-region-du-condrieu\\\/#breadcrumb\"},\"inLanguage\":\"fr-FR\",\"potentialAction\":[{\"@type\":\"ReadAction\",\"target\":[\"https:\\\/\\\/recrosses.eu\\\/fr\\\/les-cer\\\/centrales-villageoises-region-du-condrieu\\\/\"]}]},{\"@type\":\"ImageObject\",\"inLanguage\":\"fr-FR\",\"@id\":\"https:\\\/\\\/recrosses.eu\\\/fr\\\/les-cer\\\/centrales-villageoises-region-du-condrieu\\\/#primaryimage\",\"url\":\"https:\\\/\\\/recrosses.eu\\\/wp-content\\\/uploads\\\/2026\\\/01\\\/Region-du-Condrieu.jpeg\",\"contentUrl\":\"https:\\\/\\\/recrosses.eu\\\/wp-content\\\/uploads\\\/2026\\\/01\\\/Region-du-Condrieu.jpeg\",\"width\":258,\"height\":206},{\"@type\":\"BreadcrumbList\",\"@id\":\"https:\\\/\\\/recrosses.eu\\\/fr\\\/les-cer\\\/centrales-villageoises-region-du-condrieu\\\/#breadcrumb\",\"itemListElement\":[{\"@type\":\"ListItem\",\"position\":1,\"name\":\"Home\",\"item\":\"https:\\\/\\\/recrosses.eu\\\/fr\\\/home\\\/\"},{\"@type\":\"ListItem\",\"position\":2,\"name\":\"Centrales Villageoises R\u00e9gion du Condrieu\"}]},{\"@type\":\"WebSite\",\"@id\":\"https:\\\/\\\/recrosses.eu\\\/fr\\\/#website\",\"url\":\"https:\\\/\\\/recrosses.eu\\\/fr\\\/\",\"name\":\"Recrosses\",\"description\":\"L&#039;energia che unisce - L&#039;\u00e9nergie qui unit\",\"potentialAction\":[{\"@type\":\"SearchAction\",\"target\":{\"@type\":\"EntryPoint\",\"urlTemplate\":\"https:\\\/\\\/recrosses.eu\\\/fr\\\/?s={search_term_string}\"},\"query-input\":{\"@type\":\"PropertyValueSpecification\",\"valueRequired\":true,\"valueName\":\"search_term_string\"}}],\"inLanguage\":\"fr-FR\"}]}<\/script>\n<!-- \/ Yoast SEO plugin. -->","yoast_head_json":{"title":"Centrales Villageoises R\u00e9gion du Condrieu - Recrosses","robots":{"index":"index","follow":"follow","max-snippet":"max-snippet:-1","max-image-preview":"max-image-preview:large","max-video-preview":"max-video-preview:-1"},"canonical":"https:\/\/recrosses.eu\/fr\/les-cer\/centrales-villageoises-region-du-condrieu\/","og_locale":"fr_FR","og_type":"article","og_title":"Centrales Villageoises R\u00e9gion du Condrieu - Recrosses","og_description":"La Centrales Villageoises R\u00e9gion du Condrieu (CVRC) est une soci\u00e9t\u00e9 fond\u00e9e, g\u00e9r\u00e9e et anim\u00e9e par des citoyens b\u00e9n\u00e9voles qui \u0153uvrent pour la transition \u00e9nerg\u00e9tique du territoire en collaboration avec les \u00e9lus et les partenaires locaux. Elle finance ses projets en mobilisant l\u2019\u00e9pargne citoyenne, avec pour objectif de d\u00e9velopper des installations collectives de production d\u2019\u00e9nergies renouvelables [&hellip;]","og_url":"https:\/\/recrosses.eu\/fr\/les-cer\/centrales-villageoises-region-du-condrieu\/","og_site_name":"Recrosses","article_modified_time":"2026-01-15T13:59:45+00:00","og_image":[{"width":300,"height":150,"url":"https:\/\/recrosses.eu\/wp-content\/uploads\/2025\/12\/condrieu.jpg","type":"image\/jpeg"}],"twitter_card":"summary_large_image","twitter_misc":{"Dur\u00e9e de lecture estim\u00e9e":"1 minute"},"schema":{"@context":"https:\/\/schema.org","@graph":[{"@type":"WebPage","@id":"https:\/\/recrosses.eu\/fr\/les-cer\/centrales-villageoises-region-du-condrieu\/","url":"https:\/\/recrosses.eu\/fr\/les-cer\/centrales-villageoises-region-du-condrieu\/","name":"Centrales Villageoises R\u00e9gion du Condrieu - Recrosses","isPartOf":{"@id":"https:\/\/recrosses.eu\/fr\/#website"},"primaryImageOfPage":{"@id":"https:\/\/recrosses.eu\/fr\/les-cer\/centrales-villageoises-region-du-condrieu\/#primaryimage"},"image":{"@id":"https:\/\/recrosses.eu\/fr\/les-cer\/centrales-villageoises-region-du-condrieu\/#primaryimage"},"thumbnailUrl":"https:\/\/recrosses.eu\/wp-content\/uploads\/2026\/01\/Region-du-Condrieu.jpeg","datePublished":"2025-12-15T10:53:43+00:00","dateModified":"2026-01-15T13:59:45+00:00","breadcrumb":{"@id":"https:\/\/recrosses.eu\/fr\/les-cer\/centrales-villageoises-region-du-condrieu\/#breadcrumb"},"inLanguage":"fr-FR","potentialAction":[{"@type":"ReadAction","target":["https:\/\/recrosses.eu\/fr\/les-cer\/centrales-villageoises-region-du-condrieu\/"]}]},{"@type":"ImageObject","inLanguage":"fr-FR","@id":"https:\/\/recrosses.eu\/fr\/les-cer\/centrales-villageoises-region-du-condrieu\/#primaryimage","url":"https:\/\/recrosses.eu\/wp-content\/uploads\/2026\/01\/Region-du-Condrieu.jpeg","contentUrl":"https:\/\/recrosses.eu\/wp-content\/uploads\/2026\/01\/Region-du-Condrieu.jpeg","width":258,"height":206},{"@type":"BreadcrumbList","@id":"https:\/\/recrosses.eu\/fr\/les-cer\/centrales-villageoises-region-du-condrieu\/#breadcrumb","itemListElement":[{"@type":"ListItem","position":1,"name":"Home","item":"https:\/\/recrosses.eu\/fr\/home\/"},{"@type":"ListItem","position":2,"name":"Centrales Villageoises R\u00e9gion du Condrieu"}]},{"@type":"WebSite","@id":"https:\/\/recrosses.eu\/fr\/#website","url":"https:\/\/recrosses.eu\/fr\/","name":"Recrosses","description":"L&#039;energia che unisce - L&#039;\u00e9nergie qui unit","potentialAction":[{"@type":"SearchAction","target":{"@type":"EntryPoint","urlTemplate":"https:\/\/recrosses.eu\/fr\/?s={search_term_string}"},"query-input":{"@type":"PropertyValueSpecification","valueRequired":true,"valueName":"search_term_string"}}],"inLanguage":"fr-FR"}]}},"_links":{"self":[{"href":"https:\/\/recrosses.eu\/fr\/wp-json\/wp\/v2\/cer\/1621","targetHints":{"allow":["GET"]}}],"collection":[{"href":"https:\/\/recrosses.eu\/fr\/wp-json\/wp\/v2\/cer"}],"about":[{"href":"https:\/\/recrosses.eu\/fr\/wp-json\/wp\/v2\/types\/cer"}],"wp:featuredmedia":[{"embeddable":true,"href":"https:\/\/recrosses.eu\/fr\/wp-json\/wp\/v2\/media\/1904"}],"wp:attachment":[{"href":"https:\/\/recrosses.eu\/fr\/wp-json\/wp\/v2\/media?parent=1621"}],"wp:term":[{"taxonomy":"regione-cer","embeddable":true,"href":"https:\/\/recrosses.eu\/fr\/wp-json\/wp\/v2\/regione-cer?post=1621"}],"curies":[{"name":"wp","href":"https:\/\/api.w.org\/{rel}","templated":true}]}}