{"id":1622,"date":"2025-12-15T11:54:04","date_gmt":"2025-12-15T10:54:04","guid":{"rendered":"https:\/\/recrosses.eu\/cer\/cer-energ-ethique\/"},"modified":"2025-12-15T14:11:40","modified_gmt":"2025-12-15T13:11:40","slug":"cer-energ-ethique","status":"publish","type":"cer","link":"https:\/\/recrosses.eu\/fr\/les-cer\/cer-energ-ethique\/","title":{"rendered":"CER \u00c9nerg-ethique"},"content":{"rendered":"\n<p class=\"wp-block-paragraph\">CER energ-\u00e9thique est n\u00e9e en Vall\u00e9e d\u2019Aoste de la collaboration entre concepteurs et installateurs d\u2019installations photovolta\u00efques, avec l\u2019objectif de d\u00e9velopper une communaut\u00e9 \u00e9nerg\u00e9tique unique \u00e0 l\u2019\u00e9chelle r\u00e9gionale. Gr\u00e2ce \u00e0 un mod\u00e8le innovant multi-postes, qui regroupe l\u2019ensemble des 17 postes sources du territoire vald\u00f4tain, il est possible de garantir les m\u00eames avantages \u00e9conomiques qu\u2019une communaut\u00e9 \u00e9nerg\u00e9tique locale, tout en r\u00e9duisant consid\u00e9rablement les d\u00e9lais de r\u00e9alisation et les co\u00fbts. <\/p>\n","protected":false},"featured_media":1916,"template":"","meta":{"_acf_changed":false},"regione-cer":[33],"class_list":["post-1622","cer","type-cer","status-publish","has-post-thumbnail","hentry","regione-cer-italie"],"acf":[],"yoast_head":"<!-- This site is optimized with the Yoast SEO plugin v28.3 - https:\/\/yoast.com\/product\/yoast-seo-wordpress\/ -->\n<title>CER \u00c9nerg-ethique - Recrosses<\/title>\n<meta name=\"robots\" content=\"index, follow, max-snippet:-1, max-image-preview:large, max-video-preview:-1\" \/>\n<link rel=\"canonical\" href=\"https:\/\/recrosses.eu\/fr\/les-cer\/cer-energ-ethique\/\" \/>\n<meta property=\"og:locale\" content=\"fr_FR\" \/>\n<meta property=\"og:type\" content=\"article\" \/>\n<meta property=\"og:title\" content=\"CER \u00c9nerg-ethique - Recrosses\" \/>\n<meta property=\"og:description\" content=\"CER energ-\u00e9thique est n\u00e9e en Vall\u00e9e d\u2019Aoste de la collaboration entre concepteurs et installateurs d\u2019installations photovolta\u00efques, avec l\u2019objectif de d\u00e9velopper une communaut\u00e9 \u00e9nerg\u00e9tique unique \u00e0 l\u2019\u00e9chelle r\u00e9gionale. Gr\u00e2ce \u00e0 un mod\u00e8le innovant multi-postes, qui regroupe l\u2019ensemble des 17 postes sources du territoire vald\u00f4tain, il est possible de garantir les m\u00eames avantages \u00e9conomiques qu\u2019une communaut\u00e9 \u00e9nerg\u00e9tique [&hellip;]\" \/>\n<meta property=\"og:url\" content=\"https:\/\/recrosses.eu\/fr\/les-cer\/cer-energ-ethique\/\" \/>\n<meta property=\"og:site_name\" content=\"Recrosses\" \/>\n<meta property=\"article:modified_time\" content=\"2025-12-15T13:11:40+00:00\" \/>\n<meta property=\"og:image\" content=\"https:\/\/recrosses.eu\/wp-content\/uploads\/2025\/12\/energetique.jpg\" \/>\n\t<meta property=\"og:image:width\" content=\"300\" \/>\n\t<meta property=\"og:image:height\" content=\"150\" \/>\n\t<meta property=\"og:image:type\" content=\"image\/jpeg\" \/>\n<meta name=\"twitter:card\" content=\"summary_large_image\" \/>\n<script type=\"application\/ld+json\" class=\"yoast-schema-graph\">{\"@context\":\"https:\\\/\\\/schema.org\",\"@graph\":[{\"@type\":\"WebPage\",\"@id\":\"https:\\\/\\\/recrosses.eu\\\/fr\\\/les-cer\\\/cer-energ-ethique\\\/\",\"url\":\"https:\\\/\\\/recrosses.eu\\\/fr\\\/les-cer\\\/cer-energ-ethique\\\/\",\"name\":\"CER \u00c9nerg-ethique - Recrosses\",\"isPartOf\":{\"@id\":\"https:\\\/\\\/recrosses.eu\\\/fr\\\/#website\"},\"primaryImageOfPage\":{\"@id\":\"https:\\\/\\\/recrosses.eu\\\/fr\\\/les-cer\\\/cer-energ-ethique\\\/#primaryimage\"},\"image\":{\"@id\":\"https:\\\/\\\/recrosses.eu\\\/fr\\\/les-cer\\\/cer-energ-ethique\\\/#primaryimage\"},\"thumbnailUrl\":\"https:\\\/\\\/recrosses.eu\\\/wp-content\\\/uploads\\\/2025\\\/12\\\/Energ-ethique.jpg\",\"datePublished\":\"2025-12-15T10:54:04+00:00\",\"dateModified\":\"2025-12-15T13:11:40+00:00\",\"breadcrumb\":{\"@id\":\"https:\\\/\\\/recrosses.eu\\\/fr\\\/les-cer\\\/cer-energ-ethique\\\/#breadcrumb\"},\"inLanguage\":\"fr-FR\",\"potentialAction\":[{\"@type\":\"ReadAction\",\"target\":[\"https:\\\/\\\/recrosses.eu\\\/fr\\\/les-cer\\\/cer-energ-ethique\\\/\"]}]},{\"@type\":\"ImageObject\",\"inLanguage\":\"fr-FR\",\"@id\":\"https:\\\/\\\/recrosses.eu\\\/fr\\\/les-cer\\\/cer-energ-ethique\\\/#primaryimage\",\"url\":\"https:\\\/\\\/recrosses.eu\\\/wp-content\\\/uploads\\\/2025\\\/12\\\/Energ-ethique.jpg\",\"contentUrl\":\"https:\\\/\\\/recrosses.eu\\\/wp-content\\\/uploads\\\/2025\\\/12\\\/Energ-ethique.jpg\",\"width\":524,\"height\":418},{\"@type\":\"BreadcrumbList\",\"@id\":\"https:\\\/\\\/recrosses.eu\\\/fr\\\/les-cer\\\/cer-energ-ethique\\\/#breadcrumb\",\"itemListElement\":[{\"@type\":\"ListItem\",\"position\":1,\"name\":\"Home\",\"item\":\"https:\\\/\\\/recrosses.eu\\\/fr\\\/home\\\/\"},{\"@type\":\"ListItem\",\"position\":2,\"name\":\"CER \u00c9nerg-ethique\"}]},{\"@type\":\"WebSite\",\"@id\":\"https:\\\/\\\/recrosses.eu\\\/fr\\\/#website\",\"url\":\"https:\\\/\\\/recrosses.eu\\\/fr\\\/\",\"name\":\"Recrosses\",\"description\":\"L&#039;energia che unisce - L&#039;\u00e9nergie qui unit\",\"potentialAction\":[{\"@type\":\"SearchAction\",\"target\":{\"@type\":\"EntryPoint\",\"urlTemplate\":\"https:\\\/\\\/recrosses.eu\\\/fr\\\/?s={search_term_string}\"},\"query-input\":{\"@type\":\"PropertyValueSpecification\",\"valueRequired\":true,\"valueName\":\"search_term_string\"}}],\"inLanguage\":\"fr-FR\"}]}<\/script>\n<!-- \/ Yoast SEO plugin. -->","yoast_head_json":{"title":"CER \u00c9nerg-ethique - Recrosses","robots":{"index":"index","follow":"follow","max-snippet":"max-snippet:-1","max-image-preview":"max-image-preview:large","max-video-preview":"max-video-preview:-1"},"canonical":"https:\/\/recrosses.eu\/fr\/les-cer\/cer-energ-ethique\/","og_locale":"fr_FR","og_type":"article","og_title":"CER \u00c9nerg-ethique - Recrosses","og_description":"CER energ-\u00e9thique est n\u00e9e en Vall\u00e9e d\u2019Aoste de la collaboration entre concepteurs et installateurs d\u2019installations photovolta\u00efques, avec l\u2019objectif de d\u00e9velopper une communaut\u00e9 \u00e9nerg\u00e9tique unique \u00e0 l\u2019\u00e9chelle r\u00e9gionale. Gr\u00e2ce \u00e0 un mod\u00e8le innovant multi-postes, qui regroupe l\u2019ensemble des 17 postes sources du territoire vald\u00f4tain, il est possible de garantir les m\u00eames avantages \u00e9conomiques qu\u2019une communaut\u00e9 \u00e9nerg\u00e9tique [&hellip;]","og_url":"https:\/\/recrosses.eu\/fr\/les-cer\/cer-energ-ethique\/","og_site_name":"Recrosses","article_modified_time":"2025-12-15T13:11:40+00:00","og_image":[{"width":300,"height":150,"url":"https:\/\/recrosses.eu\/wp-content\/uploads\/2025\/12\/energetique.jpg","type":"image\/jpeg"}],"twitter_card":"summary_large_image","schema":{"@context":"https:\/\/schema.org","@graph":[{"@type":"WebPage","@id":"https:\/\/recrosses.eu\/fr\/les-cer\/cer-energ-ethique\/","url":"https:\/\/recrosses.eu\/fr\/les-cer\/cer-energ-ethique\/","name":"CER \u00c9nerg-ethique - Recrosses","isPartOf":{"@id":"https:\/\/recrosses.eu\/fr\/#website"},"primaryImageOfPage":{"@id":"https:\/\/recrosses.eu\/fr\/les-cer\/cer-energ-ethique\/#primaryimage"},"image":{"@id":"https:\/\/recrosses.eu\/fr\/les-cer\/cer-energ-ethique\/#primaryimage"},"thumbnailUrl":"https:\/\/recrosses.eu\/wp-content\/uploads\/2025\/12\/Energ-ethique.jpg","datePublished":"2025-12-15T10:54:04+00:00","dateModified":"2025-12-15T13:11:40+00:00","breadcrumb":{"@id":"https:\/\/recrosses.eu\/fr\/les-cer\/cer-energ-ethique\/#breadcrumb"},"inLanguage":"fr-FR","potentialAction":[{"@type":"ReadAction","target":["https:\/\/recrosses.eu\/fr\/les-cer\/cer-energ-ethique\/"]}]},{"@type":"ImageObject","inLanguage":"fr-FR","@id":"https:\/\/recrosses.eu\/fr\/les-cer\/cer-energ-ethique\/#primaryimage","url":"https:\/\/recrosses.eu\/wp-content\/uploads\/2025\/12\/Energ-ethique.jpg","contentUrl":"https:\/\/recrosses.eu\/wp-content\/uploads\/2025\/12\/Energ-ethique.jpg","width":524,"height":418},{"@type":"BreadcrumbList","@id":"https:\/\/recrosses.eu\/fr\/les-cer\/cer-energ-ethique\/#breadcrumb","itemListElement":[{"@type":"ListItem","position":1,"name":"Home","item":"https:\/\/recrosses.eu\/fr\/home\/"},{"@type":"ListItem","position":2,"name":"CER \u00c9nerg-ethique"}]},{"@type":"WebSite","@id":"https:\/\/recrosses.eu\/fr\/#website","url":"https:\/\/recrosses.eu\/fr\/","name":"Recrosses","description":"L&#039;energia che unisce - L&#039;\u00e9nergie qui unit","potentialAction":[{"@type":"SearchAction","target":{"@type":"EntryPoint","urlTemplate":"https:\/\/recrosses.eu\/fr\/?s={search_term_string}"},"query-input":{"@type":"PropertyValueSpecification","valueRequired":true,"valueName":"search_term_string"}}],"inLanguage":"fr-FR"}]}},"_links":{"self":[{"href":"https:\/\/recrosses.eu\/fr\/wp-json\/wp\/v2\/cer\/1622","targetHints":{"allow":["GET"]}}],"collection":[{"href":"https:\/\/recrosses.eu\/fr\/wp-json\/wp\/v2\/cer"}],"about":[{"href":"https:\/\/recrosses.eu\/fr\/wp-json\/wp\/v2\/types\/cer"}],"wp:featuredmedia":[{"embeddable":true,"href":"https:\/\/recrosses.eu\/fr\/wp-json\/wp\/v2\/media\/1916"}],"wp:attachment":[{"href":"https:\/\/recrosses.eu\/fr\/wp-json\/wp\/v2\/media?parent=1622"}],"wp:term":[{"taxonomy":"regione-cer","embeddable":true,"href":"https:\/\/recrosses.eu\/fr\/wp-json\/wp\/v2\/regione-cer?post=1622"}],"curies":[{"name":"wp","href":"https:\/\/api.w.org\/{rel}","templated":true}]}}