{"id":1771,"date":"2026-01-15T09:20:07","date_gmt":"2026-01-15T08:20:07","guid":{"rendered":"https:\/\/recrosses.eu\/cer\/la-solaire-des-vallees\/"},"modified":"2026-01-21T16:06:47","modified_gmt":"2026-01-21T15:06:47","slug":"la-solaire-des-vallees","status":"publish","type":"cer","link":"https:\/\/recrosses.eu\/fr\/les-cer\/la-solaire-des-vallees\/","title":{"rendered":"La Solaire des Vall\u00e9es"},"content":{"rendered":"\n<p class=\"wp-block-paragraph\">La Solaire des Vall\u00e9es est une <strong>soci\u00e9t\u00e9 coop\u00e9rative active sur le territoire d\u2019Arlys\u00e8re, en Savoie,<\/strong> cr\u00e9\u00e9e dans le but de d\u00e9velopper des <strong>projets photovolta\u00efques sur des toitures publiques et priv\u00e9es<\/strong>. La coop\u00e9rative promeut la <strong>transition \u00e9nerg\u00e9tique locale<\/strong> \u00e0 travers le d\u00e9veloppement des \u00e9nergies renouvelables et, en particulier, la production d\u2019\u00e9nergie solaire, en misant sur la r\u00e9alisation de <strong>centrales photovolta\u00efques participatives et citoyennes<\/strong>, soutenues par les habitants et les acteurs du territoire. <\/p>\n\n<p class=\"wp-block-paragraph\">Cr\u00e9\u00e9e en <strong>2025<\/strong>, La Solaire des Vall\u00e9es ne dispose pas encore d\u2019installations en service, mais \u00e9tudie actuellement <strong>deux projets photovolta\u00efques<\/strong>, d\u2019une puissance de <strong>100 kWc<\/strong> chacun, \u00e0 implanter sur deux toitures distinctes.<\/p>\n\n<p class=\"wp-block-paragraph\"><\/p>\n","protected":false},"featured_media":1956,"template":"","meta":{"_acf_changed":false},"regione-cer":[34],"class_list":["post-1771","cer","type-cer","status-publish","has-post-thumbnail","hentry","regione-cer-france"],"acf":[],"yoast_head":"<!-- This site is optimized with the Yoast SEO plugin v28.3 - https:\/\/yoast.com\/product\/yoast-seo-wordpress\/ -->\n<title>La Solaire des Vall\u00e9es - Recrosses<\/title>\n<meta name=\"description\" content=\"La Solaire des Vall\u00e9es est une soci\u00e9t\u00e9 coop\u00e9rative active sur le territoire d\u2019Arlys\u00e8re, en Savoie, cr\u00e9\u00e9e dans le but de d\u00e9velopper des projets photovolta\u00efques sur des toitures publiques et priv\u00e9es. La coop\u00e9rative promeut la transition \u00e9nerg\u00e9tique locale \u00e0 travers le d\u00e9veloppement des \u00e9nergies renouvelables et, en particulier, la production d\u2019\u00e9nergie solaire, en misant sur la r\u00e9alisation de centrales photovolta\u00efques participatives et citoyennes, soutenues par les habitants et les acteurs du territoire.Cr\u00e9\u00e9e en 2025, La Solaire des Vall\u00e9es ne dispose pas encore d\u2019installations en service, mais \u00e9tudie actuellement deux projets photovolta\u00efques, d\u2019une puissance de 100 kWc chacun, \u00e0 implanter sur deux toitures distinctes.\" \/>\n<meta name=\"robots\" content=\"index, follow, max-snippet:-1, max-image-preview:large, max-video-preview:-1\" \/>\n<link rel=\"canonical\" href=\"https:\/\/recrosses.eu\/fr\/les-cer\/la-solaire-des-vallees\/\" \/>\n<meta property=\"og:locale\" content=\"fr_FR\" \/>\n<meta property=\"og:type\" content=\"article\" \/>\n<meta property=\"og:title\" content=\"La Solaire des Vall\u00e9es - Recrosses\" \/>\n<meta property=\"og:description\" content=\"La Solaire des Vall\u00e9es est une soci\u00e9t\u00e9 coop\u00e9rative active sur le territoire d\u2019Arlys\u00e8re, en Savoie, cr\u00e9\u00e9e dans le but de d\u00e9velopper des projets photovolta\u00efques sur des toitures publiques et priv\u00e9es. La coop\u00e9rative promeut la transition \u00e9nerg\u00e9tique locale \u00e0 travers le d\u00e9veloppement des \u00e9nergies renouvelables et, en particulier, la production d\u2019\u00e9nergie solaire, en misant sur la r\u00e9alisation de centrales photovolta\u00efques participatives et citoyennes, soutenues par les habitants et les acteurs du territoire.Cr\u00e9\u00e9e en 2025, La Solaire des Vall\u00e9es ne dispose pas encore d\u2019installations en service, mais \u00e9tudie actuellement deux projets photovolta\u00efques, d\u2019une puissance de 100 kWc chacun, \u00e0 implanter sur deux toitures distinctes.\" \/>\n<meta property=\"og:url\" content=\"https:\/\/recrosses.eu\/fr\/les-cer\/la-solaire-des-vallees\/\" \/>\n<meta property=\"og:site_name\" content=\"Recrosses\" \/>\n<meta property=\"article:modified_time\" content=\"2026-01-21T15:06:47+00:00\" \/>\n<meta property=\"og:image\" content=\"https:\/\/recrosses.eu\/wp-content\/uploads\/2026\/01\/La-solaire-des-vallees.jpg\" \/>\n\t<meta property=\"og:image:width\" content=\"1500\" \/>\n\t<meta property=\"og:image:height\" content=\"1200\" \/>\n\t<meta property=\"og:image:type\" content=\"image\/jpeg\" \/>\n<meta name=\"twitter:card\" content=\"summary_large_image\" \/>\n<meta name=\"twitter:label1\" content=\"Dur\u00e9e de lecture estim\u00e9e\" \/>\n\t<meta name=\"twitter:data1\" content=\"1 minute\" \/>\n<script type=\"application\/ld+json\" class=\"yoast-schema-graph\">{\"@context\":\"https:\\\/\\\/schema.org\",\"@graph\":[{\"@type\":\"WebPage\",\"@id\":\"https:\\\/\\\/recrosses.eu\\\/fr\\\/les-cer\\\/la-solaire-des-vallees\\\/\",\"url\":\"https:\\\/\\\/recrosses.eu\\\/fr\\\/les-cer\\\/la-solaire-des-vallees\\\/\",\"name\":\"La Solaire des Vall\u00e9es - Recrosses\",\"isPartOf\":{\"@id\":\"https:\\\/\\\/recrosses.eu\\\/fr\\\/#website\"},\"primaryImageOfPage\":{\"@id\":\"https:\\\/\\\/recrosses.eu\\\/fr\\\/les-cer\\\/la-solaire-des-vallees\\\/#primaryimage\"},\"image\":{\"@id\":\"https:\\\/\\\/recrosses.eu\\\/fr\\\/les-cer\\\/la-solaire-des-vallees\\\/#primaryimage\"},\"thumbnailUrl\":\"https:\\\/\\\/recrosses.eu\\\/wp-content\\\/uploads\\\/2026\\\/01\\\/La-solaire-des-vallees.jpg\",\"datePublished\":\"2026-01-15T08:20:07+00:00\",\"dateModified\":\"2026-01-21T15:06:47+00:00\",\"description\":\"La Solaire des Vall\u00e9es est une soci\u00e9t\u00e9 coop\u00e9rative active sur le territoire d\u2019Arlys\u00e8re, en Savoie, cr\u00e9\u00e9e dans le but de d\u00e9velopper des projets photovolta\u00efques sur des toitures publiques et priv\u00e9es. La coop\u00e9rative promeut la transition \u00e9nerg\u00e9tique locale \u00e0 travers le d\u00e9veloppement des \u00e9nergies renouvelables et, en particulier, la production d\u2019\u00e9nergie solaire, en misant sur la r\u00e9alisation de centrales photovolta\u00efques participatives et citoyennes, soutenues par les habitants et les acteurs du territoire.Cr\u00e9\u00e9e en 2025, La Solaire des Vall\u00e9es ne dispose pas encore d\u2019installations en service, mais \u00e9tudie actuellement deux projets photovolta\u00efques, d\u2019une puissance de 100 kWc chacun, \u00e0 implanter sur deux toitures distinctes.\",\"breadcrumb\":{\"@id\":\"https:\\\/\\\/recrosses.eu\\\/fr\\\/les-cer\\\/la-solaire-des-vallees\\\/#breadcrumb\"},\"inLanguage\":\"fr-FR\",\"potentialAction\":[{\"@type\":\"ReadAction\",\"target\":[\"https:\\\/\\\/recrosses.eu\\\/fr\\\/les-cer\\\/la-solaire-des-vallees\\\/\"]}]},{\"@type\":\"ImageObject\",\"inLanguage\":\"fr-FR\",\"@id\":\"https:\\\/\\\/recrosses.eu\\\/fr\\\/les-cer\\\/la-solaire-des-vallees\\\/#primaryimage\",\"url\":\"https:\\\/\\\/recrosses.eu\\\/wp-content\\\/uploads\\\/2026\\\/01\\\/La-solaire-des-vallees.jpg\",\"contentUrl\":\"https:\\\/\\\/recrosses.eu\\\/wp-content\\\/uploads\\\/2026\\\/01\\\/La-solaire-des-vallees.jpg\",\"width\":1500,\"height\":1200},{\"@type\":\"BreadcrumbList\",\"@id\":\"https:\\\/\\\/recrosses.eu\\\/fr\\\/les-cer\\\/la-solaire-des-vallees\\\/#breadcrumb\",\"itemListElement\":[{\"@type\":\"ListItem\",\"position\":1,\"name\":\"Home\",\"item\":\"https:\\\/\\\/recrosses.eu\\\/fr\\\/home\\\/\"},{\"@type\":\"ListItem\",\"position\":2,\"name\":\"La Solaire des Vall\u00e9es\"}]},{\"@type\":\"WebSite\",\"@id\":\"https:\\\/\\\/recrosses.eu\\\/fr\\\/#website\",\"url\":\"https:\\\/\\\/recrosses.eu\\\/fr\\\/\",\"name\":\"Recrosses\",\"description\":\"L&#039;energia che unisce - L&#039;\u00e9nergie qui unit\",\"potentialAction\":[{\"@type\":\"SearchAction\",\"target\":{\"@type\":\"EntryPoint\",\"urlTemplate\":\"https:\\\/\\\/recrosses.eu\\\/fr\\\/?s={search_term_string}\"},\"query-input\":{\"@type\":\"PropertyValueSpecification\",\"valueRequired\":true,\"valueName\":\"search_term_string\"}}],\"inLanguage\":\"fr-FR\"}]}<\/script>\n<!-- \/ Yoast SEO plugin. -->","yoast_head_json":{"title":"La Solaire des Vall\u00e9es - Recrosses","description":"La Solaire des Vall\u00e9es est une soci\u00e9t\u00e9 coop\u00e9rative active sur le territoire d\u2019Arlys\u00e8re, en Savoie, cr\u00e9\u00e9e dans le but de d\u00e9velopper des projets photovolta\u00efques sur des toitures publiques et priv\u00e9es. La coop\u00e9rative promeut la transition \u00e9nerg\u00e9tique locale \u00e0 travers le d\u00e9veloppement des \u00e9nergies renouvelables et, en particulier, la production d\u2019\u00e9nergie solaire, en misant sur la r\u00e9alisation de centrales photovolta\u00efques participatives et citoyennes, soutenues par les habitants et les acteurs du territoire.Cr\u00e9\u00e9e en 2025, La Solaire des Vall\u00e9es ne dispose pas encore d\u2019installations en service, mais \u00e9tudie actuellement deux projets photovolta\u00efques, d\u2019une puissance de 100 kWc chacun, \u00e0 implanter sur deux toitures distinctes.","robots":{"index":"index","follow":"follow","max-snippet":"max-snippet:-1","max-image-preview":"max-image-preview:large","max-video-preview":"max-video-preview:-1"},"canonical":"https:\/\/recrosses.eu\/fr\/les-cer\/la-solaire-des-vallees\/","og_locale":"fr_FR","og_type":"article","og_title":"La Solaire des Vall\u00e9es - Recrosses","og_description":"La Solaire des Vall\u00e9es est une soci\u00e9t\u00e9 coop\u00e9rative active sur le territoire d\u2019Arlys\u00e8re, en Savoie, cr\u00e9\u00e9e dans le but de d\u00e9velopper des projets photovolta\u00efques sur des toitures publiques et priv\u00e9es. La coop\u00e9rative promeut la transition \u00e9nerg\u00e9tique locale \u00e0 travers le d\u00e9veloppement des \u00e9nergies renouvelables et, en particulier, la production d\u2019\u00e9nergie solaire, en misant sur la r\u00e9alisation de centrales photovolta\u00efques participatives et citoyennes, soutenues par les habitants et les acteurs du territoire.Cr\u00e9\u00e9e en 2025, La Solaire des Vall\u00e9es ne dispose pas encore d\u2019installations en service, mais \u00e9tudie actuellement deux projets photovolta\u00efques, d\u2019une puissance de 100 kWc chacun, \u00e0 implanter sur deux toitures distinctes.","og_url":"https:\/\/recrosses.eu\/fr\/les-cer\/la-solaire-des-vallees\/","og_site_name":"Recrosses","article_modified_time":"2026-01-21T15:06:47+00:00","og_image":[{"width":1500,"height":1200,"url":"https:\/\/recrosses.eu\/wp-content\/uploads\/2026\/01\/La-solaire-des-vallees.jpg","type":"image\/jpeg"}],"twitter_card":"summary_large_image","twitter_misc":{"Dur\u00e9e de lecture estim\u00e9e":"1 minute"},"schema":{"@context":"https:\/\/schema.org","@graph":[{"@type":"WebPage","@id":"https:\/\/recrosses.eu\/fr\/les-cer\/la-solaire-des-vallees\/","url":"https:\/\/recrosses.eu\/fr\/les-cer\/la-solaire-des-vallees\/","name":"La Solaire des Vall\u00e9es - Recrosses","isPartOf":{"@id":"https:\/\/recrosses.eu\/fr\/#website"},"primaryImageOfPage":{"@id":"https:\/\/recrosses.eu\/fr\/les-cer\/la-solaire-des-vallees\/#primaryimage"},"image":{"@id":"https:\/\/recrosses.eu\/fr\/les-cer\/la-solaire-des-vallees\/#primaryimage"},"thumbnailUrl":"https:\/\/recrosses.eu\/wp-content\/uploads\/2026\/01\/La-solaire-des-vallees.jpg","datePublished":"2026-01-15T08:20:07+00:00","dateModified":"2026-01-21T15:06:47+00:00","description":"La Solaire des Vall\u00e9es est une soci\u00e9t\u00e9 coop\u00e9rative active sur le territoire d\u2019Arlys\u00e8re, en Savoie, cr\u00e9\u00e9e dans le but de d\u00e9velopper des projets photovolta\u00efques sur des toitures publiques et priv\u00e9es. La coop\u00e9rative promeut la transition \u00e9nerg\u00e9tique locale \u00e0 travers le d\u00e9veloppement des \u00e9nergies renouvelables et, en particulier, la production d\u2019\u00e9nergie solaire, en misant sur la r\u00e9alisation de centrales photovolta\u00efques participatives et citoyennes, soutenues par les habitants et les acteurs du territoire.Cr\u00e9\u00e9e en 2025, La Solaire des Vall\u00e9es ne dispose pas encore d\u2019installations en service, mais \u00e9tudie actuellement deux projets photovolta\u00efques, d\u2019une puissance de 100 kWc chacun, \u00e0 implanter sur deux toitures distinctes.","breadcrumb":{"@id":"https:\/\/recrosses.eu\/fr\/les-cer\/la-solaire-des-vallees\/#breadcrumb"},"inLanguage":"fr-FR","potentialAction":[{"@type":"ReadAction","target":["https:\/\/recrosses.eu\/fr\/les-cer\/la-solaire-des-vallees\/"]}]},{"@type":"ImageObject","inLanguage":"fr-FR","@id":"https:\/\/recrosses.eu\/fr\/les-cer\/la-solaire-des-vallees\/#primaryimage","url":"https:\/\/recrosses.eu\/wp-content\/uploads\/2026\/01\/La-solaire-des-vallees.jpg","contentUrl":"https:\/\/recrosses.eu\/wp-content\/uploads\/2026\/01\/La-solaire-des-vallees.jpg","width":1500,"height":1200},{"@type":"BreadcrumbList","@id":"https:\/\/recrosses.eu\/fr\/les-cer\/la-solaire-des-vallees\/#breadcrumb","itemListElement":[{"@type":"ListItem","position":1,"name":"Home","item":"https:\/\/recrosses.eu\/fr\/home\/"},{"@type":"ListItem","position":2,"name":"La Solaire des Vall\u00e9es"}]},{"@type":"WebSite","@id":"https:\/\/recrosses.eu\/fr\/#website","url":"https:\/\/recrosses.eu\/fr\/","name":"Recrosses","description":"L&#039;energia che unisce - L&#039;\u00e9nergie qui unit","potentialAction":[{"@type":"SearchAction","target":{"@type":"EntryPoint","urlTemplate":"https:\/\/recrosses.eu\/fr\/?s={search_term_string}"},"query-input":{"@type":"PropertyValueSpecification","valueRequired":true,"valueName":"search_term_string"}}],"inLanguage":"fr-FR"}]}},"_links":{"self":[{"href":"https:\/\/recrosses.eu\/fr\/wp-json\/wp\/v2\/cer\/1771","targetHints":{"allow":["GET"]}}],"collection":[{"href":"https:\/\/recrosses.eu\/fr\/wp-json\/wp\/v2\/cer"}],"about":[{"href":"https:\/\/recrosses.eu\/fr\/wp-json\/wp\/v2\/types\/cer"}],"wp:featuredmedia":[{"embeddable":true,"href":"https:\/\/recrosses.eu\/fr\/wp-json\/wp\/v2\/media\/1956"}],"wp:attachment":[{"href":"https:\/\/recrosses.eu\/fr\/wp-json\/wp\/v2\/media?parent=1771"}],"wp:term":[{"taxonomy":"regione-cer","embeddable":true,"href":"https:\/\/recrosses.eu\/fr\/wp-json\/wp\/v2\/regione-cer?post=1771"}],"curies":[{"name":"wp","href":"https:\/\/api.w.org\/{rel}","templated":true}]}}