{"id":1830,"date":"2026-01-19T16:35:27","date_gmt":"2026-01-19T15:35:27","guid":{"rendered":"https:\/\/recrosses.eu\/cer\/toits-des-cimes\/"},"modified":"2026-01-23T09:51:51","modified_gmt":"2026-01-23T08:51:51","slug":"toits-des-cimes","status":"publish","type":"cer","link":"https:\/\/recrosses.eu\/fr\/les-cer\/toits-des-cimes\/","title":{"rendered":"Toits des Cimes"},"content":{"rendered":"\n<p class=\"wp-block-paragraph\">Toits des Cimes est une <strong>Centrales Villageoises<\/strong> d\u00e9di\u00e9e \u00e0 la production d\u2019\u00e9nergie propre dans la <strong>vall\u00e9e de Chamonix-Mont-Blanc et les territoires limitrophes.<\/strong> <\/p>\n\n<p class=\"wp-block-paragraph\">Fond\u00e9e officiellement en 2023 sous forme de <strong>SAS (Soci\u00e9t\u00e9 par Actions Simplifi\u00e9e) <\/strong>\u00e0 gouvernance ouverte (1 personne = 1 voix), elle r\u00e9unit 123 soci\u00e9taires \u2014 citoyens, collectivit\u00e9s locales, associations et entreprises \u2014 pour d\u00e9velopper des projets d\u2019\u00e9nergie renouvelable sur le territoire<\/p>\n\n<p class=\"wp-block-paragraph\">La premi\u00e8re r\u00e9alisation op\u00e9rationnelle est <strong>une installation photovolta\u00efque d\u2019une puissance de 215 kWc, compos\u00e9e de 544 panneaux sur le toit du Centre Technique Municipal de Chamonix<\/strong>, en service depuis environ 2024. Elle produit une \u00e9nergie renouvelable locale (environ 220 MWh\/an, soit l\u2019\u00e9quivalent de la consommation de 275 personnes) et permet l\u2019<strong>autoconsommation collective<\/strong> entre les membres ainsi que la vente locale d\u2019\u00e9lectricit\u00e9.<\/p>\n\n<p class=\"wp-block-paragraph\">Le projet promeut la <strong>transition \u00e9nerg\u00e9tique locale<\/strong> \u00e0 travers un mod\u00e8le participatif et un <strong>circuit court de l\u2019\u00e9nergie<\/strong>, r\u00e9duisant la d\u00e9pendance au march\u00e9 et renfor\u00e7ant l\u2019\u00e9conomie ainsi que le lien social sur le territoire. Les soci\u00e9taires peuvent contribuer en souscrivant des actions, en proposant des toitures pour des installations ou en participant comme b\u00e9n\u00e9voles. <\/p>\n\n<p class=\"wp-block-paragraph\"><\/p>\n","protected":false},"featured_media":1960,"template":"","meta":{"_acf_changed":false},"regione-cer":[34],"class_list":["post-1830","cer","type-cer","status-publish","has-post-thumbnail","hentry","regione-cer-france"],"acf":[],"yoast_head":"<!-- This site is optimized with the Yoast SEO plugin v28.3 - https:\/\/yoast.com\/product\/yoast-seo-wordpress\/ -->\n<title>Toits des Cimes - Recrosses<\/title>\n<meta name=\"description\" content=\"Toits des Cimes est une Centrale Villageoise d\u00e9di\u00e9e \u00e0 la production d\u2019\u00e9nergie propre dans la vall\u00e9e de Chamonix-Mont-Blanc et les territoires limitrophes. Fond\u00e9e officiellement en 2023 sous forme de SAS (Soci\u00e9t\u00e9 par Actions Simplifi\u00e9e) \u00e0 gouvernance ouverte (1 personne = 1 voix), elle r\u00e9unit 123 soci\u00e9taires \u2014 citoyens, collectivit\u00e9s locales, associations et entreprises \u2014 pour d\u00e9velopper des projets d\u2019\u00e9nergie renouvelable sur le territoire.Sa premi\u00e8re r\u00e9alisation op\u00e9rationnelle est une installation photovolta\u00efque d\u2019une puissance de 215 kWc, compos\u00e9e de 544 panneaux sur le toit du Centre Technique Municipal de Chamonix, en service depuis environ 2024. Elle produit une \u00e9nergie renouvelable locale (environ 220 MWh\/an, soit l\u2019\u00e9quivalent de la consommation de 275 personnes) et permet l\u2019autoconsommation collective entre les membres ainsi que la vente locale d\u2019\u00e9lectricit\u00e9.Le projet promeut la transition \u00e9nerg\u00e9tique locale \u00e0 travers un mod\u00e8le participatif et un circuit court de l\u2019\u00e9nergie, r\u00e9duisant la d\u00e9pendance au march\u00e9 et renfor\u00e7ant l\u2019\u00e9conomie ainsi que le lien social sur le territoire. Les soci\u00e9taires peuvent contribuer en souscrivant des actions, en proposant des toitures pour des installations ou en participant comme b\u00e9n\u00e9voles.\" \/>\n<meta name=\"robots\" content=\"index, follow, max-snippet:-1, max-image-preview:large, max-video-preview:-1\" \/>\n<link rel=\"canonical\" href=\"https:\/\/recrosses.eu\/fr\/les-cer\/toits-des-cimes\/\" \/>\n<meta property=\"og:locale\" content=\"fr_FR\" \/>\n<meta property=\"og:type\" content=\"article\" \/>\n<meta property=\"og:title\" content=\"Toits des Cimes - Recrosses\" \/>\n<meta property=\"og:description\" content=\"Toits des Cimes est une Centrale Villageoise d\u00e9di\u00e9e \u00e0 la production d\u2019\u00e9nergie propre dans la vall\u00e9e de Chamonix-Mont-Blanc et les territoires limitrophes. Fond\u00e9e officiellement en 2023 sous forme de SAS (Soci\u00e9t\u00e9 par Actions Simplifi\u00e9e) \u00e0 gouvernance ouverte (1 personne = 1 voix), elle r\u00e9unit 123 soci\u00e9taires \u2014 citoyens, collectivit\u00e9s locales, associations et entreprises \u2014 pour d\u00e9velopper des projets d\u2019\u00e9nergie renouvelable sur le territoire.Sa premi\u00e8re r\u00e9alisation op\u00e9rationnelle est une installation photovolta\u00efque d\u2019une puissance de 215 kWc, compos\u00e9e de 544 panneaux sur le toit du Centre Technique Municipal de Chamonix, en service depuis environ 2024. Elle produit une \u00e9nergie renouvelable locale (environ 220 MWh\/an, soit l\u2019\u00e9quivalent de la consommation de 275 personnes) et permet l\u2019autoconsommation collective entre les membres ainsi que la vente locale d\u2019\u00e9lectricit\u00e9.Le projet promeut la transition \u00e9nerg\u00e9tique locale \u00e0 travers un mod\u00e8le participatif et un circuit court de l\u2019\u00e9nergie, r\u00e9duisant la d\u00e9pendance au march\u00e9 et renfor\u00e7ant l\u2019\u00e9conomie ainsi que le lien social sur le territoire. Les soci\u00e9taires peuvent contribuer en souscrivant des actions, en proposant des toitures pour des installations ou en participant comme b\u00e9n\u00e9voles.\" \/>\n<meta property=\"og:url\" content=\"https:\/\/recrosses.eu\/fr\/les-cer\/toits-des-cimes\/\" \/>\n<meta property=\"og:site_name\" content=\"Recrosses\" \/>\n<meta property=\"article:modified_time\" content=\"2026-01-23T08:51:51+00:00\" \/>\n<meta property=\"og:image\" content=\"https:\/\/recrosses.eu\/wp-content\/uploads\/2026\/01\/Toits-des-cimes.jpg\" \/>\n\t<meta property=\"og:image:width\" content=\"821\" \/>\n\t<meta property=\"og:image:height\" content=\"657\" \/>\n\t<meta property=\"og:image:type\" content=\"image\/jpeg\" \/>\n<meta name=\"twitter:card\" content=\"summary_large_image\" \/>\n<meta name=\"twitter:label1\" content=\"Dur\u00e9e de lecture estim\u00e9e\" \/>\n\t<meta name=\"twitter:data1\" content=\"1 minute\" \/>\n<script type=\"application\/ld+json\" class=\"yoast-schema-graph\">{\"@context\":\"https:\\\/\\\/schema.org\",\"@graph\":[{\"@type\":\"WebPage\",\"@id\":\"https:\\\/\\\/recrosses.eu\\\/fr\\\/les-cer\\\/toits-des-cimes\\\/\",\"url\":\"https:\\\/\\\/recrosses.eu\\\/fr\\\/les-cer\\\/toits-des-cimes\\\/\",\"name\":\"Toits des Cimes - Recrosses\",\"isPartOf\":{\"@id\":\"https:\\\/\\\/recrosses.eu\\\/fr\\\/#website\"},\"primaryImageOfPage\":{\"@id\":\"https:\\\/\\\/recrosses.eu\\\/fr\\\/les-cer\\\/toits-des-cimes\\\/#primaryimage\"},\"image\":{\"@id\":\"https:\\\/\\\/recrosses.eu\\\/fr\\\/les-cer\\\/toits-des-cimes\\\/#primaryimage\"},\"thumbnailUrl\":\"https:\\\/\\\/recrosses.eu\\\/wp-content\\\/uploads\\\/2026\\\/01\\\/Toits-des-cimes.jpg\",\"datePublished\":\"2026-01-19T15:35:27+00:00\",\"dateModified\":\"2026-01-23T08:51:51+00:00\",\"description\":\"Toits des Cimes est une Centrale Villageoise d\u00e9di\u00e9e \u00e0 la production d\u2019\u00e9nergie propre dans la vall\u00e9e de Chamonix-Mont-Blanc et les territoires limitrophes. Fond\u00e9e officiellement en 2023 sous forme de SAS (Soci\u00e9t\u00e9 par Actions Simplifi\u00e9e) \u00e0 gouvernance ouverte (1 personne = 1 voix), elle r\u00e9unit 123 soci\u00e9taires \u2014 citoyens, collectivit\u00e9s locales, associations et entreprises \u2014 pour d\u00e9velopper des projets d\u2019\u00e9nergie renouvelable sur le territoire.Sa premi\u00e8re r\u00e9alisation op\u00e9rationnelle est une installation photovolta\u00efque d\u2019une puissance de 215 kWc, compos\u00e9e de 544 panneaux sur le toit du Centre Technique Municipal de Chamonix, en service depuis environ 2024. Elle produit une \u00e9nergie renouvelable locale (environ 220 MWh\\\/an, soit l\u2019\u00e9quivalent de la consommation de 275 personnes) et permet l\u2019autoconsommation collective entre les membres ainsi que la vente locale d\u2019\u00e9lectricit\u00e9.Le projet promeut la transition \u00e9nerg\u00e9tique locale \u00e0 travers un mod\u00e8le participatif et un circuit court de l\u2019\u00e9nergie, r\u00e9duisant la d\u00e9pendance au march\u00e9 et renfor\u00e7ant l\u2019\u00e9conomie ainsi que le lien social sur le territoire. Les soci\u00e9taires peuvent contribuer en souscrivant des actions, en proposant des toitures pour des installations ou en participant comme b\u00e9n\u00e9voles.\",\"breadcrumb\":{\"@id\":\"https:\\\/\\\/recrosses.eu\\\/fr\\\/les-cer\\\/toits-des-cimes\\\/#breadcrumb\"},\"inLanguage\":\"fr-FR\",\"potentialAction\":[{\"@type\":\"ReadAction\",\"target\":[\"https:\\\/\\\/recrosses.eu\\\/fr\\\/les-cer\\\/toits-des-cimes\\\/\"]}]},{\"@type\":\"ImageObject\",\"inLanguage\":\"fr-FR\",\"@id\":\"https:\\\/\\\/recrosses.eu\\\/fr\\\/les-cer\\\/toits-des-cimes\\\/#primaryimage\",\"url\":\"https:\\\/\\\/recrosses.eu\\\/wp-content\\\/uploads\\\/2026\\\/01\\\/Toits-des-cimes.jpg\",\"contentUrl\":\"https:\\\/\\\/recrosses.eu\\\/wp-content\\\/uploads\\\/2026\\\/01\\\/Toits-des-cimes.jpg\",\"width\":821,\"height\":657},{\"@type\":\"BreadcrumbList\",\"@id\":\"https:\\\/\\\/recrosses.eu\\\/fr\\\/les-cer\\\/toits-des-cimes\\\/#breadcrumb\",\"itemListElement\":[{\"@type\":\"ListItem\",\"position\":1,\"name\":\"Home\",\"item\":\"https:\\\/\\\/recrosses.eu\\\/fr\\\/home\\\/\"},{\"@type\":\"ListItem\",\"position\":2,\"name\":\"Toits des Cimes\"}]},{\"@type\":\"WebSite\",\"@id\":\"https:\\\/\\\/recrosses.eu\\\/fr\\\/#website\",\"url\":\"https:\\\/\\\/recrosses.eu\\\/fr\\\/\",\"name\":\"Recrosses\",\"description\":\"L&#039;energia che unisce - L&#039;\u00e9nergie qui unit\",\"potentialAction\":[{\"@type\":\"SearchAction\",\"target\":{\"@type\":\"EntryPoint\",\"urlTemplate\":\"https:\\\/\\\/recrosses.eu\\\/fr\\\/?s={search_term_string}\"},\"query-input\":{\"@type\":\"PropertyValueSpecification\",\"valueRequired\":true,\"valueName\":\"search_term_string\"}}],\"inLanguage\":\"fr-FR\"}]}<\/script>\n<!-- \/ Yoast SEO plugin. -->","yoast_head_json":{"title":"Toits des Cimes - Recrosses","description":"Toits des Cimes est une Centrale Villageoise d\u00e9di\u00e9e \u00e0 la production d\u2019\u00e9nergie propre dans la vall\u00e9e de Chamonix-Mont-Blanc et les territoires limitrophes. Fond\u00e9e officiellement en 2023 sous forme de SAS (Soci\u00e9t\u00e9 par Actions Simplifi\u00e9e) \u00e0 gouvernance ouverte (1 personne = 1 voix), elle r\u00e9unit 123 soci\u00e9taires \u2014 citoyens, collectivit\u00e9s locales, associations et entreprises \u2014 pour d\u00e9velopper des projets d\u2019\u00e9nergie renouvelable sur le territoire.Sa premi\u00e8re r\u00e9alisation op\u00e9rationnelle est une installation photovolta\u00efque d\u2019une puissance de 215 kWc, compos\u00e9e de 544 panneaux sur le toit du Centre Technique Municipal de Chamonix, en service depuis environ 2024. Elle produit une \u00e9nergie renouvelable locale (environ 220 MWh\/an, soit l\u2019\u00e9quivalent de la consommation de 275 personnes) et permet l\u2019autoconsommation collective entre les membres ainsi que la vente locale d\u2019\u00e9lectricit\u00e9.Le projet promeut la transition \u00e9nerg\u00e9tique locale \u00e0 travers un mod\u00e8le participatif et un circuit court de l\u2019\u00e9nergie, r\u00e9duisant la d\u00e9pendance au march\u00e9 et renfor\u00e7ant l\u2019\u00e9conomie ainsi que le lien social sur le territoire. Les soci\u00e9taires peuvent contribuer en souscrivant des actions, en proposant des toitures pour des installations ou en participant comme b\u00e9n\u00e9voles.","robots":{"index":"index","follow":"follow","max-snippet":"max-snippet:-1","max-image-preview":"max-image-preview:large","max-video-preview":"max-video-preview:-1"},"canonical":"https:\/\/recrosses.eu\/fr\/les-cer\/toits-des-cimes\/","og_locale":"fr_FR","og_type":"article","og_title":"Toits des Cimes - Recrosses","og_description":"Toits des Cimes est une Centrale Villageoise d\u00e9di\u00e9e \u00e0 la production d\u2019\u00e9nergie propre dans la vall\u00e9e de Chamonix-Mont-Blanc et les territoires limitrophes. Fond\u00e9e officiellement en 2023 sous forme de SAS (Soci\u00e9t\u00e9 par Actions Simplifi\u00e9e) \u00e0 gouvernance ouverte (1 personne = 1 voix), elle r\u00e9unit 123 soci\u00e9taires \u2014 citoyens, collectivit\u00e9s locales, associations et entreprises \u2014 pour d\u00e9velopper des projets d\u2019\u00e9nergie renouvelable sur le territoire.Sa premi\u00e8re r\u00e9alisation op\u00e9rationnelle est une installation photovolta\u00efque d\u2019une puissance de 215 kWc, compos\u00e9e de 544 panneaux sur le toit du Centre Technique Municipal de Chamonix, en service depuis environ 2024. Elle produit une \u00e9nergie renouvelable locale (environ 220 MWh\/an, soit l\u2019\u00e9quivalent de la consommation de 275 personnes) et permet l\u2019autoconsommation collective entre les membres ainsi que la vente locale d\u2019\u00e9lectricit\u00e9.Le projet promeut la transition \u00e9nerg\u00e9tique locale \u00e0 travers un mod\u00e8le participatif et un circuit court de l\u2019\u00e9nergie, r\u00e9duisant la d\u00e9pendance au march\u00e9 et renfor\u00e7ant l\u2019\u00e9conomie ainsi que le lien social sur le territoire. Les soci\u00e9taires peuvent contribuer en souscrivant des actions, en proposant des toitures pour des installations ou en participant comme b\u00e9n\u00e9voles.","og_url":"https:\/\/recrosses.eu\/fr\/les-cer\/toits-des-cimes\/","og_site_name":"Recrosses","article_modified_time":"2026-01-23T08:51:51+00:00","og_image":[{"width":821,"height":657,"url":"https:\/\/recrosses.eu\/wp-content\/uploads\/2026\/01\/Toits-des-cimes.jpg","type":"image\/jpeg"}],"twitter_card":"summary_large_image","twitter_misc":{"Dur\u00e9e de lecture estim\u00e9e":"1 minute"},"schema":{"@context":"https:\/\/schema.org","@graph":[{"@type":"WebPage","@id":"https:\/\/recrosses.eu\/fr\/les-cer\/toits-des-cimes\/","url":"https:\/\/recrosses.eu\/fr\/les-cer\/toits-des-cimes\/","name":"Toits des Cimes - Recrosses","isPartOf":{"@id":"https:\/\/recrosses.eu\/fr\/#website"},"primaryImageOfPage":{"@id":"https:\/\/recrosses.eu\/fr\/les-cer\/toits-des-cimes\/#primaryimage"},"image":{"@id":"https:\/\/recrosses.eu\/fr\/les-cer\/toits-des-cimes\/#primaryimage"},"thumbnailUrl":"https:\/\/recrosses.eu\/wp-content\/uploads\/2026\/01\/Toits-des-cimes.jpg","datePublished":"2026-01-19T15:35:27+00:00","dateModified":"2026-01-23T08:51:51+00:00","description":"Toits des Cimes est une Centrale Villageoise d\u00e9di\u00e9e \u00e0 la production d\u2019\u00e9nergie propre dans la vall\u00e9e de Chamonix-Mont-Blanc et les territoires limitrophes. Fond\u00e9e officiellement en 2023 sous forme de SAS (Soci\u00e9t\u00e9 par Actions Simplifi\u00e9e) \u00e0 gouvernance ouverte (1 personne = 1 voix), elle r\u00e9unit 123 soci\u00e9taires \u2014 citoyens, collectivit\u00e9s locales, associations et entreprises \u2014 pour d\u00e9velopper des projets d\u2019\u00e9nergie renouvelable sur le territoire.Sa premi\u00e8re r\u00e9alisation op\u00e9rationnelle est une installation photovolta\u00efque d\u2019une puissance de 215 kWc, compos\u00e9e de 544 panneaux sur le toit du Centre Technique Municipal de Chamonix, en service depuis environ 2024. Elle produit une \u00e9nergie renouvelable locale (environ 220 MWh\/an, soit l\u2019\u00e9quivalent de la consommation de 275 personnes) et permet l\u2019autoconsommation collective entre les membres ainsi que la vente locale d\u2019\u00e9lectricit\u00e9.Le projet promeut la transition \u00e9nerg\u00e9tique locale \u00e0 travers un mod\u00e8le participatif et un circuit court de l\u2019\u00e9nergie, r\u00e9duisant la d\u00e9pendance au march\u00e9 et renfor\u00e7ant l\u2019\u00e9conomie ainsi que le lien social sur le territoire. Les soci\u00e9taires peuvent contribuer en souscrivant des actions, en proposant des toitures pour des installations ou en participant comme b\u00e9n\u00e9voles.","breadcrumb":{"@id":"https:\/\/recrosses.eu\/fr\/les-cer\/toits-des-cimes\/#breadcrumb"},"inLanguage":"fr-FR","potentialAction":[{"@type":"ReadAction","target":["https:\/\/recrosses.eu\/fr\/les-cer\/toits-des-cimes\/"]}]},{"@type":"ImageObject","inLanguage":"fr-FR","@id":"https:\/\/recrosses.eu\/fr\/les-cer\/toits-des-cimes\/#primaryimage","url":"https:\/\/recrosses.eu\/wp-content\/uploads\/2026\/01\/Toits-des-cimes.jpg","contentUrl":"https:\/\/recrosses.eu\/wp-content\/uploads\/2026\/01\/Toits-des-cimes.jpg","width":821,"height":657},{"@type":"BreadcrumbList","@id":"https:\/\/recrosses.eu\/fr\/les-cer\/toits-des-cimes\/#breadcrumb","itemListElement":[{"@type":"ListItem","position":1,"name":"Home","item":"https:\/\/recrosses.eu\/fr\/home\/"},{"@type":"ListItem","position":2,"name":"Toits des Cimes"}]},{"@type":"WebSite","@id":"https:\/\/recrosses.eu\/fr\/#website","url":"https:\/\/recrosses.eu\/fr\/","name":"Recrosses","description":"L&#039;energia che unisce - L&#039;\u00e9nergie qui unit","potentialAction":[{"@type":"SearchAction","target":{"@type":"EntryPoint","urlTemplate":"https:\/\/recrosses.eu\/fr\/?s={search_term_string}"},"query-input":{"@type":"PropertyValueSpecification","valueRequired":true,"valueName":"search_term_string"}}],"inLanguage":"fr-FR"}]}},"_links":{"self":[{"href":"https:\/\/recrosses.eu\/fr\/wp-json\/wp\/v2\/cer\/1830","targetHints":{"allow":["GET"]}}],"collection":[{"href":"https:\/\/recrosses.eu\/fr\/wp-json\/wp\/v2\/cer"}],"about":[{"href":"https:\/\/recrosses.eu\/fr\/wp-json\/wp\/v2\/types\/cer"}],"wp:featuredmedia":[{"embeddable":true,"href":"https:\/\/recrosses.eu\/fr\/wp-json\/wp\/v2\/media\/1960"}],"wp:attachment":[{"href":"https:\/\/recrosses.eu\/fr\/wp-json\/wp\/v2\/media?parent=1830"}],"wp:term":[{"taxonomy":"regione-cer","embeddable":true,"href":"https:\/\/recrosses.eu\/fr\/wp-json\/wp\/v2\/regione-cer?post=1830"}],"curies":[{"name":"wp","href":"https:\/\/api.w.org\/{rel}","templated":true}]}}