{"id":1837,"date":"2026-01-20T16:15:59","date_gmt":"2026-01-20T15:15:59","guid":{"rendered":"https:\/\/recrosses.eu\/cer\/mole-energie\/"},"modified":"2026-01-23T09:36:19","modified_gmt":"2026-01-23T08:36:19","slug":"mole-energie","status":"publish","type":"cer","link":"https:\/\/recrosses.eu\/fr\/les-cer\/mole-energie\/","title":{"rendered":"M\u00f4le \u00c9nergie"},"content":{"rendered":"\n<p class=\"wp-block-paragraph\"><strong>M\u00f4le \u00c9nergie<\/strong> est une <strong>coop\u00e9rative citoyenne de production d\u2019\u00e9nergies renouvelable<\/strong>s cr\u00e9\u00e9e pour favoriser la <strong>transition \u00e9nerg\u00e9tique locale<\/strong> sur le territoire du <em>Pays Rochois<\/em> et de<em> Faucigny Gli\u00e8re <\/em>(Haute-Savoie, France). Elle d\u00e9veloppe et installe des <strong>centrales photovolta\u00efques<\/strong> sur des b\u00e2timents locaux et vend l\u2019\u00e9lectricit\u00e9 verte produite au r\u00e9seau, dans le respect des principes de l\u2019\u00e9conomie sociale et solidaire, avec une <strong>gouvernance participative et une lucrativit\u00e9 limit\u00e9e<\/strong>. <\/p>\n\n<p class=\"wp-block-paragraph\">Le projet a d\u00e9marr\u00e9 fin <strong>2021<\/strong> et la soci\u00e9t\u00e9 a \u00e9t\u00e9 officiellement constitu\u00e9e \u00e0 l\u2019\u00e9t\u00e9 <strong>2022<\/strong> par un groupe de citoyens b\u00e9n\u00e9voles.<\/p>\n\n<p class=\"wp-block-paragraph\">\u00c0 ce jour, <strong>deux installations photovolta\u00efques sont en service<\/strong> pour une puissance totale de <strong>208 kWc<\/strong>, tandis que <strong>deux autres projets sont en cours de financement<\/strong>. Le mod\u00e8le d\u2019investissement repose sur l\u2019engagement d\u2019<strong>environ 81 actionnaires<\/strong>, qui participent \u00e0 la lev\u00e9e de fonds pour la r\u00e9alisation de nouvelles installations locales..  <\/p>\n\n<p class=\"wp-block-paragraph\">L\u2019objectif g\u00e9n\u00e9ral de M\u00f4le \u00c9nergie est de <strong>produire une \u00e9nergie renouvelable locale<\/strong>, de r\u00e9duire les \u00e9missions de CO\u2082, de <strong>renforcer l\u2019ind\u00e9pendance \u00e9nerg\u00e9tique du territoire <\/strong>et de cr\u00e9er de la valeur \u00e9conomique locale \u00e0 travers des partenariats avec les entreprises et les collectivit\u00e9s<\/p>\n\n<p class=\"wp-block-paragraph\"><\/p>\n","protected":false},"featured_media":1958,"template":"","meta":{"_acf_changed":false},"regione-cer":[34],"class_list":["post-1837","cer","type-cer","status-publish","has-post-thumbnail","hentry","regione-cer-france"],"acf":[],"yoast_head":"<!-- This site is optimized with the Yoast SEO plugin v28.3 - https:\/\/yoast.com\/product\/yoast-seo-wordpress\/ -->\n<title>M\u00f4le \u00c9nergie - Recrosses<\/title>\n<meta name=\"description\" content=\"M\u00f4le \u00c9nergie est une coop\u00e9rative citoyenne de production d\u2019\u00e9nergies renouvelables cr\u00e9\u00e9e pour favoriser la transition \u00e9nerg\u00e9tique locale sur le territoire du Pays Rochois et de Faucigny Gli\u00e8re (Haute-Savoie, France). Elle d\u00e9veloppe et installe des centrales photovolta\u00efques sur des b\u00e2timents locaux et vend l\u2019\u00e9lectricit\u00e9 verte produite au r\u00e9seau, dans le respect des principes de l\u2019\u00e9conomie sociale et solidaire, avec une gouvernance participative et une lucrativit\u00e9 limit\u00e9e.Le projet a d\u00e9marr\u00e9 fin 2021 et la soci\u00e9t\u00e9 a \u00e9t\u00e9 officiellement constitu\u00e9e \u00e0 l\u2019\u00e9t\u00e9 2022 par un groupe de citoyens b\u00e9n\u00e9voles.\u00c0 ce jour, deux installations photovolta\u00efques sont en service pour une puissance totale de 208 kWc, tandis que deux autres projets sont en cours de financement. Le mod\u00e8le d\u2019investissement repose sur l\u2019engagement d\u2019environ 81 actionnaires, qui participent \u00e0 la lev\u00e9e de fonds pour la r\u00e9alisation de nouvelles installations locales.L\u2019objectif g\u00e9n\u00e9ral de M\u00f4le \u00c9nergie est de produire une \u00e9nergie renouvelable locale, de r\u00e9duire les \u00e9missions de CO\u2082, de renforcer l\u2019ind\u00e9pendance \u00e9nerg\u00e9tique du territoire et de cr\u00e9er de la valeur \u00e9conomique locale \u00e0 travers des partenariats avec les entreprises et les collectivit\u00e9s.\" \/>\n<meta name=\"robots\" content=\"index, follow, max-snippet:-1, max-image-preview:large, max-video-preview:-1\" \/>\n<link rel=\"canonical\" href=\"https:\/\/recrosses.eu\/fr\/les-cer\/mole-energie\/\" \/>\n<meta property=\"og:locale\" content=\"fr_FR\" \/>\n<meta property=\"og:type\" content=\"article\" \/>\n<meta property=\"og:title\" content=\"M\u00f4le \u00c9nergie - Recrosses\" \/>\n<meta property=\"og:description\" content=\"M\u00f4le \u00c9nergie est une coop\u00e9rative citoyenne de production d\u2019\u00e9nergies renouvelables cr\u00e9\u00e9e pour favoriser la transition \u00e9nerg\u00e9tique locale sur le territoire du Pays Rochois et de Faucigny Gli\u00e8re (Haute-Savoie, France). Elle d\u00e9veloppe et installe des centrales photovolta\u00efques sur des b\u00e2timents locaux et vend l\u2019\u00e9lectricit\u00e9 verte produite au r\u00e9seau, dans le respect des principes de l\u2019\u00e9conomie sociale et solidaire, avec une gouvernance participative et une lucrativit\u00e9 limit\u00e9e.Le projet a d\u00e9marr\u00e9 fin 2021 et la soci\u00e9t\u00e9 a \u00e9t\u00e9 officiellement constitu\u00e9e \u00e0 l\u2019\u00e9t\u00e9 2022 par un groupe de citoyens b\u00e9n\u00e9voles.\u00c0 ce jour, deux installations photovolta\u00efques sont en service pour une puissance totale de 208 kWc, tandis que deux autres projets sont en cours de financement. Le mod\u00e8le d\u2019investissement repose sur l\u2019engagement d\u2019environ 81 actionnaires, qui participent \u00e0 la lev\u00e9e de fonds pour la r\u00e9alisation de nouvelles installations locales.L\u2019objectif g\u00e9n\u00e9ral de M\u00f4le \u00c9nergie est de produire une \u00e9nergie renouvelable locale, de r\u00e9duire les \u00e9missions de CO\u2082, de renforcer l\u2019ind\u00e9pendance \u00e9nerg\u00e9tique du territoire et de cr\u00e9er de la valeur \u00e9conomique locale \u00e0 travers des partenariats avec les entreprises et les collectivit\u00e9s.\" \/>\n<meta property=\"og:url\" content=\"https:\/\/recrosses.eu\/fr\/les-cer\/mole-energie\/\" \/>\n<meta property=\"og:site_name\" content=\"Recrosses\" \/>\n<meta property=\"article:modified_time\" content=\"2026-01-23T08:36:19+00:00\" \/>\n<meta property=\"og:image\" content=\"https:\/\/recrosses.eu\/wp-content\/uploads\/2026\/01\/Mole-energie.jpg\" \/>\n\t<meta property=\"og:image:width\" content=\"1257\" \/>\n\t<meta property=\"og:image:height\" content=\"1005\" \/>\n\t<meta property=\"og:image:type\" content=\"image\/jpeg\" \/>\n<meta name=\"twitter:card\" content=\"summary_large_image\" \/>\n<meta name=\"twitter:label1\" content=\"Dur\u00e9e de lecture estim\u00e9e\" \/>\n\t<meta name=\"twitter:data1\" content=\"1 minute\" \/>\n<script type=\"application\/ld+json\" class=\"yoast-schema-graph\">{\"@context\":\"https:\\\/\\\/schema.org\",\"@graph\":[{\"@type\":\"WebPage\",\"@id\":\"https:\\\/\\\/recrosses.eu\\\/fr\\\/les-cer\\\/mole-energie\\\/\",\"url\":\"https:\\\/\\\/recrosses.eu\\\/fr\\\/les-cer\\\/mole-energie\\\/\",\"name\":\"M\u00f4le \u00c9nergie - Recrosses\",\"isPartOf\":{\"@id\":\"https:\\\/\\\/recrosses.eu\\\/fr\\\/#website\"},\"primaryImageOfPage\":{\"@id\":\"https:\\\/\\\/recrosses.eu\\\/fr\\\/les-cer\\\/mole-energie\\\/#primaryimage\"},\"image\":{\"@id\":\"https:\\\/\\\/recrosses.eu\\\/fr\\\/les-cer\\\/mole-energie\\\/#primaryimage\"},\"thumbnailUrl\":\"https:\\\/\\\/recrosses.eu\\\/wp-content\\\/uploads\\\/2026\\\/01\\\/Mole-energie.jpg\",\"datePublished\":\"2026-01-20T15:15:59+00:00\",\"dateModified\":\"2026-01-23T08:36:19+00:00\",\"description\":\"M\u00f4le \u00c9nergie est une coop\u00e9rative citoyenne de production d\u2019\u00e9nergies renouvelables cr\u00e9\u00e9e pour favoriser la transition \u00e9nerg\u00e9tique locale sur le territoire du Pays Rochois et de Faucigny Gli\u00e8re (Haute-Savoie, France). Elle d\u00e9veloppe et installe des centrales photovolta\u00efques sur des b\u00e2timents locaux et vend l\u2019\u00e9lectricit\u00e9 verte produite au r\u00e9seau, dans le respect des principes de l\u2019\u00e9conomie sociale et solidaire, avec une gouvernance participative et une lucrativit\u00e9 limit\u00e9e.Le projet a d\u00e9marr\u00e9 fin 2021 et la soci\u00e9t\u00e9 a \u00e9t\u00e9 officiellement constitu\u00e9e \u00e0 l\u2019\u00e9t\u00e9 2022 par un groupe de citoyens b\u00e9n\u00e9voles.\u00c0 ce jour, deux installations photovolta\u00efques sont en service pour une puissance totale de 208 kWc, tandis que deux autres projets sont en cours de financement. Le mod\u00e8le d\u2019investissement repose sur l\u2019engagement d\u2019environ 81 actionnaires, qui participent \u00e0 la lev\u00e9e de fonds pour la r\u00e9alisation de nouvelles installations locales.L\u2019objectif g\u00e9n\u00e9ral de M\u00f4le \u00c9nergie est de produire une \u00e9nergie renouvelable locale, de r\u00e9duire les \u00e9missions de CO\u2082, de renforcer l\u2019ind\u00e9pendance \u00e9nerg\u00e9tique du territoire et de cr\u00e9er de la valeur \u00e9conomique locale \u00e0 travers des partenariats avec les entreprises et les collectivit\u00e9s.\",\"breadcrumb\":{\"@id\":\"https:\\\/\\\/recrosses.eu\\\/fr\\\/les-cer\\\/mole-energie\\\/#breadcrumb\"},\"inLanguage\":\"fr-FR\",\"potentialAction\":[{\"@type\":\"ReadAction\",\"target\":[\"https:\\\/\\\/recrosses.eu\\\/fr\\\/les-cer\\\/mole-energie\\\/\"]}]},{\"@type\":\"ImageObject\",\"inLanguage\":\"fr-FR\",\"@id\":\"https:\\\/\\\/recrosses.eu\\\/fr\\\/les-cer\\\/mole-energie\\\/#primaryimage\",\"url\":\"https:\\\/\\\/recrosses.eu\\\/wp-content\\\/uploads\\\/2026\\\/01\\\/Mole-energie.jpg\",\"contentUrl\":\"https:\\\/\\\/recrosses.eu\\\/wp-content\\\/uploads\\\/2026\\\/01\\\/Mole-energie.jpg\",\"width\":1257,\"height\":1005},{\"@type\":\"BreadcrumbList\",\"@id\":\"https:\\\/\\\/recrosses.eu\\\/fr\\\/les-cer\\\/mole-energie\\\/#breadcrumb\",\"itemListElement\":[{\"@type\":\"ListItem\",\"position\":1,\"name\":\"Home\",\"item\":\"https:\\\/\\\/recrosses.eu\\\/fr\\\/home\\\/\"},{\"@type\":\"ListItem\",\"position\":2,\"name\":\"M\u00f4le \u00c9nergie\"}]},{\"@type\":\"WebSite\",\"@id\":\"https:\\\/\\\/recrosses.eu\\\/fr\\\/#website\",\"url\":\"https:\\\/\\\/recrosses.eu\\\/fr\\\/\",\"name\":\"Recrosses\",\"description\":\"L&#039;energia che unisce - L&#039;\u00e9nergie qui unit\",\"potentialAction\":[{\"@type\":\"SearchAction\",\"target\":{\"@type\":\"EntryPoint\",\"urlTemplate\":\"https:\\\/\\\/recrosses.eu\\\/fr\\\/?s={search_term_string}\"},\"query-input\":{\"@type\":\"PropertyValueSpecification\",\"valueRequired\":true,\"valueName\":\"search_term_string\"}}],\"inLanguage\":\"fr-FR\"}]}<\/script>\n<!-- \/ Yoast SEO plugin. -->","yoast_head_json":{"title":"M\u00f4le \u00c9nergie - Recrosses","description":"M\u00f4le \u00c9nergie est une coop\u00e9rative citoyenne de production d\u2019\u00e9nergies renouvelables cr\u00e9\u00e9e pour favoriser la transition \u00e9nerg\u00e9tique locale sur le territoire du Pays Rochois et de Faucigny Gli\u00e8re (Haute-Savoie, France). Elle d\u00e9veloppe et installe des centrales photovolta\u00efques sur des b\u00e2timents locaux et vend l\u2019\u00e9lectricit\u00e9 verte produite au r\u00e9seau, dans le respect des principes de l\u2019\u00e9conomie sociale et solidaire, avec une gouvernance participative et une lucrativit\u00e9 limit\u00e9e.Le projet a d\u00e9marr\u00e9 fin 2021 et la soci\u00e9t\u00e9 a \u00e9t\u00e9 officiellement constitu\u00e9e \u00e0 l\u2019\u00e9t\u00e9 2022 par un groupe de citoyens b\u00e9n\u00e9voles.\u00c0 ce jour, deux installations photovolta\u00efques sont en service pour une puissance totale de 208 kWc, tandis que deux autres projets sont en cours de financement. Le mod\u00e8le d\u2019investissement repose sur l\u2019engagement d\u2019environ 81 actionnaires, qui participent \u00e0 la lev\u00e9e de fonds pour la r\u00e9alisation de nouvelles installations locales.L\u2019objectif g\u00e9n\u00e9ral de M\u00f4le \u00c9nergie est de produire une \u00e9nergie renouvelable locale, de r\u00e9duire les \u00e9missions de CO\u2082, de renforcer l\u2019ind\u00e9pendance \u00e9nerg\u00e9tique du territoire et de cr\u00e9er de la valeur \u00e9conomique locale \u00e0 travers des partenariats avec les entreprises et les collectivit\u00e9s.","robots":{"index":"index","follow":"follow","max-snippet":"max-snippet:-1","max-image-preview":"max-image-preview:large","max-video-preview":"max-video-preview:-1"},"canonical":"https:\/\/recrosses.eu\/fr\/les-cer\/mole-energie\/","og_locale":"fr_FR","og_type":"article","og_title":"M\u00f4le \u00c9nergie - Recrosses","og_description":"M\u00f4le \u00c9nergie est une coop\u00e9rative citoyenne de production d\u2019\u00e9nergies renouvelables cr\u00e9\u00e9e pour favoriser la transition \u00e9nerg\u00e9tique locale sur le territoire du Pays Rochois et de Faucigny Gli\u00e8re (Haute-Savoie, France). Elle d\u00e9veloppe et installe des centrales photovolta\u00efques sur des b\u00e2timents locaux et vend l\u2019\u00e9lectricit\u00e9 verte produite au r\u00e9seau, dans le respect des principes de l\u2019\u00e9conomie sociale et solidaire, avec une gouvernance participative et une lucrativit\u00e9 limit\u00e9e.Le projet a d\u00e9marr\u00e9 fin 2021 et la soci\u00e9t\u00e9 a \u00e9t\u00e9 officiellement constitu\u00e9e \u00e0 l\u2019\u00e9t\u00e9 2022 par un groupe de citoyens b\u00e9n\u00e9voles.\u00c0 ce jour, deux installations photovolta\u00efques sont en service pour une puissance totale de 208 kWc, tandis que deux autres projets sont en cours de financement. Le mod\u00e8le d\u2019investissement repose sur l\u2019engagement d\u2019environ 81 actionnaires, qui participent \u00e0 la lev\u00e9e de fonds pour la r\u00e9alisation de nouvelles installations locales.L\u2019objectif g\u00e9n\u00e9ral de M\u00f4le \u00c9nergie est de produire une \u00e9nergie renouvelable locale, de r\u00e9duire les \u00e9missions de CO\u2082, de renforcer l\u2019ind\u00e9pendance \u00e9nerg\u00e9tique du territoire et de cr\u00e9er de la valeur \u00e9conomique locale \u00e0 travers des partenariats avec les entreprises et les collectivit\u00e9s.","og_url":"https:\/\/recrosses.eu\/fr\/les-cer\/mole-energie\/","og_site_name":"Recrosses","article_modified_time":"2026-01-23T08:36:19+00:00","og_image":[{"width":1257,"height":1005,"url":"https:\/\/recrosses.eu\/wp-content\/uploads\/2026\/01\/Mole-energie.jpg","type":"image\/jpeg"}],"twitter_card":"summary_large_image","twitter_misc":{"Dur\u00e9e de lecture estim\u00e9e":"1 minute"},"schema":{"@context":"https:\/\/schema.org","@graph":[{"@type":"WebPage","@id":"https:\/\/recrosses.eu\/fr\/les-cer\/mole-energie\/","url":"https:\/\/recrosses.eu\/fr\/les-cer\/mole-energie\/","name":"M\u00f4le \u00c9nergie - Recrosses","isPartOf":{"@id":"https:\/\/recrosses.eu\/fr\/#website"},"primaryImageOfPage":{"@id":"https:\/\/recrosses.eu\/fr\/les-cer\/mole-energie\/#primaryimage"},"image":{"@id":"https:\/\/recrosses.eu\/fr\/les-cer\/mole-energie\/#primaryimage"},"thumbnailUrl":"https:\/\/recrosses.eu\/wp-content\/uploads\/2026\/01\/Mole-energie.jpg","datePublished":"2026-01-20T15:15:59+00:00","dateModified":"2026-01-23T08:36:19+00:00","description":"M\u00f4le \u00c9nergie est une coop\u00e9rative citoyenne de production d\u2019\u00e9nergies renouvelables cr\u00e9\u00e9e pour favoriser la transition \u00e9nerg\u00e9tique locale sur le territoire du Pays Rochois et de Faucigny Gli\u00e8re (Haute-Savoie, France). Elle d\u00e9veloppe et installe des centrales photovolta\u00efques sur des b\u00e2timents locaux et vend l\u2019\u00e9lectricit\u00e9 verte produite au r\u00e9seau, dans le respect des principes de l\u2019\u00e9conomie sociale et solidaire, avec une gouvernance participative et une lucrativit\u00e9 limit\u00e9e.Le projet a d\u00e9marr\u00e9 fin 2021 et la soci\u00e9t\u00e9 a \u00e9t\u00e9 officiellement constitu\u00e9e \u00e0 l\u2019\u00e9t\u00e9 2022 par un groupe de citoyens b\u00e9n\u00e9voles.\u00c0 ce jour, deux installations photovolta\u00efques sont en service pour une puissance totale de 208 kWc, tandis que deux autres projets sont en cours de financement. Le mod\u00e8le d\u2019investissement repose sur l\u2019engagement d\u2019environ 81 actionnaires, qui participent \u00e0 la lev\u00e9e de fonds pour la r\u00e9alisation de nouvelles installations locales.L\u2019objectif g\u00e9n\u00e9ral de M\u00f4le \u00c9nergie est de produire une \u00e9nergie renouvelable locale, de r\u00e9duire les \u00e9missions de CO\u2082, de renforcer l\u2019ind\u00e9pendance \u00e9nerg\u00e9tique du territoire et de cr\u00e9er de la valeur \u00e9conomique locale \u00e0 travers des partenariats avec les entreprises et les collectivit\u00e9s.","breadcrumb":{"@id":"https:\/\/recrosses.eu\/fr\/les-cer\/mole-energie\/#breadcrumb"},"inLanguage":"fr-FR","potentialAction":[{"@type":"ReadAction","target":["https:\/\/recrosses.eu\/fr\/les-cer\/mole-energie\/"]}]},{"@type":"ImageObject","inLanguage":"fr-FR","@id":"https:\/\/recrosses.eu\/fr\/les-cer\/mole-energie\/#primaryimage","url":"https:\/\/recrosses.eu\/wp-content\/uploads\/2026\/01\/Mole-energie.jpg","contentUrl":"https:\/\/recrosses.eu\/wp-content\/uploads\/2026\/01\/Mole-energie.jpg","width":1257,"height":1005},{"@type":"BreadcrumbList","@id":"https:\/\/recrosses.eu\/fr\/les-cer\/mole-energie\/#breadcrumb","itemListElement":[{"@type":"ListItem","position":1,"name":"Home","item":"https:\/\/recrosses.eu\/fr\/home\/"},{"@type":"ListItem","position":2,"name":"M\u00f4le \u00c9nergie"}]},{"@type":"WebSite","@id":"https:\/\/recrosses.eu\/fr\/#website","url":"https:\/\/recrosses.eu\/fr\/","name":"Recrosses","description":"L&#039;energia che unisce - L&#039;\u00e9nergie qui unit","potentialAction":[{"@type":"SearchAction","target":{"@type":"EntryPoint","urlTemplate":"https:\/\/recrosses.eu\/fr\/?s={search_term_string}"},"query-input":{"@type":"PropertyValueSpecification","valueRequired":true,"valueName":"search_term_string"}}],"inLanguage":"fr-FR"}]}},"_links":{"self":[{"href":"https:\/\/recrosses.eu\/fr\/wp-json\/wp\/v2\/cer\/1837","targetHints":{"allow":["GET"]}}],"collection":[{"href":"https:\/\/recrosses.eu\/fr\/wp-json\/wp\/v2\/cer"}],"about":[{"href":"https:\/\/recrosses.eu\/fr\/wp-json\/wp\/v2\/types\/cer"}],"wp:featuredmedia":[{"embeddable":true,"href":"https:\/\/recrosses.eu\/fr\/wp-json\/wp\/v2\/media\/1958"}],"wp:attachment":[{"href":"https:\/\/recrosses.eu\/fr\/wp-json\/wp\/v2\/media?parent=1837"}],"wp:term":[{"taxonomy":"regione-cer","embeddable":true,"href":"https:\/\/recrosses.eu\/fr\/wp-json\/wp\/v2\/regione-cer?post=1837"}],"curies":[{"name":"wp","href":"https:\/\/api.w.org\/{rel}","templated":true}]}}