{"id":1844,"date":"2026-01-20T16:37:21","date_gmt":"2026-01-20T15:37:21","guid":{"rendered":"https:\/\/recrosses.eu\/cer\/centrales-villageoises-durance-luberon\/"},"modified":"2026-01-23T09:28:05","modified_gmt":"2026-01-23T08:28:05","slug":"centrales-villageoises-durance-luberon","status":"publish","type":"cer","link":"https:\/\/recrosses.eu\/fr\/les-cer\/centrales-villageoises-durance-luberon\/","title":{"rendered":"Centrales Villageoises Durance Luberon"},"content":{"rendered":"\n<p class=\"wp-block-paragraph\"><strong>Centrales Villageoises Durance Luberon<\/strong> est une <strong>soci\u00e9t\u00e9 de production d\u2019\u00e9nergie renouvelable \u00e0 gouvernance locale<\/strong>, cr\u00e9\u00e9e <strong>en 2024<\/strong> \u00e0 l\u2019initiative d\u2019une <strong>entreprise priv\u00e9e<\/strong> en collaboration avec des citoyens et des acteurs du territoire.<\/p>\n\n<p class=\"wp-block-paragraph\">La coop\u00e9rative d\u00e9veloppe des <strong>projets photovolta\u00efques<\/strong> visant \u00e0 la fois la production d\u2019\u00e9lectricit\u00e9 solaire inject\u00e9e dans le r\u00e9seau et l\u2019autoconsommation locale partag\u00e9e. Le premier cycle de r\u00e9alisations a conduit \u00e0 la mise en service de deux installations photovolta\u00efques d\u2019une puissance totale d\u2019environ <strong>140\u202fkWc<\/strong>. Pour l\u2019une de ces installations, environ <strong>40\u202f% de l\u2019\u00e9nergie produite est autoconsomm\u00e9e sur place<\/strong>, tandis que les <strong>60\u202f% restants sont partag\u00e9s via des dispositifs d\u2019autoconsommation collective<\/strong> entre les soci\u00e9taires et les consommateurs locaux.  <\/p>\n\n<p class=\"wp-block-paragraph\">Le projet repose sur l\u2019id\u00e9e de concilier l\u2019engagement entrepreneurial et la participation citoyenne afin d\u2019acc\u00e9l\u00e9rer la <strong>transition \u00e9nerg\u00e9tique locale<\/strong>, en impliquant les communaut\u00e9s, les entreprises et les administrations dans la production d\u2019<strong>\u00e9nergie propre<\/strong>, la r\u00e9duction des \u00e9missions de CO\u2082 et la promotion de <strong>mod\u00e8les \u00e9nerg\u00e9tiques durables et partag\u00e9s<\/strong>.<\/p>\n","protected":false},"featured_media":1843,"template":"","meta":{"_acf_changed":false},"regione-cer":[34],"class_list":["post-1844","cer","type-cer","status-publish","has-post-thumbnail","hentry","regione-cer-france"],"acf":[],"yoast_head":"<!-- This site is optimized with the Yoast SEO plugin v28.3 - https:\/\/yoast.com\/product\/yoast-seo-wordpress\/ -->\n<title>Centrales Villageoises Durance Luberon - Recrosses<\/title>\n<meta name=\"description\" content=\"Centrales Villageoises Durance Luberon est une soci\u00e9t\u00e9 de production d\u2019\u00e9nergie renouvelable \u00e0 gouvernance locale, cr\u00e9\u00e9e en 2024 \u00e0 l\u2019initiative d\u2019une entreprise priv\u00e9e en collaboration avec des citoyens et des acteurs du territoire.La coop\u00e9rative d\u00e9veloppe des projets photovolta\u00efques visant \u00e0 la fois la production d\u2019\u00e9lectricit\u00e9 solaire inject\u00e9e dans le r\u00e9seau et l\u2019autoconsommation locale partag\u00e9e. Le premier cycle de r\u00e9alisations a conduit \u00e0 la mise en service de deux installations photovolta\u00efques d\u2019une puissance totale d\u2019environ 140\u202fkWc. Pour l\u2019une de ces installations, environ 40\u202f% de l\u2019\u00e9nergie produite est autoconsomm\u00e9e sur place, tandis que les 60\u202f% restants sont partag\u00e9s via des dispositifs d\u2019autoconsommation collective entre les soci\u00e9taires et les consommateurs locaux.Le projet repose sur l\u2019id\u00e9e de concilier l\u2019engagement entrepreneurial et la participation citoyenne afin d\u2019acc\u00e9l\u00e9rer la transition \u00e9nerg\u00e9tique locale, en impliquant les communaut\u00e9s, les entreprises et les administrations dans la production d\u2019\u00e9nergie propre, la r\u00e9duction des \u00e9missions de CO\u2082 et la promotion de mod\u00e8les \u00e9nerg\u00e9tiques durables et partag\u00e9s.\" \/>\n<meta name=\"robots\" content=\"index, follow, max-snippet:-1, max-image-preview:large, max-video-preview:-1\" \/>\n<link rel=\"canonical\" href=\"https:\/\/recrosses.eu\/fr\/les-cer\/centrales-villageoises-durance-luberon\/\" \/>\n<meta property=\"og:locale\" content=\"fr_FR\" \/>\n<meta property=\"og:type\" content=\"article\" \/>\n<meta property=\"og:title\" content=\"Centrales Villageoises Durance Luberon - Recrosses\" \/>\n<meta property=\"og:description\" content=\"Centrales Villageoises Durance Luberon est une soci\u00e9t\u00e9 de production d\u2019\u00e9nergie renouvelable \u00e0 gouvernance locale, cr\u00e9\u00e9e en 2024 \u00e0 l\u2019initiative d\u2019une entreprise priv\u00e9e en collaboration avec des citoyens et des acteurs du territoire.La coop\u00e9rative d\u00e9veloppe des projets photovolta\u00efques visant \u00e0 la fois la production d\u2019\u00e9lectricit\u00e9 solaire inject\u00e9e dans le r\u00e9seau et l\u2019autoconsommation locale partag\u00e9e. Le premier cycle de r\u00e9alisations a conduit \u00e0 la mise en service de deux installations photovolta\u00efques d\u2019une puissance totale d\u2019environ 140\u202fkWc. Pour l\u2019une de ces installations, environ 40\u202f% de l\u2019\u00e9nergie produite est autoconsomm\u00e9e sur place, tandis que les 60\u202f% restants sont partag\u00e9s via des dispositifs d\u2019autoconsommation collective entre les soci\u00e9taires et les consommateurs locaux.Le projet repose sur l\u2019id\u00e9e de concilier l\u2019engagement entrepreneurial et la participation citoyenne afin d\u2019acc\u00e9l\u00e9rer la transition \u00e9nerg\u00e9tique locale, en impliquant les communaut\u00e9s, les entreprises et les administrations dans la production d\u2019\u00e9nergie propre, la r\u00e9duction des \u00e9missions de CO\u2082 et la promotion de mod\u00e8les \u00e9nerg\u00e9tiques durables et partag\u00e9s.\" \/>\n<meta property=\"og:url\" content=\"https:\/\/recrosses.eu\/fr\/les-cer\/centrales-villageoises-durance-luberon\/\" \/>\n<meta property=\"og:site_name\" content=\"Recrosses\" \/>\n<meta property=\"article:modified_time\" content=\"2026-01-23T08:28:05+00:00\" \/>\n<meta property=\"og:image\" content=\"https:\/\/recrosses.eu\/wp-content\/uploads\/2026\/01\/CV-Durance-Luberon-copia.jpg\" \/>\n\t<meta property=\"og:image:width\" content=\"1200\" \/>\n\t<meta property=\"og:image:height\" content=\"800\" \/>\n\t<meta property=\"og:image:type\" content=\"image\/jpeg\" \/>\n<meta name=\"twitter:card\" content=\"summary_large_image\" \/>\n<meta name=\"twitter:label1\" content=\"Dur\u00e9e de lecture estim\u00e9e\" \/>\n\t<meta name=\"twitter:data1\" content=\"1 minute\" \/>\n<script type=\"application\/ld+json\" class=\"yoast-schema-graph\">{\"@context\":\"https:\\\/\\\/schema.org\",\"@graph\":[{\"@type\":\"WebPage\",\"@id\":\"https:\\\/\\\/recrosses.eu\\\/fr\\\/les-cer\\\/centrales-villageoises-durance-luberon\\\/\",\"url\":\"https:\\\/\\\/recrosses.eu\\\/fr\\\/les-cer\\\/centrales-villageoises-durance-luberon\\\/\",\"name\":\"Centrales Villageoises Durance Luberon - Recrosses\",\"isPartOf\":{\"@id\":\"https:\\\/\\\/recrosses.eu\\\/fr\\\/#website\"},\"primaryImageOfPage\":{\"@id\":\"https:\\\/\\\/recrosses.eu\\\/fr\\\/les-cer\\\/centrales-villageoises-durance-luberon\\\/#primaryimage\"},\"image\":{\"@id\":\"https:\\\/\\\/recrosses.eu\\\/fr\\\/les-cer\\\/centrales-villageoises-durance-luberon\\\/#primaryimage\"},\"thumbnailUrl\":\"https:\\\/\\\/recrosses.eu\\\/wp-content\\\/uploads\\\/2026\\\/01\\\/CV-Durance-Luberon-copia.jpg\",\"datePublished\":\"2026-01-20T15:37:21+00:00\",\"dateModified\":\"2026-01-23T08:28:05+00:00\",\"description\":\"Centrales Villageoises Durance Luberon est une soci\u00e9t\u00e9 de production d\u2019\u00e9nergie renouvelable \u00e0 gouvernance locale, cr\u00e9\u00e9e en 2024 \u00e0 l\u2019initiative d\u2019une entreprise priv\u00e9e en collaboration avec des citoyens et des acteurs du territoire.La coop\u00e9rative d\u00e9veloppe des projets photovolta\u00efques visant \u00e0 la fois la production d\u2019\u00e9lectricit\u00e9 solaire inject\u00e9e dans le r\u00e9seau et l\u2019autoconsommation locale partag\u00e9e. Le premier cycle de r\u00e9alisations a conduit \u00e0 la mise en service de deux installations photovolta\u00efques d\u2019une puissance totale d\u2019environ 140\u202fkWc. Pour l\u2019une de ces installations, environ 40\u202f% de l\u2019\u00e9nergie produite est autoconsomm\u00e9e sur place, tandis que les 60\u202f% restants sont partag\u00e9s via des dispositifs d\u2019autoconsommation collective entre les soci\u00e9taires et les consommateurs locaux.Le projet repose sur l\u2019id\u00e9e de concilier l\u2019engagement entrepreneurial et la participation citoyenne afin d\u2019acc\u00e9l\u00e9rer la transition \u00e9nerg\u00e9tique locale, en impliquant les communaut\u00e9s, les entreprises et les administrations dans la production d\u2019\u00e9nergie propre, la r\u00e9duction des \u00e9missions de CO\u2082 et la promotion de mod\u00e8les \u00e9nerg\u00e9tiques durables et partag\u00e9s.\",\"breadcrumb\":{\"@id\":\"https:\\\/\\\/recrosses.eu\\\/fr\\\/les-cer\\\/centrales-villageoises-durance-luberon\\\/#breadcrumb\"},\"inLanguage\":\"fr-FR\",\"potentialAction\":[{\"@type\":\"ReadAction\",\"target\":[\"https:\\\/\\\/recrosses.eu\\\/fr\\\/les-cer\\\/centrales-villageoises-durance-luberon\\\/\"]}]},{\"@type\":\"ImageObject\",\"inLanguage\":\"fr-FR\",\"@id\":\"https:\\\/\\\/recrosses.eu\\\/fr\\\/les-cer\\\/centrales-villageoises-durance-luberon\\\/#primaryimage\",\"url\":\"https:\\\/\\\/recrosses.eu\\\/wp-content\\\/uploads\\\/2026\\\/01\\\/CV-Durance-Luberon-copia.jpg\",\"contentUrl\":\"https:\\\/\\\/recrosses.eu\\\/wp-content\\\/uploads\\\/2026\\\/01\\\/CV-Durance-Luberon-copia.jpg\",\"width\":1200,\"height\":800},{\"@type\":\"BreadcrumbList\",\"@id\":\"https:\\\/\\\/recrosses.eu\\\/fr\\\/les-cer\\\/centrales-villageoises-durance-luberon\\\/#breadcrumb\",\"itemListElement\":[{\"@type\":\"ListItem\",\"position\":1,\"name\":\"Home\",\"item\":\"https:\\\/\\\/recrosses.eu\\\/fr\\\/home\\\/\"},{\"@type\":\"ListItem\",\"position\":2,\"name\":\"Centrales Villageoises Durance Luberon\"}]},{\"@type\":\"WebSite\",\"@id\":\"https:\\\/\\\/recrosses.eu\\\/fr\\\/#website\",\"url\":\"https:\\\/\\\/recrosses.eu\\\/fr\\\/\",\"name\":\"Recrosses\",\"description\":\"L&#039;energia che unisce - L&#039;\u00e9nergie qui unit\",\"potentialAction\":[{\"@type\":\"SearchAction\",\"target\":{\"@type\":\"EntryPoint\",\"urlTemplate\":\"https:\\\/\\\/recrosses.eu\\\/fr\\\/?s={search_term_string}\"},\"query-input\":{\"@type\":\"PropertyValueSpecification\",\"valueRequired\":true,\"valueName\":\"search_term_string\"}}],\"inLanguage\":\"fr-FR\"}]}<\/script>\n<!-- \/ Yoast SEO plugin. -->","yoast_head_json":{"title":"Centrales Villageoises Durance Luberon - Recrosses","description":"Centrales Villageoises Durance Luberon est une soci\u00e9t\u00e9 de production d\u2019\u00e9nergie renouvelable \u00e0 gouvernance locale, cr\u00e9\u00e9e en 2024 \u00e0 l\u2019initiative d\u2019une entreprise priv\u00e9e en collaboration avec des citoyens et des acteurs du territoire.La coop\u00e9rative d\u00e9veloppe des projets photovolta\u00efques visant \u00e0 la fois la production d\u2019\u00e9lectricit\u00e9 solaire inject\u00e9e dans le r\u00e9seau et l\u2019autoconsommation locale partag\u00e9e. Le premier cycle de r\u00e9alisations a conduit \u00e0 la mise en service de deux installations photovolta\u00efques d\u2019une puissance totale d\u2019environ 140\u202fkWc. Pour l\u2019une de ces installations, environ 40\u202f% de l\u2019\u00e9nergie produite est autoconsomm\u00e9e sur place, tandis que les 60\u202f% restants sont partag\u00e9s via des dispositifs d\u2019autoconsommation collective entre les soci\u00e9taires et les consommateurs locaux.Le projet repose sur l\u2019id\u00e9e de concilier l\u2019engagement entrepreneurial et la participation citoyenne afin d\u2019acc\u00e9l\u00e9rer la transition \u00e9nerg\u00e9tique locale, en impliquant les communaut\u00e9s, les entreprises et les administrations dans la production d\u2019\u00e9nergie propre, la r\u00e9duction des \u00e9missions de CO\u2082 et la promotion de mod\u00e8les \u00e9nerg\u00e9tiques durables et partag\u00e9s.","robots":{"index":"index","follow":"follow","max-snippet":"max-snippet:-1","max-image-preview":"max-image-preview:large","max-video-preview":"max-video-preview:-1"},"canonical":"https:\/\/recrosses.eu\/fr\/les-cer\/centrales-villageoises-durance-luberon\/","og_locale":"fr_FR","og_type":"article","og_title":"Centrales Villageoises Durance Luberon - Recrosses","og_description":"Centrales Villageoises Durance Luberon est une soci\u00e9t\u00e9 de production d\u2019\u00e9nergie renouvelable \u00e0 gouvernance locale, cr\u00e9\u00e9e en 2024 \u00e0 l\u2019initiative d\u2019une entreprise priv\u00e9e en collaboration avec des citoyens et des acteurs du territoire.La coop\u00e9rative d\u00e9veloppe des projets photovolta\u00efques visant \u00e0 la fois la production d\u2019\u00e9lectricit\u00e9 solaire inject\u00e9e dans le r\u00e9seau et l\u2019autoconsommation locale partag\u00e9e. Le premier cycle de r\u00e9alisations a conduit \u00e0 la mise en service de deux installations photovolta\u00efques d\u2019une puissance totale d\u2019environ 140\u202fkWc. Pour l\u2019une de ces installations, environ 40\u202f% de l\u2019\u00e9nergie produite est autoconsomm\u00e9e sur place, tandis que les 60\u202f% restants sont partag\u00e9s via des dispositifs d\u2019autoconsommation collective entre les soci\u00e9taires et les consommateurs locaux.Le projet repose sur l\u2019id\u00e9e de concilier l\u2019engagement entrepreneurial et la participation citoyenne afin d\u2019acc\u00e9l\u00e9rer la transition \u00e9nerg\u00e9tique locale, en impliquant les communaut\u00e9s, les entreprises et les administrations dans la production d\u2019\u00e9nergie propre, la r\u00e9duction des \u00e9missions de CO\u2082 et la promotion de mod\u00e8les \u00e9nerg\u00e9tiques durables et partag\u00e9s.","og_url":"https:\/\/recrosses.eu\/fr\/les-cer\/centrales-villageoises-durance-luberon\/","og_site_name":"Recrosses","article_modified_time":"2026-01-23T08:28:05+00:00","og_image":[{"width":1200,"height":800,"url":"https:\/\/recrosses.eu\/wp-content\/uploads\/2026\/01\/CV-Durance-Luberon-copia.jpg","type":"image\/jpeg"}],"twitter_card":"summary_large_image","twitter_misc":{"Dur\u00e9e de lecture estim\u00e9e":"1 minute"},"schema":{"@context":"https:\/\/schema.org","@graph":[{"@type":"WebPage","@id":"https:\/\/recrosses.eu\/fr\/les-cer\/centrales-villageoises-durance-luberon\/","url":"https:\/\/recrosses.eu\/fr\/les-cer\/centrales-villageoises-durance-luberon\/","name":"Centrales Villageoises Durance Luberon - Recrosses","isPartOf":{"@id":"https:\/\/recrosses.eu\/fr\/#website"},"primaryImageOfPage":{"@id":"https:\/\/recrosses.eu\/fr\/les-cer\/centrales-villageoises-durance-luberon\/#primaryimage"},"image":{"@id":"https:\/\/recrosses.eu\/fr\/les-cer\/centrales-villageoises-durance-luberon\/#primaryimage"},"thumbnailUrl":"https:\/\/recrosses.eu\/wp-content\/uploads\/2026\/01\/CV-Durance-Luberon-copia.jpg","datePublished":"2026-01-20T15:37:21+00:00","dateModified":"2026-01-23T08:28:05+00:00","description":"Centrales Villageoises Durance Luberon est une soci\u00e9t\u00e9 de production d\u2019\u00e9nergie renouvelable \u00e0 gouvernance locale, cr\u00e9\u00e9e en 2024 \u00e0 l\u2019initiative d\u2019une entreprise priv\u00e9e en collaboration avec des citoyens et des acteurs du territoire.La coop\u00e9rative d\u00e9veloppe des projets photovolta\u00efques visant \u00e0 la fois la production d\u2019\u00e9lectricit\u00e9 solaire inject\u00e9e dans le r\u00e9seau et l\u2019autoconsommation locale partag\u00e9e. Le premier cycle de r\u00e9alisations a conduit \u00e0 la mise en service de deux installations photovolta\u00efques d\u2019une puissance totale d\u2019environ 140\u202fkWc. Pour l\u2019une de ces installations, environ 40\u202f% de l\u2019\u00e9nergie produite est autoconsomm\u00e9e sur place, tandis que les 60\u202f% restants sont partag\u00e9s via des dispositifs d\u2019autoconsommation collective entre les soci\u00e9taires et les consommateurs locaux.Le projet repose sur l\u2019id\u00e9e de concilier l\u2019engagement entrepreneurial et la participation citoyenne afin d\u2019acc\u00e9l\u00e9rer la transition \u00e9nerg\u00e9tique locale, en impliquant les communaut\u00e9s, les entreprises et les administrations dans la production d\u2019\u00e9nergie propre, la r\u00e9duction des \u00e9missions de CO\u2082 et la promotion de mod\u00e8les \u00e9nerg\u00e9tiques durables et partag\u00e9s.","breadcrumb":{"@id":"https:\/\/recrosses.eu\/fr\/les-cer\/centrales-villageoises-durance-luberon\/#breadcrumb"},"inLanguage":"fr-FR","potentialAction":[{"@type":"ReadAction","target":["https:\/\/recrosses.eu\/fr\/les-cer\/centrales-villageoises-durance-luberon\/"]}]},{"@type":"ImageObject","inLanguage":"fr-FR","@id":"https:\/\/recrosses.eu\/fr\/les-cer\/centrales-villageoises-durance-luberon\/#primaryimage","url":"https:\/\/recrosses.eu\/wp-content\/uploads\/2026\/01\/CV-Durance-Luberon-copia.jpg","contentUrl":"https:\/\/recrosses.eu\/wp-content\/uploads\/2026\/01\/CV-Durance-Luberon-copia.jpg","width":1200,"height":800},{"@type":"BreadcrumbList","@id":"https:\/\/recrosses.eu\/fr\/les-cer\/centrales-villageoises-durance-luberon\/#breadcrumb","itemListElement":[{"@type":"ListItem","position":1,"name":"Home","item":"https:\/\/recrosses.eu\/fr\/home\/"},{"@type":"ListItem","position":2,"name":"Centrales Villageoises Durance Luberon"}]},{"@type":"WebSite","@id":"https:\/\/recrosses.eu\/fr\/#website","url":"https:\/\/recrosses.eu\/fr\/","name":"Recrosses","description":"L&#039;energia che unisce - L&#039;\u00e9nergie qui unit","potentialAction":[{"@type":"SearchAction","target":{"@type":"EntryPoint","urlTemplate":"https:\/\/recrosses.eu\/fr\/?s={search_term_string}"},"query-input":{"@type":"PropertyValueSpecification","valueRequired":true,"valueName":"search_term_string"}}],"inLanguage":"fr-FR"}]}},"_links":{"self":[{"href":"https:\/\/recrosses.eu\/fr\/wp-json\/wp\/v2\/cer\/1844","targetHints":{"allow":["GET"]}}],"collection":[{"href":"https:\/\/recrosses.eu\/fr\/wp-json\/wp\/v2\/cer"}],"about":[{"href":"https:\/\/recrosses.eu\/fr\/wp-json\/wp\/v2\/types\/cer"}],"wp:featuredmedia":[{"embeddable":true,"href":"https:\/\/recrosses.eu\/fr\/wp-json\/wp\/v2\/media\/1843"}],"wp:attachment":[{"href":"https:\/\/recrosses.eu\/fr\/wp-json\/wp\/v2\/media?parent=1844"}],"wp:term":[{"taxonomy":"regione-cer","embeddable":true,"href":"https:\/\/recrosses.eu\/fr\/wp-json\/wp\/v2\/regione-cer?post=1844"}],"curies":[{"name":"wp","href":"https:\/\/api.w.org\/{rel}","templated":true}]}}