{"id":1132,"date":"2025-02-21T12:12:50","date_gmt":"2025-02-21T11:12:50","guid":{"rendered":"https:\/\/recrosses.eu\/evento\/cers-rodello-soiree-partage\/"},"modified":"2025-02-21T16:23:21","modified_gmt":"2025-02-21T15:23:21","slug":"cers-rodello-soiree-partage","status":"publish","type":"evento","link":"https:\/\/recrosses.eu\/fr\/evenement-fr\/cers-rodello-soiree-partage\/","title":{"rendered":"CERS Rodello: soir\u00e9e partage"},"content":{"rendered":"\n<p class=\"wp-block-paragraph\">Les Paroisses de Cortemilia invitent les citoyens \u00e0 une soir\u00e9e partage sur les th\u00e8mes de l&rsquo;\u00e9nergie renouvelable et de la durabilit\u00e9 en annon\u00e7ant leur adh\u00e9sion \u00e0 la \u00ab\u00a0Comunit\u00e0 Energetica <strong><u><a href=\"https:\/\/www.instagram.com\/cers_rodello\/\">CER \u2013 Solidale<\/a><\/u>, <\/strong>fond\u00e9e \u00e0 Rodello avec le support de <strong><u><a href=\"https:\/\/recrosses.eu\/fr\/\" target=\"_blank\" rel=\"noreferrer noopener\">RECROSSES<\/a><\/u><\/strong>, le projet cofinanc\u00e9 par le <strong><u>programme <a href=\"https:\/\/www.interreg-alcotra.eu\/it\">ALCOTRA<\/a><\/u><\/strong> Italie-France, avec Environment Park comme coordinateur et au sein duquel la soir\u00e9e informative est organis\u00e9e.<\/p>\n\n<p class=\"wp-block-paragraph\">L\u2019\u00e9v\u00e9nement aura lieu <strong>jeudi 27 f\u00e8vrier \u00e0 20h.30<\/strong> au si\u00e8ge de l\u2019<strong>Oratorio parrocchiale di San Pantaleo a Cortemilia (CN)<\/strong>, avec la participation de:<\/p>\n\n<ul class=\"wp-block-list\">\n<li><strong>Don Valerio Pennasso<\/strong>, pr\u00e9sident de la CERS<\/li>\n\n\n\n<li><strong>Avocat Marco Didier<\/strong>, membre du conseil de la CERS<\/li>\n\n\n\n<li><strong>Arch. Stefano Dotta<\/strong>, de Environment Park, coordinateur du projet RECROSSES.<\/li>\n<\/ul>\n\n<p class=\"wp-block-paragraph\">La soir\u00e9e sera une occasion pour approfondir le fonctionnement des CER, les b\u00e9n\u00e9fices pour les citoyens et le r\u00f4le des paroisses dans la promotion de changements positifs sur le territoire. La rencontre est ouverte \u00e0 tous ceux qui souhaitent entrer dans les d\u00e9tails d&rsquo;une CER et contribuer \u00e0 la<strong> transition \u00e9nerg\u00e9tique de la communaut\u00e9.<\/strong>  <\/p>\n\n<figure class=\"wp-block-image size-large\"><img fetchpriority=\"high\" decoding=\"async\" width=\"1024\" height=\"792\" data-src=\"https:\/\/recrosses.eu\/wp-content\/uploads\/2025\/02\/CERS-Cortemilia-25-02-27-1024x792.jpg\" src=\"data:image\/gif;base64,R0lGODlhAQABAIAAAAAAAP\/\/\/yH5BAEAAAAALAAAAAABAAEAAAIBRAA7\" alt=\"\" class=\"wp-image-1126 lazyload\"\/><noscript><img decoding=\"async\" width=\"1024\" height=\"792\" src=\"https:\/\/recrosses.eu\/wp-content\/uploads\/2025\/02\/CERS-Cortemilia-25-02-27-1024x792.jpg\" alt=\"\" class=\"wp-image-1126\" srcset=\"https:\/\/recrosses.eu\/wp-content\/uploads\/2025\/02\/CERS-Cortemilia-25-02-27-1024x792.jpg 1024w, https:\/\/recrosses.eu\/wp-content\/uploads\/2025\/02\/CERS-Cortemilia-25-02-27-300x232.jpg 300w, https:\/\/recrosses.eu\/wp-content\/uploads\/2025\/02\/CERS-Cortemilia-25-02-27-768x594.jpg 768w, https:\/\/recrosses.eu\/wp-content\/uploads\/2025\/02\/CERS-Cortemilia-25-02-27.jpg 1223w\" sizes=\"(max-width: 1024px) 100vw, 1024px\" \/><\/noscript><\/figure>\n","protected":false},"excerpt":{"rendered":"<p>Les Paroisses de Cortemilia invitent les citoyens \u00e0 une soir\u00e9e partage sur les th\u00e8mes de l&rsquo;\u00e9nergie renouvelable et de la durabilit\u00e9 en annon\u00e7ant leur adh\u00e9sion \u00e0 la \u00ab\u00a0Comunit\u00e0 Energetica CER \u2013 Solidale, fond\u00e9e \u00e0 Rodello avec le support de RECROSSES, le projet cofinanc\u00e9 par le programme ALCOTRA Italie-France, avec Environment Park comme coordinateur et au [&hellip;]<\/p>\n","protected":false},"author":4,"featured_media":1136,"template":"","format":"standard","meta":{"_acf_changed":false,"footnotes":""},"class_list":["post-1132","evento","type-evento","status-publish","format-standard","has-post-thumbnail","hentry"],"acf":[],"yoast_head":"<!-- This site is optimized with the Yoast SEO plugin v28.3 - https:\/\/yoast.com\/product\/yoast-seo-wordpress\/ -->\n<title>CERS Rodello: soir\u00e9e partage - Recrosses<\/title>\n<meta name=\"description\" content=\"Le projet Alcotra RECROSSES participera, avec son partenaire Envipark, \u00e0 la soir\u00e9e partage organis\u00e9e par la Comunit\u00e0 Energetica Rinnovabile \u2013 Solidale (CERS) Rodello qui aura lieu jeudi 27 f\u00e9vrier 2025 \u00e0 20h:30 dans le si\u00e8ge de l&#039;Oratorio parrocchiale San Pantaleo Cortemilia.Les Paroisses de Cortemilia rejoignent le CER-Solidale qui propose une vision d&#039;une communaut\u00e9 \u00e9nerg\u00e9tique visant \u00e0 soutenir un avenir inclusif et durable.\" \/>\n<meta name=\"robots\" content=\"index, follow, max-snippet:-1, max-image-preview:large, max-video-preview:-1\" \/>\n<link rel=\"canonical\" href=\"https:\/\/recrosses.eu\/fr\/evenement-fr\/cers-rodello-soiree-partage\/\" \/>\n<meta property=\"og:locale\" content=\"fr_FR\" \/>\n<meta property=\"og:type\" content=\"article\" \/>\n<meta property=\"og:title\" content=\"CERS Rodello: soir\u00e9e partage - Recrosses\" \/>\n<meta property=\"og:description\" content=\"Le projet Alcotra RECROSSES participera, avec son partenaire Envipark, \u00e0 la soir\u00e9e partage organis\u00e9e par la Comunit\u00e0 Energetica Rinnovabile \u2013 Solidale (CERS) Rodello qui aura lieu jeudi 27 f\u00e9vrier 2025 \u00e0 20h:30 dans le si\u00e8ge de l&#039;Oratorio parrocchiale San Pantaleo Cortemilia.Les Paroisses de Cortemilia rejoignent le CER-Solidale qui propose une vision d&#039;une communaut\u00e9 \u00e9nerg\u00e9tique visant \u00e0 soutenir un avenir inclusif et durable.\" \/>\n<meta property=\"og:url\" content=\"https:\/\/recrosses.eu\/fr\/evenement-fr\/cers-rodello-soiree-partage\/\" \/>\n<meta property=\"og:site_name\" content=\"Recrosses\" \/>\n<meta property=\"article:modified_time\" content=\"2025-02-21T15:23:21+00:00\" \/>\n<meta property=\"og:image\" content=\"https:\/\/recrosses.eu\/wp-content\/uploads\/2025\/02\/CERS-Cortemilia-sostenibilita.jpg\" \/>\n\t<meta property=\"og:image:width\" content=\"1280\" \/>\n\t<meta property=\"og:image:height\" content=\"800\" \/>\n\t<meta property=\"og:image:type\" content=\"image\/jpeg\" \/>\n<meta name=\"twitter:card\" content=\"summary_large_image\" \/>\n<meta name=\"twitter:label1\" content=\"Dur\u00e9e de lecture estim\u00e9e\" \/>\n\t<meta name=\"twitter:data1\" content=\"1 minute\" \/>\n<script type=\"application\/ld+json\" class=\"yoast-schema-graph\">{\"@context\":\"https:\\\/\\\/schema.org\",\"@graph\":[{\"@type\":\"WebPage\",\"@id\":\"https:\\\/\\\/recrosses.eu\\\/fr\\\/evenement-fr\\\/cers-rodello-soiree-partage\\\/\",\"url\":\"https:\\\/\\\/recrosses.eu\\\/fr\\\/evenement-fr\\\/cers-rodello-soiree-partage\\\/\",\"name\":\"CERS Rodello: soir\u00e9e partage - Recrosses\",\"isPartOf\":{\"@id\":\"https:\\\/\\\/recrosses.eu\\\/fr\\\/#website\"},\"primaryImageOfPage\":{\"@id\":\"https:\\\/\\\/recrosses.eu\\\/fr\\\/evenement-fr\\\/cers-rodello-soiree-partage\\\/#primaryimage\"},\"image\":{\"@id\":\"https:\\\/\\\/recrosses.eu\\\/fr\\\/evenement-fr\\\/cers-rodello-soiree-partage\\\/#primaryimage\"},\"thumbnailUrl\":\"https:\\\/\\\/recrosses.eu\\\/wp-content\\\/uploads\\\/2025\\\/02\\\/CERS-Cortemilia-sostenibilita.jpg\",\"datePublished\":\"2025-02-21T11:12:50+00:00\",\"dateModified\":\"2025-02-21T15:23:21+00:00\",\"description\":\"Le projet Alcotra RECROSSES participera, avec son partenaire Envipark, \u00e0 la soir\u00e9e partage organis\u00e9e par la Comunit\u00e0 Energetica Rinnovabile \u2013 Solidale (CERS) Rodello qui aura lieu jeudi 27 f\u00e9vrier 2025 \u00e0 20h:30 dans le si\u00e8ge de l'Oratorio parrocchiale San Pantaleo Cortemilia.Les Paroisses de Cortemilia rejoignent le CER-Solidale qui propose une vision d'une communaut\u00e9 \u00e9nerg\u00e9tique visant \u00e0 soutenir un avenir inclusif et durable.\",\"breadcrumb\":{\"@id\":\"https:\\\/\\\/recrosses.eu\\\/fr\\\/evenement-fr\\\/cers-rodello-soiree-partage\\\/#breadcrumb\"},\"inLanguage\":\"fr-FR\",\"potentialAction\":[{\"@type\":\"ReadAction\",\"target\":[\"https:\\\/\\\/recrosses.eu\\\/fr\\\/evenement-fr\\\/cers-rodello-soiree-partage\\\/\"]}]},{\"@type\":\"ImageObject\",\"inLanguage\":\"fr-FR\",\"@id\":\"https:\\\/\\\/recrosses.eu\\\/fr\\\/evenement-fr\\\/cers-rodello-soiree-partage\\\/#primaryimage\",\"url\":\"https:\\\/\\\/recrosses.eu\\\/wp-content\\\/uploads\\\/2025\\\/02\\\/CERS-Cortemilia-sostenibilita.jpg\",\"contentUrl\":\"https:\\\/\\\/recrosses.eu\\\/wp-content\\\/uploads\\\/2025\\\/02\\\/CERS-Cortemilia-sostenibilita.jpg\",\"width\":1280,\"height\":800,\"caption\":\"CERS Cortemilia sostenibilit\u00e0\"},{\"@type\":\"BreadcrumbList\",\"@id\":\"https:\\\/\\\/recrosses.eu\\\/fr\\\/evenement-fr\\\/cers-rodello-soiree-partage\\\/#breadcrumb\",\"itemListElement\":[{\"@type\":\"ListItem\",\"position\":1,\"name\":\"Home\",\"item\":\"https:\\\/\\\/recrosses.eu\\\/fr\\\/home\\\/\"},{\"@type\":\"ListItem\",\"position\":2,\"name\":\"CERS Rodello: soir\u00e9e partage\"}]},{\"@type\":\"WebSite\",\"@id\":\"https:\\\/\\\/recrosses.eu\\\/fr\\\/#website\",\"url\":\"https:\\\/\\\/recrosses.eu\\\/fr\\\/\",\"name\":\"Recrosses\",\"description\":\"L&#039;energia che unisce - L&#039;\u00e9nergie qui unit\",\"potentialAction\":[{\"@type\":\"SearchAction\",\"target\":{\"@type\":\"EntryPoint\",\"urlTemplate\":\"https:\\\/\\\/recrosses.eu\\\/fr\\\/?s={search_term_string}\"},\"query-input\":{\"@type\":\"PropertyValueSpecification\",\"valueRequired\":true,\"valueName\":\"search_term_string\"}}],\"inLanguage\":\"fr-FR\"}]}<\/script>\n<!-- \/ Yoast SEO plugin. -->","yoast_head_json":{"title":"CERS Rodello: soir\u00e9e partage - Recrosses","description":"Le projet Alcotra RECROSSES participera, avec son partenaire Envipark, \u00e0 la soir\u00e9e partage organis\u00e9e par la Comunit\u00e0 Energetica Rinnovabile \u2013 Solidale (CERS) Rodello qui aura lieu jeudi 27 f\u00e9vrier 2025 \u00e0 20h:30 dans le si\u00e8ge de l'Oratorio parrocchiale San Pantaleo Cortemilia.Les Paroisses de Cortemilia rejoignent le CER-Solidale qui propose une vision d'une communaut\u00e9 \u00e9nerg\u00e9tique visant \u00e0 soutenir un avenir inclusif et durable.","robots":{"index":"index","follow":"follow","max-snippet":"max-snippet:-1","max-image-preview":"max-image-preview:large","max-video-preview":"max-video-preview:-1"},"canonical":"https:\/\/recrosses.eu\/fr\/evenement-fr\/cers-rodello-soiree-partage\/","og_locale":"fr_FR","og_type":"article","og_title":"CERS Rodello: soir\u00e9e partage - Recrosses","og_description":"Le projet Alcotra RECROSSES participera, avec son partenaire Envipark, \u00e0 la soir\u00e9e partage organis\u00e9e par la Comunit\u00e0 Energetica Rinnovabile \u2013 Solidale (CERS) Rodello qui aura lieu jeudi 27 f\u00e9vrier 2025 \u00e0 20h:30 dans le si\u00e8ge de l'Oratorio parrocchiale San Pantaleo Cortemilia.Les Paroisses de Cortemilia rejoignent le CER-Solidale qui propose une vision d'une communaut\u00e9 \u00e9nerg\u00e9tique visant \u00e0 soutenir un avenir inclusif et durable.","og_url":"https:\/\/recrosses.eu\/fr\/evenement-fr\/cers-rodello-soiree-partage\/","og_site_name":"Recrosses","article_modified_time":"2025-02-21T15:23:21+00:00","og_image":[{"width":1280,"height":800,"url":"https:\/\/recrosses.eu\/wp-content\/uploads\/2025\/02\/CERS-Cortemilia-sostenibilita.jpg","type":"image\/jpeg"}],"twitter_card":"summary_large_image","twitter_misc":{"Dur\u00e9e de lecture estim\u00e9e":"1 minute"},"schema":{"@context":"https:\/\/schema.org","@graph":[{"@type":"WebPage","@id":"https:\/\/recrosses.eu\/fr\/evenement-fr\/cers-rodello-soiree-partage\/","url":"https:\/\/recrosses.eu\/fr\/evenement-fr\/cers-rodello-soiree-partage\/","name":"CERS Rodello: soir\u00e9e partage - Recrosses","isPartOf":{"@id":"https:\/\/recrosses.eu\/fr\/#website"},"primaryImageOfPage":{"@id":"https:\/\/recrosses.eu\/fr\/evenement-fr\/cers-rodello-soiree-partage\/#primaryimage"},"image":{"@id":"https:\/\/recrosses.eu\/fr\/evenement-fr\/cers-rodello-soiree-partage\/#primaryimage"},"thumbnailUrl":"https:\/\/recrosses.eu\/wp-content\/uploads\/2025\/02\/CERS-Cortemilia-sostenibilita.jpg","datePublished":"2025-02-21T11:12:50+00:00","dateModified":"2025-02-21T15:23:21+00:00","description":"Le projet Alcotra RECROSSES participera, avec son partenaire Envipark, \u00e0 la soir\u00e9e partage organis\u00e9e par la Comunit\u00e0 Energetica Rinnovabile \u2013 Solidale (CERS) Rodello qui aura lieu jeudi 27 f\u00e9vrier 2025 \u00e0 20h:30 dans le si\u00e8ge de l'Oratorio parrocchiale San Pantaleo Cortemilia.Les Paroisses de Cortemilia rejoignent le CER-Solidale qui propose une vision d'une communaut\u00e9 \u00e9nerg\u00e9tique visant \u00e0 soutenir un avenir inclusif et durable.","breadcrumb":{"@id":"https:\/\/recrosses.eu\/fr\/evenement-fr\/cers-rodello-soiree-partage\/#breadcrumb"},"inLanguage":"fr-FR","potentialAction":[{"@type":"ReadAction","target":["https:\/\/recrosses.eu\/fr\/evenement-fr\/cers-rodello-soiree-partage\/"]}]},{"@type":"ImageObject","inLanguage":"fr-FR","@id":"https:\/\/recrosses.eu\/fr\/evenement-fr\/cers-rodello-soiree-partage\/#primaryimage","url":"https:\/\/recrosses.eu\/wp-content\/uploads\/2025\/02\/CERS-Cortemilia-sostenibilita.jpg","contentUrl":"https:\/\/recrosses.eu\/wp-content\/uploads\/2025\/02\/CERS-Cortemilia-sostenibilita.jpg","width":1280,"height":800,"caption":"CERS Cortemilia sostenibilit\u00e0"},{"@type":"BreadcrumbList","@id":"https:\/\/recrosses.eu\/fr\/evenement-fr\/cers-rodello-soiree-partage\/#breadcrumb","itemListElement":[{"@type":"ListItem","position":1,"name":"Home","item":"https:\/\/recrosses.eu\/fr\/home\/"},{"@type":"ListItem","position":2,"name":"CERS Rodello: soir\u00e9e partage"}]},{"@type":"WebSite","@id":"https:\/\/recrosses.eu\/fr\/#website","url":"https:\/\/recrosses.eu\/fr\/","name":"Recrosses","description":"L&#039;energia che unisce - L&#039;\u00e9nergie qui unit","potentialAction":[{"@type":"SearchAction","target":{"@type":"EntryPoint","urlTemplate":"https:\/\/recrosses.eu\/fr\/?s={search_term_string}"},"query-input":{"@type":"PropertyValueSpecification","valueRequired":true,"valueName":"search_term_string"}}],"inLanguage":"fr-FR"}]}},"_links":{"self":[{"href":"https:\/\/recrosses.eu\/fr\/wp-json\/wp\/v2\/evento\/1132","targetHints":{"allow":["GET"]}}],"collection":[{"href":"https:\/\/recrosses.eu\/fr\/wp-json\/wp\/v2\/evento"}],"about":[{"href":"https:\/\/recrosses.eu\/fr\/wp-json\/wp\/v2\/types\/evento"}],"author":[{"embeddable":true,"href":"https:\/\/recrosses.eu\/fr\/wp-json\/wp\/v2\/users\/4"}],"version-history":[{"count":2,"href":"https:\/\/recrosses.eu\/fr\/wp-json\/wp\/v2\/evento\/1132\/revisions"}],"predecessor-version":[{"id":1138,"href":"https:\/\/recrosses.eu\/fr\/wp-json\/wp\/v2\/evento\/1132\/revisions\/1138"}],"wp:featuredmedia":[{"embeddable":true,"href":"https:\/\/recrosses.eu\/fr\/wp-json\/wp\/v2\/media\/1136"}],"wp:attachment":[{"href":"https:\/\/recrosses.eu\/fr\/wp-json\/wp\/v2\/media?parent=1132"}],"curies":[{"name":"wp","href":"https:\/\/api.w.org\/{rel}","templated":true}]}}