{"id":955,"date":"2024-10-16T13:36:08","date_gmt":"2024-10-16T12:36:08","guid":{"rendered":"https:\/\/recrosses.eu\/evento\/afterwork-usages-et-opportunites-du-photovoltaique\/"},"modified":"2024-10-16T14:05:52","modified_gmt":"2024-10-16T13:05:52","slug":"afterwork-usages-et-opportunites-du-photovoltaique","status":"publish","type":"evento","link":"https:\/\/recrosses.eu\/fr\/evenement-fr\/afterwork-usages-et-opportunites-du-photovoltaique\/","title":{"rendered":"Afterwork: usages et opportunit\u00e9s du photovolta\u00efque"},"content":{"rendered":"\n<p class=\"wp-block-paragraph\">Le 3 septembre 2024, la <a href=\"https:\/\/www.cote-azur.cci.fr\/\">CCI NCA<\/a> a organis\u00e9 dans les Alpes-Maritimes un Afterwork sur les usages et les opportunit\u00e9s du photovolta\u00efque dans le cadre des projets <a href=\"https:\/\/recrosses.eu\/fr\/\">RECROSSES<\/a> et SMART des programmations <a href=\"https:\/\/www.linkedin.com\/company\/interreg-france-italia-alcotra\/\">Interreg France-Italie ALCOTRA<\/a> et <a href=\"https:\/\/cinea.ec.europa.eu\/programmes\/life_en?prefLang=fr\">LIFE<\/a>. Au programme: retour d&rsquo;exp\u00e9riences sur le d\u00e9roul\u00e9 d&rsquo;un projet type d&rsquo;installation photovolta\u00efque, mise en lumi\u00e8re des diff\u00e9rents mod\u00e8les: vente totale, autoconsommation collective et des Communaut\u00e9s d&rsquo;\u00e9nergies renouvelables. <\/p>\n\n<p class=\"wp-block-paragraph\">L\u2019objectif de cet afterwork \u00e9tait de sensibiliser les entreprises de la commune de Saint Vallier de Thiey aux b\u00e9n\u00e9fices du photovolta\u00efque en entreprise, aux opportunit\u00e9s li\u00e9es \u00e0 chacun de ces mod\u00e8les et r\u00e9pondre aux questions des dirigeants durant un moment de convivialit\u00e9<\/p>\n\n<p class=\"wp-block-paragraph\"><\/p>\n","protected":false},"excerpt":{"rendered":"<p>Le 3 septembre 2024, la CCI NCA a organis\u00e9 dans les Alpes-Maritimes un Afterwork sur les usages et les opportunit\u00e9s du photovolta\u00efque dans le cadre des projets RECROSSES et SMART des programmations Interreg France-Italie ALCOTRA et LIFE. Au programme: retour d&rsquo;exp\u00e9riences sur le d\u00e9roul\u00e9 d&rsquo;un projet type d&rsquo;installation photovolta\u00efque, mise en lumi\u00e8re des diff\u00e9rents mod\u00e8les: [&hellip;]<\/p>\n","protected":false},"author":4,"featured_media":952,"template":"","format":"standard","meta":{"_acf_changed":false,"footnotes":""},"class_list":["post-955","evento","type-evento","status-publish","format-standard","has-post-thumbnail","hentry"],"acf":[],"yoast_head":"<!-- This site is optimized with the Yoast SEO plugin v28.3 - https:\/\/yoast.com\/product\/yoast-seo-wordpress\/ -->\n<title>Afterwork: usages et opportunit\u00e9s du photovolta\u00efque - Recrosses<\/title>\n<meta name=\"description\" content=\"Le 3 septembre 2024, la CCI NCA a organis\u00e9 dans les Alpes-Maritimes un Afterwork sur les usages et opportunit\u00e9s du photovolta\u00efque dans le cadre des projets RECROSSES et SMART des programmations Interreg France-Italie ALCOTRA et LIFE. Au programme: retour d\u2019exp\u00e9riences sur le d\u00e9roul\u00e9 d\u2019un projet type d\u2019installation photovolta\u00efque, mise en lumi\u00e8re des diff\u00e9rents mod\u00e8les: vente totale, autoconsommation individuelle, autoconsommation collective et des communaut\u00e9s d\u2019\u00e9nergie renouvelable.\" \/>\n<meta name=\"robots\" content=\"index, follow, max-snippet:-1, max-image-preview:large, max-video-preview:-1\" \/>\n<link rel=\"canonical\" href=\"https:\/\/recrosses.eu\/fr\/evenement-fr\/afterwork-usages-et-opportunites-du-photovoltaique\/\" \/>\n<meta property=\"og:locale\" content=\"fr_FR\" \/>\n<meta property=\"og:type\" content=\"article\" \/>\n<meta property=\"og:title\" content=\"Afterwork: usages et opportunit\u00e9s du photovolta\u00efque - Recrosses\" \/>\n<meta property=\"og:description\" content=\"Le 3 septembre 2024, la CCI NCA a organis\u00e9 dans les Alpes-Maritimes un Afterwork sur les usages et opportunit\u00e9s du photovolta\u00efque dans le cadre des projets RECROSSES et SMART des programmations Interreg France-Italie ALCOTRA et LIFE. Au programme: retour d\u2019exp\u00e9riences sur le d\u00e9roul\u00e9 d\u2019un projet type d\u2019installation photovolta\u00efque, mise en lumi\u00e8re des diff\u00e9rents mod\u00e8les: vente totale, autoconsommation individuelle, autoconsommation collective et des communaut\u00e9s d\u2019\u00e9nergie renouvelable.\" \/>\n<meta property=\"og:url\" content=\"https:\/\/recrosses.eu\/fr\/evenement-fr\/afterwork-usages-et-opportunites-du-photovoltaique\/\" \/>\n<meta property=\"og:site_name\" content=\"Recrosses\" \/>\n<meta property=\"article:modified_time\" content=\"2024-10-16T13:05:52+00:00\" \/>\n<meta property=\"og:image\" content=\"https:\/\/recrosses.eu\/wp-content\/uploads\/2024\/10\/Afterwork_web.jpg\" \/>\n\t<meta property=\"og:image:width\" content=\"1258\" \/>\n\t<meta property=\"og:image:height\" content=\"952\" \/>\n\t<meta property=\"og:image:type\" content=\"image\/jpeg\" \/>\n<meta name=\"twitter:card\" content=\"summary_large_image\" \/>\n<meta name=\"twitter:label1\" content=\"Dur\u00e9e de lecture estim\u00e9e\" \/>\n\t<meta name=\"twitter:data1\" content=\"1 minute\" \/>\n<script type=\"application\/ld+json\" class=\"yoast-schema-graph\">{\"@context\":\"https:\\\/\\\/schema.org\",\"@graph\":[{\"@type\":\"WebPage\",\"@id\":\"https:\\\/\\\/recrosses.eu\\\/fr\\\/evenement-fr\\\/afterwork-usages-et-opportunites-du-photovoltaique\\\/\",\"url\":\"https:\\\/\\\/recrosses.eu\\\/fr\\\/evenement-fr\\\/afterwork-usages-et-opportunites-du-photovoltaique\\\/\",\"name\":\"Afterwork: usages et opportunit\u00e9s du photovolta\u00efque - Recrosses\",\"isPartOf\":{\"@id\":\"https:\\\/\\\/recrosses.eu\\\/fr\\\/#website\"},\"primaryImageOfPage\":{\"@id\":\"https:\\\/\\\/recrosses.eu\\\/fr\\\/evenement-fr\\\/afterwork-usages-et-opportunites-du-photovoltaique\\\/#primaryimage\"},\"image\":{\"@id\":\"https:\\\/\\\/recrosses.eu\\\/fr\\\/evenement-fr\\\/afterwork-usages-et-opportunites-du-photovoltaique\\\/#primaryimage\"},\"thumbnailUrl\":\"https:\\\/\\\/recrosses.eu\\\/wp-content\\\/uploads\\\/2024\\\/10\\\/Afterwork_web.jpg\",\"datePublished\":\"2024-10-16T12:36:08+00:00\",\"dateModified\":\"2024-10-16T13:05:52+00:00\",\"description\":\"Le 3 septembre 2024, la CCI NCA a organis\u00e9 dans les Alpes-Maritimes un Afterwork sur les usages et opportunit\u00e9s du photovolta\u00efque dans le cadre des projets RECROSSES et SMART des programmations Interreg France-Italie ALCOTRA et LIFE. Au programme: retour d\u2019exp\u00e9riences sur le d\u00e9roul\u00e9 d\u2019un projet type d\u2019installation photovolta\u00efque, mise en lumi\u00e8re des diff\u00e9rents mod\u00e8les: vente totale, autoconsommation individuelle, autoconsommation collective et des communaut\u00e9s d\u2019\u00e9nergie renouvelable.\",\"breadcrumb\":{\"@id\":\"https:\\\/\\\/recrosses.eu\\\/fr\\\/evenement-fr\\\/afterwork-usages-et-opportunites-du-photovoltaique\\\/#breadcrumb\"},\"inLanguage\":\"fr-FR\",\"potentialAction\":[{\"@type\":\"ReadAction\",\"target\":[\"https:\\\/\\\/recrosses.eu\\\/fr\\\/evenement-fr\\\/afterwork-usages-et-opportunites-du-photovoltaique\\\/\"]}]},{\"@type\":\"ImageObject\",\"inLanguage\":\"fr-FR\",\"@id\":\"https:\\\/\\\/recrosses.eu\\\/fr\\\/evenement-fr\\\/afterwork-usages-et-opportunites-du-photovoltaique\\\/#primaryimage\",\"url\":\"https:\\\/\\\/recrosses.eu\\\/wp-content\\\/uploads\\\/2024\\\/10\\\/Afterwork_web.jpg\",\"contentUrl\":\"https:\\\/\\\/recrosses.eu\\\/wp-content\\\/uploads\\\/2024\\\/10\\\/Afterwork_web.jpg\",\"width\":1258,\"height\":952,\"caption\":\"Afterwork RECROSSES\"},{\"@type\":\"BreadcrumbList\",\"@id\":\"https:\\\/\\\/recrosses.eu\\\/fr\\\/evenement-fr\\\/afterwork-usages-et-opportunites-du-photovoltaique\\\/#breadcrumb\",\"itemListElement\":[{\"@type\":\"ListItem\",\"position\":1,\"name\":\"Home\",\"item\":\"https:\\\/\\\/recrosses.eu\\\/fr\\\/home\\\/\"},{\"@type\":\"ListItem\",\"position\":2,\"name\":\"Afterwork: usages et opportunit\u00e9s du photovolta\u00efque\"}]},{\"@type\":\"WebSite\",\"@id\":\"https:\\\/\\\/recrosses.eu\\\/fr\\\/#website\",\"url\":\"https:\\\/\\\/recrosses.eu\\\/fr\\\/\",\"name\":\"Recrosses\",\"description\":\"L&#039;energia che unisce - L&#039;\u00e9nergie qui unit\",\"potentialAction\":[{\"@type\":\"SearchAction\",\"target\":{\"@type\":\"EntryPoint\",\"urlTemplate\":\"https:\\\/\\\/recrosses.eu\\\/fr\\\/?s={search_term_string}\"},\"query-input\":{\"@type\":\"PropertyValueSpecification\",\"valueRequired\":true,\"valueName\":\"search_term_string\"}}],\"inLanguage\":\"fr-FR\"}]}<\/script>\n<!-- \/ Yoast SEO plugin. -->","yoast_head_json":{"title":"Afterwork: usages et opportunit\u00e9s du photovolta\u00efque - Recrosses","description":"Le 3 septembre 2024, la CCI NCA a organis\u00e9 dans les Alpes-Maritimes un Afterwork sur les usages et opportunit\u00e9s du photovolta\u00efque dans le cadre des projets RECROSSES et SMART des programmations Interreg France-Italie ALCOTRA et LIFE. Au programme: retour d\u2019exp\u00e9riences sur le d\u00e9roul\u00e9 d\u2019un projet type d\u2019installation photovolta\u00efque, mise en lumi\u00e8re des diff\u00e9rents mod\u00e8les: vente totale, autoconsommation individuelle, autoconsommation collective et des communaut\u00e9s d\u2019\u00e9nergie renouvelable.","robots":{"index":"index","follow":"follow","max-snippet":"max-snippet:-1","max-image-preview":"max-image-preview:large","max-video-preview":"max-video-preview:-1"},"canonical":"https:\/\/recrosses.eu\/fr\/evenement-fr\/afterwork-usages-et-opportunites-du-photovoltaique\/","og_locale":"fr_FR","og_type":"article","og_title":"Afterwork: usages et opportunit\u00e9s du photovolta\u00efque - Recrosses","og_description":"Le 3 septembre 2024, la CCI NCA a organis\u00e9 dans les Alpes-Maritimes un Afterwork sur les usages et opportunit\u00e9s du photovolta\u00efque dans le cadre des projets RECROSSES et SMART des programmations Interreg France-Italie ALCOTRA et LIFE. Au programme: retour d\u2019exp\u00e9riences sur le d\u00e9roul\u00e9 d\u2019un projet type d\u2019installation photovolta\u00efque, mise en lumi\u00e8re des diff\u00e9rents mod\u00e8les: vente totale, autoconsommation individuelle, autoconsommation collective et des communaut\u00e9s d\u2019\u00e9nergie renouvelable.","og_url":"https:\/\/recrosses.eu\/fr\/evenement-fr\/afterwork-usages-et-opportunites-du-photovoltaique\/","og_site_name":"Recrosses","article_modified_time":"2024-10-16T13:05:52+00:00","og_image":[{"width":1258,"height":952,"url":"https:\/\/recrosses.eu\/wp-content\/uploads\/2024\/10\/Afterwork_web.jpg","type":"image\/jpeg"}],"twitter_card":"summary_large_image","twitter_misc":{"Dur\u00e9e de lecture estim\u00e9e":"1 minute"},"schema":{"@context":"https:\/\/schema.org","@graph":[{"@type":"WebPage","@id":"https:\/\/recrosses.eu\/fr\/evenement-fr\/afterwork-usages-et-opportunites-du-photovoltaique\/","url":"https:\/\/recrosses.eu\/fr\/evenement-fr\/afterwork-usages-et-opportunites-du-photovoltaique\/","name":"Afterwork: usages et opportunit\u00e9s du photovolta\u00efque - Recrosses","isPartOf":{"@id":"https:\/\/recrosses.eu\/fr\/#website"},"primaryImageOfPage":{"@id":"https:\/\/recrosses.eu\/fr\/evenement-fr\/afterwork-usages-et-opportunites-du-photovoltaique\/#primaryimage"},"image":{"@id":"https:\/\/recrosses.eu\/fr\/evenement-fr\/afterwork-usages-et-opportunites-du-photovoltaique\/#primaryimage"},"thumbnailUrl":"https:\/\/recrosses.eu\/wp-content\/uploads\/2024\/10\/Afterwork_web.jpg","datePublished":"2024-10-16T12:36:08+00:00","dateModified":"2024-10-16T13:05:52+00:00","description":"Le 3 septembre 2024, la CCI NCA a organis\u00e9 dans les Alpes-Maritimes un Afterwork sur les usages et opportunit\u00e9s du photovolta\u00efque dans le cadre des projets RECROSSES et SMART des programmations Interreg France-Italie ALCOTRA et LIFE. Au programme: retour d\u2019exp\u00e9riences sur le d\u00e9roul\u00e9 d\u2019un projet type d\u2019installation photovolta\u00efque, mise en lumi\u00e8re des diff\u00e9rents mod\u00e8les: vente totale, autoconsommation individuelle, autoconsommation collective et des communaut\u00e9s d\u2019\u00e9nergie renouvelable.","breadcrumb":{"@id":"https:\/\/recrosses.eu\/fr\/evenement-fr\/afterwork-usages-et-opportunites-du-photovoltaique\/#breadcrumb"},"inLanguage":"fr-FR","potentialAction":[{"@type":"ReadAction","target":["https:\/\/recrosses.eu\/fr\/evenement-fr\/afterwork-usages-et-opportunites-du-photovoltaique\/"]}]},{"@type":"ImageObject","inLanguage":"fr-FR","@id":"https:\/\/recrosses.eu\/fr\/evenement-fr\/afterwork-usages-et-opportunites-du-photovoltaique\/#primaryimage","url":"https:\/\/recrosses.eu\/wp-content\/uploads\/2024\/10\/Afterwork_web.jpg","contentUrl":"https:\/\/recrosses.eu\/wp-content\/uploads\/2024\/10\/Afterwork_web.jpg","width":1258,"height":952,"caption":"Afterwork RECROSSES"},{"@type":"BreadcrumbList","@id":"https:\/\/recrosses.eu\/fr\/evenement-fr\/afterwork-usages-et-opportunites-du-photovoltaique\/#breadcrumb","itemListElement":[{"@type":"ListItem","position":1,"name":"Home","item":"https:\/\/recrosses.eu\/fr\/home\/"},{"@type":"ListItem","position":2,"name":"Afterwork: usages et opportunit\u00e9s du photovolta\u00efque"}]},{"@type":"WebSite","@id":"https:\/\/recrosses.eu\/fr\/#website","url":"https:\/\/recrosses.eu\/fr\/","name":"Recrosses","description":"L&#039;energia che unisce - L&#039;\u00e9nergie qui unit","potentialAction":[{"@type":"SearchAction","target":{"@type":"EntryPoint","urlTemplate":"https:\/\/recrosses.eu\/fr\/?s={search_term_string}"},"query-input":{"@type":"PropertyValueSpecification","valueRequired":true,"valueName":"search_term_string"}}],"inLanguage":"fr-FR"}]}},"_links":{"self":[{"href":"https:\/\/recrosses.eu\/fr\/wp-json\/wp\/v2\/evento\/955","targetHints":{"allow":["GET"]}}],"collection":[{"href":"https:\/\/recrosses.eu\/fr\/wp-json\/wp\/v2\/evento"}],"about":[{"href":"https:\/\/recrosses.eu\/fr\/wp-json\/wp\/v2\/types\/evento"}],"author":[{"embeddable":true,"href":"https:\/\/recrosses.eu\/fr\/wp-json\/wp\/v2\/users\/4"}],"version-history":[{"count":3,"href":"https:\/\/recrosses.eu\/fr\/wp-json\/wp\/v2\/evento\/955\/revisions"}],"predecessor-version":[{"id":958,"href":"https:\/\/recrosses.eu\/fr\/wp-json\/wp\/v2\/evento\/955\/revisions\/958"}],"wp:featuredmedia":[{"embeddable":true,"href":"https:\/\/recrosses.eu\/fr\/wp-json\/wp\/v2\/media\/952"}],"wp:attachment":[{"href":"https:\/\/recrosses.eu\/fr\/wp-json\/wp\/v2\/media?parent=955"}],"curies":[{"name":"wp","href":"https:\/\/api.w.org\/{rel}","templated":true}]}}