{"id":640,"date":"2024-05-06T15:00:28","date_gmt":"2024-05-06T14:00:28","guid":{"rendered":"https:\/\/recrosses.eu\/evenements\/"},"modified":"2024-07-18T13:23:10","modified_gmt":"2024-07-18T12:23:10","slug":"evenements","status":"publish","type":"page","link":"https:\/\/recrosses.eu\/fr\/evenements\/","title":{"rendered":"\u00c9v\u00e9nements"},"content":{"rendered":"\t\t<div data-elementor-type=\"wp-page\" data-elementor-id=\"640\" class=\"elementor elementor-640 elementor-522\" data-elementor-post-type=\"page\">\n\t\t\t\t<div class=\"elementor-element elementor-element-4cd98dbe e-flex e-con-boxed e-con e-parent\" data-id=\"4cd98dbe\" data-element_type=\"container\" data-e-type=\"container\" data-settings=\"{&quot;background_background&quot;:&quot;classic&quot;}\">\n\t\t\t\t\t<div class=\"e-con-inner\">\n\t\t<div class=\"elementor-element elementor-element-6d2d0796 e-flex e-con-boxed e-con e-child\" data-id=\"6d2d0796\" data-element_type=\"container\" data-e-type=\"container\">\n\t\t\t\t\t<div class=\"e-con-inner\">\n\t\t\t\t<div class=\"elementor-element elementor-element-1fea28eb elementor-invisible elementor-widget elementor-widget-heading\" data-id=\"1fea28eb\" data-element_type=\"widget\" data-e-type=\"widget\" data-settings=\"{&quot;_animation&quot;:&quot;fadeInUp&quot;}\" data-widget_type=\"heading.default\">\n\t\t\t\t<div class=\"elementor-widget-container\">\n\t\t\t\t\t<h2 class=\"elementor-heading-title elementor-size-default\">\u00c9v\u00e9nement de RECROSSES<\/h2>\t\t\t\t<\/div>\n\t\t\t\t<\/div>\n\t\t\t\t<div class=\"elementor-element elementor-element-dadb07a elementor-widget elementor-widget-elementskit-heading\" data-id=\"dadb07a\" data-element_type=\"widget\" data-e-type=\"widget\" data-widget_type=\"elementskit-heading.default\">\n\t\t\t\t<div class=\"elementor-widget-container\">\n\t\t\t\t\t<div class=\"ekit-wid-con\" ><div class=\"ekit-heading elementskit-section-title-wraper text_center   ekit_heading_tablet-   ekit_heading_mobile-\"><h2 class=\"ekit-heading--title elementskit-section-title text_fill\">Tous les \u00e9v\u00e8nements\n<\/h2><\/div><\/div>\t\t\t\t<\/div>\n\t\t\t\t<\/div>\n\t\t\t\t\t<\/div>\n\t\t\t\t<\/div>\n\t\t\t\t\t<\/div>\n\t\t\t\t<\/div>\n\t\t<div class=\"elementor-element elementor-element-20bc4886 e-flex e-con-boxed e-con e-parent\" data-id=\"20bc4886\" data-element_type=\"container\" data-e-type=\"container\" data-settings=\"{&quot;background_background&quot;:&quot;classic&quot;}\">\n\t\t\t\t\t<div class=\"e-con-inner\">\n\t\t<div class=\"elementor-element elementor-element-172d3e8d e-con-full e-flex e-con e-child\" data-id=\"172d3e8d\" data-element_type=\"container\" data-e-type=\"container\">\n\t\t\t\t<div class=\"elementor-element elementor-element-028721f elementor-grid-3 elementor-grid-tablet-2 elementor-grid-mobile-1 elementor-posts--thumbnail-top elementor-card-shadow-yes elementor-posts__hover-gradient elementor-widget elementor-widget-posts\" data-id=\"028721f\" data-element_type=\"widget\" data-e-type=\"widget\" data-settings=\"{&quot;pagination_type&quot;:&quot;numbers_and_prev_next&quot;,&quot;cards_columns&quot;:&quot;3&quot;,&quot;cards_columns_tablet&quot;:&quot;2&quot;,&quot;cards_columns_mobile&quot;:&quot;1&quot;,&quot;cards_row_gap&quot;:{&quot;unit&quot;:&quot;px&quot;,&quot;size&quot;:35,&quot;sizes&quot;:[]},&quot;cards_row_gap_tablet&quot;:{&quot;unit&quot;:&quot;px&quot;,&quot;size&quot;:&quot;&quot;,&quot;sizes&quot;:[]},&quot;cards_row_gap_mobile&quot;:{&quot;unit&quot;:&quot;px&quot;,&quot;size&quot;:&quot;&quot;,&quot;sizes&quot;:[]}}\" data-widget_type=\"posts.cards\">\n\t\t\t\t<div class=\"elementor-widget-container\">\n\t\t\t\t\t\t\t<div class=\"elementor-posts-container elementor-posts elementor-posts--skin-cards elementor-grid\" role=\"list\">\n\t\t\t\t<article class=\"elementor-post elementor-grid-item post-1201 evento type-evento status-publish format-standard has-post-thumbnail hentry\" role=\"listitem\">\n\t\t\t<div class=\"elementor-post__card\">\n\t\t\t\t<a class=\"elementor-post__thumbnail__link\" href=\"https:\/\/recrosses.eu\/fr\/evenement-fr\/evenement-recrosses-guichets-et-services-pour-soutenir-les-cer\/\" tabindex=\"-1\" target=\"_blank\"><div class=\"elementor-post__thumbnail\"><img fetchpriority=\"high\" decoding=\"async\" data-src=\"https:\/\/recrosses.eu\/wp-content\/uploads\/2025\/03\/Immagine-anteprima-1-300x300.jpg\" data-srcset=\"https:\/\/recrosses.eu\/wp-content\/uploads\/2025\/03\/Immagine-anteprima-1-300x300.jpg 300w, https:\/\/recrosses.eu\/wp-content\/uploads\/2025\/03\/Immagine-anteprima-1-1024x1024.jpg 1024w, https:\/\/recrosses.eu\/wp-content\/uploads\/2025\/03\/Immagine-anteprima-1-150x150.jpg 150w, https:\/\/recrosses.eu\/wp-content\/uploads\/2025\/03\/Immagine-anteprima-1-768x768.jpg 768w, https:\/\/recrosses.eu\/wp-content\/uploads\/2025\/03\/Immagine-anteprima-1-1536x1536.jpg 1536w, https:\/\/recrosses.eu\/wp-content\/uploads\/2025\/03\/Immagine-anteprima-1-2048x2048.jpg 2048w\" width=\"300\" height=\"300\" src=\"data:image\/gif;base64,R0lGODlhAQABAIAAAAAAAP\/\/\/yH5BAEAAAAALAAAAAABAAEAAAIBRAA7\" class=\"attachment-medium size-medium wp-image-1180 lazyload\" alt=\"Evento servizi One Stop Shop RECROSSES\"  sizes=\"(max-width: 300px) 100vw, 300px\" \/><noscript><img decoding=\"async\" width=\"300\" height=\"300\" src=\"https:\/\/recrosses.eu\/wp-content\/uploads\/2025\/03\/Immagine-anteprima-1-300x300.jpg\" class=\"attachment-medium size-medium wp-image-1180\" alt=\"Evento servizi One Stop Shop RECROSSES\" srcset=\"https:\/\/recrosses.eu\/wp-content\/uploads\/2025\/03\/Immagine-anteprima-1-300x300.jpg 300w, https:\/\/recrosses.eu\/wp-content\/uploads\/2025\/03\/Immagine-anteprima-1-1024x1024.jpg 1024w, https:\/\/recrosses.eu\/wp-content\/uploads\/2025\/03\/Immagine-anteprima-1-150x150.jpg 150w, https:\/\/recrosses.eu\/wp-content\/uploads\/2025\/03\/Immagine-anteprima-1-768x768.jpg 768w, https:\/\/recrosses.eu\/wp-content\/uploads\/2025\/03\/Immagine-anteprima-1-1536x1536.jpg 1536w, https:\/\/recrosses.eu\/wp-content\/uploads\/2025\/03\/Immagine-anteprima-1-2048x2048.jpg 2048w\" sizes=\"(max-width: 300px) 100vw, 300px\"><\/noscript><\/div><\/a>\n\t\t\t\t<div class=\"elementor-post__text\">\n\t\t\t\t<h3 class=\"elementor-post__title\">\n\t\t\t<a href=\"https:\/\/recrosses.eu\/fr\/evenement-fr\/evenement-recrosses-guichets-et-services-pour-soutenir-les-cer\/\" target=&quot;_blank&quot;>\n\t\t\t\t\u00c9V\u00c9NEMENT RECROSSES | Guichets et services pour soutenir les CER\t\t\t<\/a>\n\t\t<\/h3>\n\t\t\t\t<div class=\"elementor-post__excerpt\">\n\t\t\t<p>La R\u00e9gion Pi\u00e9mont et Envipark organisent, dans le cadre du Projet Interreg ALCOTRA RECROSSES, un \u00e9v\u00e9nement d\u00e9di\u00e9 aux Communaut\u00e9s d&rsquo;\u00c9nergies Renouvelables (CER) dans le but d&rsquo;illustrer les services offerts par le projet aux CER. La conf\u00e9rence, qui se tiendra mercredi<\/p>\n\t\t<\/div>\n\t\t\n\t\t<a class=\"elementor-post__read-more\" href=\"https:\/\/recrosses.eu\/fr\/evenement-fr\/evenement-recrosses-guichets-et-services-pour-soutenir-les-cer\/\" aria-label=\"En savoir plus sur \u00c9V\u00c9NEMENT RECROSSES | Guichets et services pour soutenir les CER\" tabindex=\"-1\" target=\"_blank\">\n\t\t\tlire la suite \u00bb\t\t<\/a>\n\n\t\t\t\t<\/div>\n\t\t\t\t\t<\/div>\n\t\t<\/article>\n\t\t\t\t<article class=\"elementor-post elementor-grid-item post-1173 evento type-evento status-publish format-standard has-post-thumbnail hentry\" role=\"listitem\">\n\t\t\t<div class=\"elementor-post__card\">\n\t\t\t\t<a class=\"elementor-post__thumbnail__link\" href=\"https:\/\/recrosses.eu\/fr\/evenement-fr\/alba-evenement-dinformation-recrosses-sur-les-cer\/\" tabindex=\"-1\" target=\"_blank\"><div class=\"elementor-post__thumbnail\"><img decoding=\"async\" data-src=\"https:\/\/recrosses.eu\/wp-content\/uploads\/2025\/03\/Evento-Alba-Info-CER-1-300x300.jpg\" data-srcset=\"https:\/\/recrosses.eu\/wp-content\/uploads\/2025\/03\/Evento-Alba-Info-CER-1-300x300.jpg 300w, https:\/\/recrosses.eu\/wp-content\/uploads\/2025\/03\/Evento-Alba-Info-CER-1-1024x1024.jpg 1024w, https:\/\/recrosses.eu\/wp-content\/uploads\/2025\/03\/Evento-Alba-Info-CER-1-150x150.jpg 150w, https:\/\/recrosses.eu\/wp-content\/uploads\/2025\/03\/Evento-Alba-Info-CER-1-768x768.jpg 768w, https:\/\/recrosses.eu\/wp-content\/uploads\/2025\/03\/Evento-Alba-Info-CER-1.jpg 1128w\" width=\"300\" height=\"300\" src=\"data:image\/gif;base64,R0lGODlhAQABAIAAAAAAAP\/\/\/yH5BAEAAAAALAAAAAABAAEAAAIBRAA7\" class=\"attachment-medium size-medium wp-image-1159 lazyload\" alt=\"Evento informativo RECROSSES CER Alba\"  sizes=\"(max-width: 300px) 100vw, 300px\" \/><noscript><img loading=\"lazy\" decoding=\"async\" width=\"300\" height=\"300\" src=\"https:\/\/recrosses.eu\/wp-content\/uploads\/2025\/03\/Evento-Alba-Info-CER-1-300x300.jpg\" class=\"attachment-medium size-medium wp-image-1159\" alt=\"Evento informativo RECROSSES CER Alba\" srcset=\"https:\/\/recrosses.eu\/wp-content\/uploads\/2025\/03\/Evento-Alba-Info-CER-1-300x300.jpg 300w, https:\/\/recrosses.eu\/wp-content\/uploads\/2025\/03\/Evento-Alba-Info-CER-1-1024x1024.jpg 1024w, https:\/\/recrosses.eu\/wp-content\/uploads\/2025\/03\/Evento-Alba-Info-CER-1-150x150.jpg 150w, https:\/\/recrosses.eu\/wp-content\/uploads\/2025\/03\/Evento-Alba-Info-CER-1-768x768.jpg 768w, https:\/\/recrosses.eu\/wp-content\/uploads\/2025\/03\/Evento-Alba-Info-CER-1.jpg 1128w\" sizes=\"(max-width: 300px) 100vw, 300px\"><\/noscript><\/div><\/a>\n\t\t\t\t<div class=\"elementor-post__text\">\n\t\t\t\t<h3 class=\"elementor-post__title\">\n\t\t\t<a href=\"https:\/\/recrosses.eu\/fr\/evenement-fr\/alba-evenement-dinformation-recrosses-sur-les-cer\/\" target=&quot;_blank&quot;>\n\t\t\t\tAlba | \u00c9v\u00e9nement d\u2019information RECROSSES sur les CER\t\t\t<\/a>\n\t\t<\/h3>\n\t\t\t\t<div class=\"elementor-post__excerpt\">\n\t\t\t<p>Dans le cadre du Projet Interreg ALCOTRA RECROSSES, la ville d&rsquo;Alba organise un \u00e9v\u00e9nement d&rsquo;information d\u00e9di\u00e9 aux Communaut\u00e9s d&rsquo;\u00c9nergies Renouvelables (CER) le 21 mars 2025 \u00e0 20h45 \u00e0 la Sala Riolfo (Via Vittorio Emanuele, 12051 Alba CN) dans le but<\/p>\n\t\t<\/div>\n\t\t\n\t\t<a class=\"elementor-post__read-more\" href=\"https:\/\/recrosses.eu\/fr\/evenement-fr\/alba-evenement-dinformation-recrosses-sur-les-cer\/\" aria-label=\"En savoir plus sur Alba | \u00c9v\u00e9nement d\u2019information RECROSSES sur les CER\" tabindex=\"-1\" target=\"_blank\">\n\t\t\tlire la suite \u00bb\t\t<\/a>\n\n\t\t\t\t<\/div>\n\t\t\t\t\t<\/div>\n\t\t<\/article>\n\t\t\t\t<article class=\"elementor-post elementor-grid-item post-1132 evento type-evento status-publish format-standard has-post-thumbnail hentry\" role=\"listitem\">\n\t\t\t<div class=\"elementor-post__card\">\n\t\t\t\t<a class=\"elementor-post__thumbnail__link\" href=\"https:\/\/recrosses.eu\/fr\/evenement-fr\/cers-rodello-soiree-partage\/\" tabindex=\"-1\" target=\"_blank\"><div class=\"elementor-post__thumbnail\"><img loading=\"lazy\" decoding=\"async\" data-src=\"https:\/\/recrosses.eu\/wp-content\/uploads\/2025\/02\/CERS-Cortemilia-sostenibilita-300x188.jpg\" data-srcset=\"https:\/\/recrosses.eu\/wp-content\/uploads\/2025\/02\/CERS-Cortemilia-sostenibilita-300x188.jpg 300w, https:\/\/recrosses.eu\/wp-content\/uploads\/2025\/02\/CERS-Cortemilia-sostenibilita-1024x640.jpg 1024w, https:\/\/recrosses.eu\/wp-content\/uploads\/2025\/02\/CERS-Cortemilia-sostenibilita-768x480.jpg 768w, https:\/\/recrosses.eu\/wp-content\/uploads\/2025\/02\/CERS-Cortemilia-sostenibilita.jpg 1280w\" width=\"300\" height=\"188\" src=\"data:image\/gif;base64,R0lGODlhAQABAIAAAAAAAP\/\/\/yH5BAEAAAAALAAAAAABAAEAAAIBRAA7\" class=\"attachment-medium size-medium wp-image-1136 lazyload\" alt=\"CERS Cortemilia sostenibilit\u00e0\"  sizes=\"(max-width: 300px) 100vw, 300px\" \/><noscript><img loading=\"lazy\" decoding=\"async\" width=\"300\" height=\"188\" src=\"https:\/\/recrosses.eu\/wp-content\/uploads\/2025\/02\/CERS-Cortemilia-sostenibilita-300x188.jpg\" class=\"attachment-medium size-medium wp-image-1136\" alt=\"CERS Cortemilia sostenibilit\u00e0\" srcset=\"https:\/\/recrosses.eu\/wp-content\/uploads\/2025\/02\/CERS-Cortemilia-sostenibilita-300x188.jpg 300w, https:\/\/recrosses.eu\/wp-content\/uploads\/2025\/02\/CERS-Cortemilia-sostenibilita-1024x640.jpg 1024w, https:\/\/recrosses.eu\/wp-content\/uploads\/2025\/02\/CERS-Cortemilia-sostenibilita-768x480.jpg 768w, https:\/\/recrosses.eu\/wp-content\/uploads\/2025\/02\/CERS-Cortemilia-sostenibilita.jpg 1280w\" sizes=\"(max-width: 300px) 100vw, 300px\"><\/noscript><\/div><\/a>\n\t\t\t\t<div class=\"elementor-post__text\">\n\t\t\t\t<h3 class=\"elementor-post__title\">\n\t\t\t<a href=\"https:\/\/recrosses.eu\/fr\/evenement-fr\/cers-rodello-soiree-partage\/\" target=&quot;_blank&quot;>\n\t\t\t\tCERS Rodello: soir\u00e9e partage\t\t\t<\/a>\n\t\t<\/h3>\n\t\t\t\t<div class=\"elementor-post__excerpt\">\n\t\t\t<p>Les Paroisses de Cortemilia invitent les citoyens \u00e0 une soir\u00e9e partage sur les th\u00e8mes de l&rsquo;\u00e9nergie renouvelable et de la durabilit\u00e9 en annon\u00e7ant leur adh\u00e9sion \u00e0 la \u00ab\u00a0Comunit\u00e0 Energetica CER \u2013 Solidale, fond\u00e9e \u00e0 Rodello avec le support de RECROSSES,<\/p>\n\t\t<\/div>\n\t\t\n\t\t<a class=\"elementor-post__read-more\" href=\"https:\/\/recrosses.eu\/fr\/evenement-fr\/cers-rodello-soiree-partage\/\" aria-label=\"En savoir plus sur CERS Rodello: soir\u00e9e partage\" tabindex=\"-1\" target=\"_blank\">\n\t\t\tlire la suite \u00bb\t\t<\/a>\n\n\t\t\t\t<\/div>\n\t\t\t\t\t<\/div>\n\t\t<\/article>\n\t\t\t\t<article class=\"elementor-post elementor-grid-item post-955 evento type-evento status-publish format-standard has-post-thumbnail hentry\" role=\"listitem\">\n\t\t\t<div class=\"elementor-post__card\">\n\t\t\t\t<a class=\"elementor-post__thumbnail__link\" href=\"https:\/\/recrosses.eu\/fr\/evenement-fr\/afterwork-usages-et-opportunites-du-photovoltaique\/\" tabindex=\"-1\" target=\"_blank\"><div class=\"elementor-post__thumbnail\"><img loading=\"lazy\" decoding=\"async\" data-src=\"https:\/\/recrosses.eu\/wp-content\/uploads\/2024\/10\/Afterwork_web-300x227.jpg\" data-srcset=\"https:\/\/recrosses.eu\/wp-content\/uploads\/2024\/10\/Afterwork_web-300x227.jpg 300w, https:\/\/recrosses.eu\/wp-content\/uploads\/2024\/10\/Afterwork_web-1024x775.jpg 1024w, https:\/\/recrosses.eu\/wp-content\/uploads\/2024\/10\/Afterwork_web-768x581.jpg 768w, https:\/\/recrosses.eu\/wp-content\/uploads\/2024\/10\/Afterwork_web.jpg 1258w\" width=\"300\" height=\"227\" src=\"data:image\/gif;base64,R0lGODlhAQABAIAAAAAAAP\/\/\/yH5BAEAAAAALAAAAAABAAEAAAIBRAA7\" class=\"attachment-medium size-medium wp-image-952 lazyload\" alt=\"Afterwork RECROSSES\"  sizes=\"(max-width: 300px) 100vw, 300px\" \/><noscript><img loading=\"lazy\" decoding=\"async\" width=\"300\" height=\"227\" src=\"https:\/\/recrosses.eu\/wp-content\/uploads\/2024\/10\/Afterwork_web-300x227.jpg\" class=\"attachment-medium size-medium wp-image-952\" alt=\"Afterwork RECROSSES\" srcset=\"https:\/\/recrosses.eu\/wp-content\/uploads\/2024\/10\/Afterwork_web-300x227.jpg 300w, https:\/\/recrosses.eu\/wp-content\/uploads\/2024\/10\/Afterwork_web-1024x775.jpg 1024w, https:\/\/recrosses.eu\/wp-content\/uploads\/2024\/10\/Afterwork_web-768x581.jpg 768w, https:\/\/recrosses.eu\/wp-content\/uploads\/2024\/10\/Afterwork_web.jpg 1258w\" sizes=\"(max-width: 300px) 100vw, 300px\"><\/noscript><\/div><\/a>\n\t\t\t\t<div class=\"elementor-post__text\">\n\t\t\t\t<h3 class=\"elementor-post__title\">\n\t\t\t<a href=\"https:\/\/recrosses.eu\/fr\/evenement-fr\/afterwork-usages-et-opportunites-du-photovoltaique\/\" target=&quot;_blank&quot;>\n\t\t\t\tAfterwork: usages et opportunit\u00e9s du photovolta\u00efque\t\t\t<\/a>\n\t\t<\/h3>\n\t\t\t\t<div class=\"elementor-post__excerpt\">\n\t\t\t<p>Le 3 septembre 2024, la CCI NCA a organis\u00e9 dans les Alpes-Maritimes un Afterwork sur les usages et les opportunit\u00e9s du photovolta\u00efque dans le cadre des projets RECROSSES et SMART des programmations Interreg France-Italie ALCOTRA et LIFE. Au programme: retour<\/p>\n\t\t<\/div>\n\t\t\n\t\t<a class=\"elementor-post__read-more\" href=\"https:\/\/recrosses.eu\/fr\/evenement-fr\/afterwork-usages-et-opportunites-du-photovoltaique\/\" aria-label=\"En savoir plus sur Afterwork: usages et opportunit\u00e9s du photovolta\u00efque\" tabindex=\"-1\" target=\"_blank\">\n\t\t\tlire la suite \u00bb\t\t<\/a>\n\n\t\t\t\t<\/div>\n\t\t\t\t\t<\/div>\n\t\t<\/article>\n\t\t\t\t<article class=\"elementor-post elementor-grid-item post-892 evento type-evento status-publish format-standard has-post-thumbnail hentry\" role=\"listitem\">\n\t\t\t<div class=\"elementor-post__card\">\n\t\t\t\t<a class=\"elementor-post__thumbnail__link\" href=\"https:\/\/recrosses.eu\/fr\/evenement-fr\/communautes-denergies-renouvelables-cer-une-opportunite-pour-le-territoire\/\" tabindex=\"-1\" target=\"_blank\"><div class=\"elementor-post__thumbnail\"><img loading=\"lazy\" decoding=\"async\" data-src=\"https:\/\/recrosses.eu\/wp-content\/uploads\/2024\/10\/Evento-comunita-energetiche-informazione-Candiolo-CER-300x300.jpg\" data-srcset=\"https:\/\/recrosses.eu\/wp-content\/uploads\/2024\/10\/Evento-comunita-energetiche-informazione-Candiolo-CER-300x300.jpg 300w, https:\/\/recrosses.eu\/wp-content\/uploads\/2024\/10\/Evento-comunita-energetiche-informazione-Candiolo-CER-1024x1024.jpg 1024w, https:\/\/recrosses.eu\/wp-content\/uploads\/2024\/10\/Evento-comunita-energetiche-informazione-Candiolo-CER-150x150.jpg 150w, https:\/\/recrosses.eu\/wp-content\/uploads\/2024\/10\/Evento-comunita-energetiche-informazione-Candiolo-CER-768x768.jpg 768w, https:\/\/recrosses.eu\/wp-content\/uploads\/2024\/10\/Evento-comunita-energetiche-informazione-Candiolo-CER.jpg 1489w\" width=\"300\" height=\"300\" src=\"data:image\/gif;base64,R0lGODlhAQABAIAAAAAAAP\/\/\/yH5BAEAAAAALAAAAAABAAEAAAIBRAA7\" class=\"attachment-medium size-medium wp-image-835 lazyload\" alt=\"Evento-comunita-energetiche-informazione-Candiolo\"  sizes=\"(max-width: 300px) 100vw, 300px\" \/><noscript><img loading=\"lazy\" decoding=\"async\" width=\"300\" height=\"300\" src=\"https:\/\/recrosses.eu\/wp-content\/uploads\/2024\/10\/Evento-comunita-energetiche-informazione-Candiolo-CER-300x300.jpg\" class=\"attachment-medium size-medium wp-image-835\" alt=\"Evento-comunita-energetiche-informazione-Candiolo\" srcset=\"https:\/\/recrosses.eu\/wp-content\/uploads\/2024\/10\/Evento-comunita-energetiche-informazione-Candiolo-CER-300x300.jpg 300w, https:\/\/recrosses.eu\/wp-content\/uploads\/2024\/10\/Evento-comunita-energetiche-informazione-Candiolo-CER-1024x1024.jpg 1024w, https:\/\/recrosses.eu\/wp-content\/uploads\/2024\/10\/Evento-comunita-energetiche-informazione-Candiolo-CER-150x150.jpg 150w, https:\/\/recrosses.eu\/wp-content\/uploads\/2024\/10\/Evento-comunita-energetiche-informazione-Candiolo-CER-768x768.jpg 768w, https:\/\/recrosses.eu\/wp-content\/uploads\/2024\/10\/Evento-comunita-energetiche-informazione-Candiolo-CER.jpg 1489w\" sizes=\"(max-width: 300px) 100vw, 300px\"><\/noscript><\/div><\/a>\n\t\t\t\t<div class=\"elementor-post__text\">\n\t\t\t\t<h3 class=\"elementor-post__title\">\n\t\t\t<a href=\"https:\/\/recrosses.eu\/fr\/evenement-fr\/communautes-denergies-renouvelables-cer-une-opportunite-pour-le-territoire\/\" target=&quot;_blank&quot;>\n\t\t\t\tCommunaut\u00e9s d&rsquo;Energies Renouvelables (CER): une opportunit\u00e9 pour le territoire\t\t\t<\/a>\n\t\t<\/h3>\n\t\t\t\t<div class=\"elementor-post__excerpt\">\n\t\t\t<p>Jeudi 10 ottobre la Municipalit\u00e9 de Candiolo, en collaboration avec RECROSSES, organise une journ\u00e9e d&rsquo;information sur les Communaut\u00e9s d&rsquo;Energies Renouvelables organis\u00e9 par la municipalit\u00e9 de Candiolo, une occasion pour les citoyens, les PME et les autorit\u00e9s locales d&rsquo;approfondir le sujet<\/p>\n\t\t<\/div>\n\t\t\n\t\t<a class=\"elementor-post__read-more\" href=\"https:\/\/recrosses.eu\/fr\/evenement-fr\/communautes-denergies-renouvelables-cer-une-opportunite-pour-le-territoire\/\" aria-label=\"En savoir plus sur Communaut\u00e9s d&rsquo;Energies Renouvelables (CER): une opportunit\u00e9 pour le territoire\" tabindex=\"-1\" target=\"_blank\">\n\t\t\tlire la suite \u00bb\t\t<\/a>\n\n\t\t\t\t<\/div>\n\t\t\t\t\t<\/div>\n\t\t<\/article>\n\t\t\t\t<article class=\"elementor-post elementor-grid-item post-894 evento type-evento status-publish format-standard has-post-thumbnail hentry\" role=\"listitem\">\n\t\t\t<div class=\"elementor-post__card\">\n\t\t\t\t<a class=\"elementor-post__thumbnail__link\" href=\"https:\/\/recrosses.eu\/fr\/evenement-fr\/les-pme-piemontaises-relevent-le-defi-des-communautes-denergies-renouvelables\/\" tabindex=\"-1\" target=\"_blank\"><div class=\"elementor-post__thumbnail\"><img loading=\"lazy\" decoding=\"async\" data-src=\"https:\/\/recrosses.eu\/wp-content\/uploads\/2024\/10\/RECROSSES-CER-eventi_web-300x169.jpg\" data-srcset=\"https:\/\/recrosses.eu\/wp-content\/uploads\/2024\/10\/RECROSSES-CER-eventi_web-300x169.jpg 300w, https:\/\/recrosses.eu\/wp-content\/uploads\/2024\/10\/RECROSSES-CER-eventi_web-1024x576.jpg 1024w, https:\/\/recrosses.eu\/wp-content\/uploads\/2024\/10\/RECROSSES-CER-eventi_web-768x432.jpg 768w, https:\/\/recrosses.eu\/wp-content\/uploads\/2024\/10\/RECROSSES-CER-eventi_web-1536x864.jpg 1536w, https:\/\/recrosses.eu\/wp-content\/uploads\/2024\/10\/RECROSSES-CER-eventi_web-2048x1152.jpg 2048w\" width=\"300\" height=\"169\" src=\"data:image\/gif;base64,R0lGODlhAQABAIAAAAAAAP\/\/\/yH5BAEAAAAALAAAAAABAAEAAAIBRAA7\" class=\"attachment-medium size-medium wp-image-798 lazyload\" alt=\"\"  sizes=\"(max-width: 300px) 100vw, 300px\" \/><noscript><img loading=\"lazy\" decoding=\"async\" width=\"300\" height=\"169\" src=\"https:\/\/recrosses.eu\/wp-content\/uploads\/2024\/10\/RECROSSES-CER-eventi_web-300x169.jpg\" class=\"attachment-medium size-medium wp-image-798\" alt=\"\" srcset=\"https:\/\/recrosses.eu\/wp-content\/uploads\/2024\/10\/RECROSSES-CER-eventi_web-300x169.jpg 300w, https:\/\/recrosses.eu\/wp-content\/uploads\/2024\/10\/RECROSSES-CER-eventi_web-1024x576.jpg 1024w, https:\/\/recrosses.eu\/wp-content\/uploads\/2024\/10\/RECROSSES-CER-eventi_web-768x432.jpg 768w, https:\/\/recrosses.eu\/wp-content\/uploads\/2024\/10\/RECROSSES-CER-eventi_web-1536x864.jpg 1536w, https:\/\/recrosses.eu\/wp-content\/uploads\/2024\/10\/RECROSSES-CER-eventi_web-2048x1152.jpg 2048w\" sizes=\"(max-width: 300px) 100vw, 300px\"><\/noscript><\/div><\/a>\n\t\t\t\t<div class=\"elementor-post__text\">\n\t\t\t\t<h3 class=\"elementor-post__title\">\n\t\t\t<a href=\"https:\/\/recrosses.eu\/fr\/evenement-fr\/les-pme-piemontaises-relevent-le-defi-des-communautes-denergies-renouvelables\/\" target=&quot;_blank&quot;>\n\t\t\t\tLes PME pi\u00e9montaises rel\u00e8vent le d\u00e9fi des Communaut\u00e9s d&rsquo;Energies Renouvelables\t\t\t<\/a>\n\t\t<\/h3>\n\t\t\t\t<div class=\"elementor-post__excerpt\">\n\t\t\t<p>Le 16 octobre RECROSSES participe all&rsquo;Infodesk \u00ab\u00a0Les PME pi\u00e9montaises rel\u00e8vent le d\u00e9fi des Communaut\u00e9s d&rsquo;Energies Renouvelables\u00a0\u00bb organis\u00e9 par Unioncamere Piemonte en collaboration avec Regione Piemonte et avec la participation en tant que partenaires techniques de la Fondazione Piemonte Innova et<\/p>\n\t\t<\/div>\n\t\t\n\t\t<a class=\"elementor-post__read-more\" href=\"https:\/\/recrosses.eu\/fr\/evenement-fr\/les-pme-piemontaises-relevent-le-defi-des-communautes-denergies-renouvelables\/\" aria-label=\"En savoir plus sur Les PME pi\u00e9montaises rel\u00e8vent le d\u00e9fi des Communaut\u00e9s d&rsquo;Energies Renouvelables\" tabindex=\"-1\" target=\"_blank\">\n\t\t\tlire la suite \u00bb\t\t<\/a>\n\n\t\t\t\t<\/div>\n\t\t\t\t\t<\/div>\n\t\t<\/article>\n\t\t\t\t<\/div>\n\t\t\n\t\t\t\t\t\t<\/div>\n\t\t\t\t<\/div>\n\t\t\t\t<\/div>\n\t\t\t\t\t<\/div>\n\t\t\t\t<\/div>\n\t\t\t\t<\/div>\n\t\t","protected":false},"excerpt":{"rendered":"<p>\u00c9v\u00e9nement de RECROSSES Tous les \u00e9v\u00e8nements<\/p>\n","protected":false},"author":1,"featured_media":0,"parent":0,"menu_order":0,"comment_status":"closed","ping_status":"closed","template":"","meta":{"_acf_changed":false,"footnotes":""},"class_list":["post-640","page","type-page","status-publish","hentry"],"acf":[],"yoast_head":"<!-- This site is optimized with the Yoast SEO plugin v28.3 - https:\/\/yoast.com\/product\/yoast-seo-wordpress\/ -->\n<title>\u00c9v\u00e9nements - Recrosses<\/title>\n<meta name=\"robots\" content=\"index, follow, max-snippet:-1, max-image-preview:large, max-video-preview:-1\" \/>\n<link rel=\"canonical\" href=\"https:\/\/recrosses.eu\/fr\/evenements\/\" \/>\n<meta property=\"og:locale\" content=\"fr_FR\" \/>\n<meta property=\"og:type\" content=\"article\" \/>\n<meta property=\"og:title\" content=\"\u00c9v\u00e9nements - Recrosses\" \/>\n<meta property=\"og:description\" content=\"\u00c9v\u00e9nement de RECROSSES Tous les \u00e9v\u00e8nements\" \/>\n<meta property=\"og:url\" content=\"https:\/\/recrosses.eu\/fr\/evenements\/\" \/>\n<meta property=\"og:site_name\" content=\"Recrosses\" \/>\n<meta property=\"article:modified_time\" content=\"2024-07-18T12:23:10+00:00\" \/>\n<meta name=\"twitter:card\" content=\"summary_large_image\" \/>\n<script type=\"application\/ld+json\" class=\"yoast-schema-graph\">{\"@context\":\"https:\\\/\\\/schema.org\",\"@graph\":[{\"@type\":\"WebPage\",\"@id\":\"https:\\\/\\\/recrosses.eu\\\/fr\\\/evenements\\\/\",\"url\":\"https:\\\/\\\/recrosses.eu\\\/fr\\\/evenements\\\/\",\"name\":\"\u00c9v\u00e9nements - Recrosses\",\"isPartOf\":{\"@id\":\"https:\\\/\\\/recrosses.eu\\\/fr\\\/#website\"},\"datePublished\":\"2024-05-06T14:00:28+00:00\",\"dateModified\":\"2024-07-18T12:23:10+00:00\",\"breadcrumb\":{\"@id\":\"https:\\\/\\\/recrosses.eu\\\/fr\\\/evenements\\\/#breadcrumb\"},\"inLanguage\":\"fr-FR\",\"potentialAction\":[{\"@type\":\"ReadAction\",\"target\":[\"https:\\\/\\\/recrosses.eu\\\/fr\\\/evenements\\\/\"]}]},{\"@type\":\"BreadcrumbList\",\"@id\":\"https:\\\/\\\/recrosses.eu\\\/fr\\\/evenements\\\/#breadcrumb\",\"itemListElement\":[{\"@type\":\"ListItem\",\"position\":1,\"name\":\"Home\",\"item\":\"https:\\\/\\\/recrosses.eu\\\/fr\\\/home\\\/\"},{\"@type\":\"ListItem\",\"position\":2,\"name\":\"\u00c9v\u00e9nements\"}]},{\"@type\":\"WebSite\",\"@id\":\"https:\\\/\\\/recrosses.eu\\\/fr\\\/#website\",\"url\":\"https:\\\/\\\/recrosses.eu\\\/fr\\\/\",\"name\":\"Recrosses\",\"description\":\"L&#039;energia che unisce - L&#039;\u00e9nergie qui unit\",\"potentialAction\":[{\"@type\":\"SearchAction\",\"target\":{\"@type\":\"EntryPoint\",\"urlTemplate\":\"https:\\\/\\\/recrosses.eu\\\/fr\\\/?s={search_term_string}\"},\"query-input\":{\"@type\":\"PropertyValueSpecification\",\"valueRequired\":true,\"valueName\":\"search_term_string\"}}],\"inLanguage\":\"fr-FR\"}]}<\/script>\n<!-- \/ Yoast SEO plugin. -->","yoast_head_json":{"title":"\u00c9v\u00e9nements - Recrosses","robots":{"index":"index","follow":"follow","max-snippet":"max-snippet:-1","max-image-preview":"max-image-preview:large","max-video-preview":"max-video-preview:-1"},"canonical":"https:\/\/recrosses.eu\/fr\/evenements\/","og_locale":"fr_FR","og_type":"article","og_title":"\u00c9v\u00e9nements - Recrosses","og_description":"\u00c9v\u00e9nement de RECROSSES Tous les \u00e9v\u00e8nements","og_url":"https:\/\/recrosses.eu\/fr\/evenements\/","og_site_name":"Recrosses","article_modified_time":"2024-07-18T12:23:10+00:00","twitter_card":"summary_large_image","schema":{"@context":"https:\/\/schema.org","@graph":[{"@type":"WebPage","@id":"https:\/\/recrosses.eu\/fr\/evenements\/","url":"https:\/\/recrosses.eu\/fr\/evenements\/","name":"\u00c9v\u00e9nements - Recrosses","isPartOf":{"@id":"https:\/\/recrosses.eu\/fr\/#website"},"datePublished":"2024-05-06T14:00:28+00:00","dateModified":"2024-07-18T12:23:10+00:00","breadcrumb":{"@id":"https:\/\/recrosses.eu\/fr\/evenements\/#breadcrumb"},"inLanguage":"fr-FR","potentialAction":[{"@type":"ReadAction","target":["https:\/\/recrosses.eu\/fr\/evenements\/"]}]},{"@type":"BreadcrumbList","@id":"https:\/\/recrosses.eu\/fr\/evenements\/#breadcrumb","itemListElement":[{"@type":"ListItem","position":1,"name":"Home","item":"https:\/\/recrosses.eu\/fr\/home\/"},{"@type":"ListItem","position":2,"name":"\u00c9v\u00e9nements"}]},{"@type":"WebSite","@id":"https:\/\/recrosses.eu\/fr\/#website","url":"https:\/\/recrosses.eu\/fr\/","name":"Recrosses","description":"L&#039;energia che unisce - L&#039;\u00e9nergie qui unit","potentialAction":[{"@type":"SearchAction","target":{"@type":"EntryPoint","urlTemplate":"https:\/\/recrosses.eu\/fr\/?s={search_term_string}"},"query-input":{"@type":"PropertyValueSpecification","valueRequired":true,"valueName":"search_term_string"}}],"inLanguage":"fr-FR"}]}},"_links":{"self":[{"href":"https:\/\/recrosses.eu\/fr\/wp-json\/wp\/v2\/pages\/640","targetHints":{"allow":["GET"]}}],"collection":[{"href":"https:\/\/recrosses.eu\/fr\/wp-json\/wp\/v2\/pages"}],"about":[{"href":"https:\/\/recrosses.eu\/fr\/wp-json\/wp\/v2\/types\/page"}],"author":[{"embeddable":true,"href":"https:\/\/recrosses.eu\/fr\/wp-json\/wp\/v2\/users\/1"}],"replies":[{"embeddable":true,"href":"https:\/\/recrosses.eu\/fr\/wp-json\/wp\/v2\/comments?post=640"}],"version-history":[{"count":4,"href":"https:\/\/recrosses.eu\/fr\/wp-json\/wp\/v2\/pages\/640\/revisions"}],"predecessor-version":[{"id":744,"href":"https:\/\/recrosses.eu\/fr\/wp-json\/wp\/v2\/pages\/640\/revisions\/744"}],"wp:attachment":[{"href":"https:\/\/recrosses.eu\/fr\/wp-json\/wp\/v2\/media?parent=640"}],"curies":[{"name":"wp","href":"https:\/\/api.w.org\/{rel}","templated":true}]}}